{"id":8065,"date":"2019-03-13T19:25:34","date_gmt":"2019-03-13T18:25:34","guid":{"rendered":"https:\/\/www.cgjung.net\/espace\/?page_id=8065"},"modified":"2024-02-11T09:02:32","modified_gmt":"2024-02-11T08:02:32","slug":"se-desintoxiquer","status":"publish","type":"page","link":"https:\/\/www.cgjung.net\/espace\/ariaga-ecrits-jung\/oeuvre-nature-individuation\/se-desintoxiquer\/","title":{"rendered":"Se d\u00e9sintoxiquer de ce qui rend sourd \u00e0 la voix de l\u2019inconscient"},"content":{"rendered":"<h2>Les grandes illusions<\/h2>\n<p style=\"text-align: justify;\">Il nous est apparu que la soci\u00e9t\u00e9 humaine que l&rsquo;on dit \u00e9volu\u00e9e a \u00e9difi\u00e9 les avanc\u00e9es de la civilisation, et l\u2019am\u00e9lioration du bien-\u00eatre de l\u2019homme suppos\u00e9e en r\u00e9sulter, sur des illusions :<\/p>\n<p style=\"text-align: justify;\">&nbsp; <strong> \u2022<\/strong> Illusion que l\u2019on pouvait marcher sans jambes et sans pieds en <strong>se s\u00e9parant de la Nature<\/strong>.<\/p>\n<p style=\"text-align: justify;\"><strong>&nbsp; \u2022<\/strong> Illusion d\u00e9rivant de l\u2019id\u00e9e que<strong> le progr\u00e8s est \u00e0 l\u2019ext\u00e9rieur<\/strong>, d\u2019o\u00f9 une perte de contact avec la source cr\u00e9atrice, quel que soit le nom qu\u2019on lui donne, qui cherche \u00e0 s\u2019exprimer \u00e0 l\u2019int\u00e9rieur.<\/p>\n<p style=\"text-align: justify;\"><strong>&nbsp; \u2022<\/strong> Illusion sur<strong> la supr\u00e9matie d\u2019un Moi,<\/strong> qui rejette ou supprime ce qui ne lui ressemble pas, entra\u00eenant une terrible perte de sa relation \u00e0 tout ce qui pourrait augmenter l\u2019espace qu\u2019il occupe au sein de la totalit\u00e9 de la psych\u00e9.<\/p>\n<p><img loading=\"lazy\" decoding=\"async\" class=\"size-full wp-image-8530 aligncenter\" src=\"https:\/\/www.cgjung.net\/espace\/wp-content\/uploads\/2019\/03\/desintoxication.jpg\" alt=\"\" width=\"457\" height=\"655\" srcset=\"https:\/\/www.cgjung.net\/espace\/wp-content\/uploads\/2019\/03\/desintoxication.jpg 457w, https:\/\/www.cgjung.net\/espace\/wp-content\/uploads\/2019\/03\/desintoxication-209x300.jpg 209w\" sizes=\"auto, (max-width: 457px) 100vw, 457px\" \/><\/p>\n<h2>Que faire ?<\/h2>\n<p style=\"text-align: justify;\">Montrer les erreurs est indicatif mais n&rsquo;est pas constructif.<\/p>\n<p style=\"text-align: justify;\">Nos propositions devaient s&rsquo;\u00e9difier sur un socle solide :<strong> l&rsquo;outillage conceptuel de C.G. Jung.<\/strong><\/p>\n<p style=\"text-align: justify;\">L&rsquo;inspiration permanente de tous nos \u00e9crits d\u00e9coule de<strong> la relation singuli\u00e8re que Jung entretenait avec l\u2019Autre<\/strong>, que cet autre soit en lui ou hors de lui.<\/p>\n<p style=\"text-align: justify;\">Sur le plan de la vie ici et maintenant, nous avons pens\u00e9 que la pens\u00e9e jungienne \u00e9tait susceptible d\u2019<strong>apporter une aide<\/strong> \u00e0 celui qui, pouss\u00e9 par une grande d\u00e9tresse, d\u00e9cide, dans un moment de lucidit\u00e9, d\u2018entreprendre un voyage vers l\u2019alt\u00e9rit\u00e9 envahissante et indestructible la plus proche et la plus angoissante : l\u2019inconscient.<\/p>\n<p style=\"text-align: justify;\">Le d\u00e9sir l\u00e9gitime de l\u2019homme est de <strong>prot\u00e9ger un Moi<\/strong> dont le degr\u00e9 de conscience constitue sa sp\u00e9cificit\u00e9 d\u2019humain. C\u2019est la raison pour laquelle il tente, de toutes ses forces, de d\u00e9tourner de ce Moi si pr\u00e9cieux le flux abondant qui circule entre la profondeur et la surface, c\u2019est-\u00e0-dire <strong>entre l\u2019inconscient et le conscient<\/strong>.<\/p>\n<p style=\"text-align: justify;\"><strong>L&rsquo;interflux conscient \/ inconscient ne peut jamais \u00eatre interrompu<\/strong>, puisqu\u2019il participe de la totalit\u00e9 psychique. Il va se manifester par des angoisses, des violences, des d\u00e9go\u00fbts de vivre, des projections qui, en vertu du processus du <em>Bouc \u00e9missaire<\/em>, seront imput\u00e9s aux Autres consid\u00e9r\u00e9s comme responsables de ce mal \u00eatre.<\/p>\n<h2>Prot\u00e9ger et augmenter le degr\u00e9 de conscience<\/h2>\n<p style=\"text-align: justify;\">Heureusement, le flux des productions de l\u2019inconscient peut s\u2019\u00e9pancher et \u00eatre canalis\u00e9 dans le cours des r\u00eaves. S\u2019ouvre alors une voie vers la possibilit\u00e9, en respectant certaines r\u00e8gles, non seulement de ne pas diminuer ou mettre en danger le degr\u00e9 de conscience de l\u2019homme, mais m\u00eame de l\u2019augmenter.<\/p>\n<p style=\"text-align: justify;\">Jung croyait \u00e0 cette possibilit\u00e9 d&rsquo;un enseignement de l&rsquo;inconscient, en particulier dans les s\u00e9ries de r\u00eaves. C&rsquo;est pourquoi il en pr\u00e9sente une qu&rsquo;il \u00e9tudie longuement dans son ouvrage <em>Psychologie et alchimie<\/em>. Nous avons appel\u00e9 ce travail&nbsp;<a href=\"https:\/\/www.cgjung.net\/espace\/ariaga-ecrits-jung\/serie-du-reveur\/\"><strong>la s\u00e9rie du R\u00eaveur<\/strong><\/a>.<\/p>\n<p style=\"text-align: justify;\">Nous avons pr\u00e9sent\u00e9 une autre s\u00e9rie, plus contemporaine : <a href=\"https:\/\/www.cgjung.net\/espace\/ariaga-ecrits-jung\/serie-reveuse\/\"><strong>la s\u00e9rie de la R\u00eaveuse<\/strong><\/a>.&nbsp; Nous avons tent\u00e9 de montrer, par l\u2019interm\u00e9diaire de cette s\u00e9rie, <strong>une exp\u00e9rience<\/strong> <strong>humaine de dialogue avec l\u2019inconscient<\/strong>. Nous pensons que cette d\u00e9marche peut informer chacun, <strong>en dehors de toute pratique analytique<\/strong>, au sujet de sa relation avec un fonds commun : une Nature englobant l\u2019inconscient en tant que manifestation d\u2019une Vie dans laquelle nous sommes tous totalement immerg\u00e9s.<\/p>\n<h2>Pourquoi avoir privil\u00e9gi\u00e9 la symbolique alchimique ?<\/h2>\n<p style=\"text-align: justify;\">C\u2019est tout d\u2019abord pour suivre l\u2019exemple de Jung que nous avons privil\u00e9gi\u00e9, en particulier chez la R\u00eaveuse, la symbolique alchimique dans l\u2019interpr\u00e9tation des s\u00e9ries de r\u00eaves.<\/p>\n<p style=\"text-align: justify;\">Nous avons aussi \u00e9mis l&rsquo;hypoth\u00e8se que la perduration dans les r\u00eaves de nos contemporains de th\u00e8mes propres \u00e0 cette symbolique \u00e9tait un ph\u00e9nom\u00e8ne de compensation, une forme originale de <em>retour du rejet\u00e9<\/em>, en l\u2019occurrence la Nature.&nbsp; Ce rejet, \u00e0 l&rsquo;\u00e9poque des alchimistes, se traduisait par un oubli de la Nature au profit d\u2019une religion qui pr\u00f4nait la supr\u00e9matie de l\u2019\u00e2me et le m\u00e9pris du corps.&nbsp; De nos jours il s&rsquo;agit d&rsquo;un m\u00eame oubli de la Nature mais, cette fois-ci,&nbsp; au profit de la rationalit\u00e9 et de la Science.<\/p>\n<p style=\"text-align: justify;\"><strong>Nous sommes conscients d\u2019avoir privil\u00e9gi\u00e9, de mani\u00e8re subjective, un angle d\u2019interpr\u00e9tation. <\/strong><\/p>\n<p style=\"text-align: justify;\">Il est vrai qu\u2019une autre ligne de signification aurait \u00e9t\u00e9 tout aussi valable, puisque les productions de l\u2019inconscient collectif expriment la totalit\u00e9 du contenu de cet inconscient.<\/p>\n<p style=\"text-align: justify;\">Il serait, par exemple, tr\u00e8s int\u00e9ressant de rechercher, dans la s\u00e9rie de la R\u00eaveuse, les manifestations d\u2019un rayon de signification diffractant \u00e0 partir d\u2019un puissant arch\u00e9type :<strong> la satisfaction des besoins vitaux.<\/strong> L\u2019exploration de cette voie d\u2019interpr\u00e9tation serait probablement fructueuse car elle r\u00e9v\u00e9lerait la pr\u00e9sence de repr\u00e9sentations arch\u00e9typiques d\u2019<strong>instincts profond\u00e9ment enracin\u00e9s dans la Nature<\/strong>. Chercheurs la voie est ouverte !<\/p>\n<h2>La repr\u00e9sentation structurelle et symbolique de la Totalit\u00e9<\/h2>\n<p style=\"text-align: justify;\">Il a \u00e9t\u00e9 dit, d\u00e8s le d\u00e9but de notre recherche, que <strong>la Totalit\u00e9 en Soi est irrepr\u00e9sentable<\/strong>. On ne peut qu\u2019en observer <strong>des expressions diff\u00e9renci\u00e9es<\/strong>, et nous avons fait le choix, empruntant ainsi la voie jungienne, d\u2019en mettre en \u00e9vidence les RE-pr\u00e9sentations structurelles et symboliques. Nous avons, en particulier, en observant l\u2019apparition des \u00e9l\u00e9ments significatifs dans les suites de r\u00eaves, constat\u00e9 que :<\/p>\n<ul>\n<li style=\"text-align: justify;\"><strong>Les formes et les nombres<\/strong> sont des \u00e9mergences, au niveau de la psych\u00e9 humaine, de structures \u00e9voquant celles que l\u2019on observe dans l\u2019ensemble des <strong>productions<\/strong> <strong>de la Nature<\/strong>.<\/li>\n<li style=\"text-align: justify;\">Il existe un <strong>syst\u00e8me de r\u00e9gulation des fonctions psychiques<\/strong> agissant \u00e0 la mani\u00e8re de celui qui maintient l\u2019\u00e9quilibre des fonctions corporelles. Ce syst\u00e8me fait de ce corps humain que nous habitons, sans m\u00eame y penser, si ce n&rsquo;est pour nous en plaindre, une remarquable r\u00e9ussite.<\/li>\n<li style=\"text-align: justify;\"><strong>Le corps humain, loin d\u2019\u00eatre m\u00e9prisable<\/strong> et d\u2019\u00eatre une prison pour l\u2019\u00e2me, comme l\u2019enseignent certains courants religieux, est le seul mode de pr\u00e9sence au monde o\u00f9 s\u2019inscrit une possibilit\u00e9 d\u2019actualisation de nos potentialit\u00e9s.<\/li>\n<\/ul>\n<h2>L&rsquo;\u00eatre humain est un vase alchimique<\/h2>\n<p style=\"text-align: justify;\">C\u2019est dans <strong>ce corps, semblable au vase des alchimistes<\/strong>, que nous pouvons tenter de franchir quelques degr\u00e9s du processus de r\u00e9appropriation de notre \u00eatre total.<\/p>\n<p style=\"text-align: justify;\">Ces constatations nous ont conduit \u00e0 penser que, m\u00eame si la Totalit\u00e9 en Soi est impensable et irrepr\u00e9sentable, il existe cependant un lieu de RE-pr\u00e9sentation privil\u00e9gi\u00e9 d\u2019une totalit\u00e9 : l\u2019\u00eatre humain.<\/p>\n<p style=\"text-align: justify;\">En effet,<strong> l\u2019\u00eatre humain poss\u00e8de en puissance tous les \u00e9l\u00e9ments de la totalit\u00e9 mati\u00e8re-psych\u00e9<\/strong> pouvant faire de lui un homme in-divis, non divis\u00e9. Dans l&rsquo;absolu, cela correspond \u00e0 un homme individu\u00e9, vivant pleinement son int\u00e9gration au sein de la Nature et <strong>ouvrant compl\u00e8tement sa conscience<\/strong> aux apports de l\u2019inconscient collectif.<\/p>\n<p style=\"text-align: justify;\">Cependant, cet homme-l\u00e0 ne m\u00e9riterait d\u2019\u00eatre consid\u00e9r\u00e9 comme ce que certaines Traditions nomment un <strong>homme r\u00e9alis\u00e9,<\/strong> qu\u2019\u00e0 la condition qu\u2019il soit \u00e9galement un <strong>homme relationnel<\/strong> en phase avec tous les autres humains.<\/p>\n<h2><a id=\"individuation\"><\/a>Individuation ne signifie pas isolement<\/h2>\n<p style=\"text-align: justify;\"><strong> Le but de l&rsquo;individuation<\/strong> n\u2019est, en rien, l\u2019isolement mais, tout au contraire, d\u2019\u00eatre capable consciemment de s\u2019assumer en tant que goutte d\u2019eau dans l\u2019Oc\u00e9an humain.<\/p>\n<p style=\"text-align: justify;\">Cet id\u00e9al type d\u2019humain, presque indiff\u00e9renci\u00e9, ne saurait exister car <strong>ce qui caract\u00e9rise l\u2019homme c\u2019est justement sa diff\u00e9renciation au sein de la totalit\u00e9<\/strong>.<\/p>\n<p style=\"text-align: justify;\">Il semble, cependant, et cela serait une origine plausible du malaise actuel de notre soci\u00e9t\u00e9, que se soit produit <strong>un exc\u00e8s de la n\u00e9cessaire diff\u00e9renciation<\/strong> avec le socle commun sur lequel se construit l\u2019humanit\u00e9 :<strong> la Nature et la relation avec l\u2019Autre<\/strong>. C\u2019est pourquoi certains aspects perdus de la totalit\u00e9, indispensables au fonctionnement harmonieux de la psych\u00e9, doivent \u00eatre <strong>retrouv\u00e9s<\/strong> pour que ces parties manquantes, une fois remont\u00e9es \u00e0 la surface, soient <strong>ajout\u00e9es aux acquis du Moi conscient.<\/strong><\/p>\n<h2>Jung comme lieu d&rsquo;une exp\u00e9rience de l\u2019inconscient<\/h2>\n<p style=\"text-align: justify;\">Devenir un lieu o\u00f9 peuvent se RE-pr\u00e9senter les aspects perdus de la totalit\u00e9, \u00eatre le champ d\u2019une exp\u00e9rience consistant \u00e0 tenter de \u201c<em>retourner en son \u00eatre propre<\/em>\u201d, est la t\u00e2che \u00e0 laquelle s\u2019est attel\u00e9 Jung.<\/p>\n<p style=\"text-align: justify;\"><strong>Son corps et sa psych\u00e9 furent, \u00e0 la fois, un lieu de tensions entre les oppos\u00e9s, et un lieu de r\u00e9ception des messages de l\u2019inconscient<\/strong>.<\/p>\n<p style=\"text-align: justify;\"><img loading=\"lazy\" decoding=\"async\" class=\"alignright wp-image-6371\" src=\"https:\/\/www.cgjung.net\/espace\/wp-content\/uploads\/2018\/02\/alchimie-hors-les-murs.jpg\" alt=\"\" width=\"200\" height=\"168\" srcset=\"https:\/\/www.cgjung.net\/espace\/wp-content\/uploads\/2018\/02\/alchimie-hors-les-murs.jpg 650w, https:\/\/www.cgjung.net\/espace\/wp-content\/uploads\/2018\/02\/alchimie-hors-les-murs-300x252.jpg 300w\" sizes=\"auto, (max-width: 200px) 100vw, 200px\" \/>Il semble qu\u2019il avait, plus que d\u2019autres, une pr\u00e9disposition \u00e0 percevoir le flot de la vie et \u00e0 passer la t\u00eate, comme le fait le sujet de l&rsquo;illustration alchimique ci-contre, par un trou donnant sur un <em>ailleurs<\/em>. Il \u00e9tait, en quelque sorte, <strong>connect\u00e9,<\/strong> ce qui lui faisait dire que sa diff\u00e9rence avec les autres hommes r\u00e9sidait dans le fait que, chez lui, \u201c<em>les cloisons \u00e9taient transparentes<\/em>\u00ab\u00a0. Cela lui permettait d\u2019avoir une meilleure vision sur <strong>les processus se d\u00e9roulant \u00e0 l\u2019arri\u00e8re plan<\/strong>.<\/p>\n<p style=\"text-align: justify;\"><strong>Explorer l\u2019inconnu est p\u00e9rilleux. <\/strong>Si le corps de Jung connut<strong> la souffrance<\/strong>, ce fut surtout sa psych\u00e9 qui, en particulier au moment de sa grande confrontation avec l\u2019inconscient, subit des attaques qui le men\u00e8rent aux limites de la mort psychique. Mais sa volont\u00e9 \u00e9tait aussi forte que son insatiable curiosit\u00e9. Connaissant les risques, il a, en toute lucidit\u00e9, accept\u00e9 d\u2019\u00eatre <strong>un lieu de r\u00e9alisation du projet d\u2019un inconscient visant \u00e0 se d\u00e9ployer avec la coop\u00e9ration du conscient<\/strong>. Il a donn\u00e9 aux deux composantes de sa psych\u00e9 la possibilit\u00e9 de \u201c<em>vivre en tant que totalit\u00e9<\/em>\u201d.<\/p>\n<h2>&nbsp;Jung en osmose avec les forces de la Nature<\/h2>\n<p style=\"text-align: justify;\">Jung a toujours ressenti un grand sentiment de parent\u00e9, quasiment chamanique, avec les forces de la Nature, se d\u00e9ployant en de multiples manifestations concernant aussi bien les plantes que l\u2018\u201d<em>amour cosmogonique<\/em>\u201d. Il s\u2019est, consciemment, laiss\u00e9 e<strong>mporter par le flot d\u2019une Vie<\/strong> qui le fascinait, tout autant que son corollaire, la mort.<\/p>\n<p style=\"text-align: justify;\"><strong>Au sujet de la mort, Jung avouait poss\u00e9der un \u00ab\u00a0<em>mythe<\/em>\u201d<\/strong> et des indications de l\u2019inconscient lui donnant \u00e0 penser qu\u2019elle pourrait augmenter son degr\u00e9 d&rsquo;osmose avec ce qu&rsquo;il appelait l<em>&lsquo;unus mundus,<\/em> le monde un.<\/p>\n<p style=\"text-align: justify;\">Il avait certainement tir\u00e9 les conclusions des<strong> visions<\/strong> de ce qu\u2019il appelle une \u201c<em>totalit\u00e9 objective<\/em>\u201d qu\u2019il eut pendant la grave maladie durant laquelle, en 1944. Il flotta entre la vie et la mort. Pendant cette p\u00e9riode <strong>il fut une sorte d\u2019\u00e9cran<\/strong>, sur lequel furent projet\u00e9es les images d\u2019une RE-pr\u00e9sentation de la Totalit\u00e9.<\/p>\n<h2>Les \u0153uvres de Jung sont-elles une aide ?<\/h2>\n<p style=\"text-align: justify;\">Les \u0153uvres de Jung font, elles aussi, partie de sa r\u00e9alisation globale. Elles furent l\u2019expression ext\u00e9rieure d\u2019une m\u00e9tamorphose int\u00e9rieure, favoris\u00e9e par l\u2019attention qu\u2019il porta aux contenus de son inconscient. Tous ses \u00e9crits furent r\u00e9dig\u00e9s sous la&nbsp; <em>pression d\u2019un Autre en lui&nbsp;<\/em> qu\u2019il consid\u00e9ra non comme un ennemi mais comme la pi\u00e8ce manquante n\u00e9cessaire pour qu\u2019il puisse devenir une forme de RE-pr\u00e9sentation d\u2019une unit\u00e9 de Vie.<\/p>\n<p style=\"text-align: justify;\">Un approfondissement des recherches philosophiques au sujet de l\u2019<em>oeuvre-vie<\/em> de <strong>Jung offre t-il une voie vers la compr\u00e9hension et la r\u00e9solution de probl\u00e8mes<\/strong> qui sont aussi les n\u00f4tres parce qu\u2019universels ?<\/p>\n<p style=\"text-align: justify;\">Nous le pensons mais nous ne pouvons \u00e0 l\u2019issue de<strong> ce travail<\/strong>, <strong>qui se veut une ouverture vers d\u2019autres recherches<\/strong>, proposer une panac\u00e9e universelle \u00e0 la crise existentielle d\u2019un Homme ayant perdu ses capacit\u00e9s relationnelles avec l\u2019Autre. Nous tentons quand m\u00eame quelques propositions.<\/p>\n<h2>Quelques propositions<\/h2>\n<ul>\n<li style=\"text-align: justify;\"><strong>Pr\u00eater attention \u00e0 ses r\u00eaves <\/strong> car ils peuvent, surtout si ils se pr\u00e9sentent en s\u00e9rie, \u00eatre un v\u00e9ritable enseignement de l&rsquo;inconscient.<\/li>\n<li style=\"text-align: justify;\"><strong>Envisager une analyse avec prudence. <\/strong>\u00c9videmment, tout le monde ne va pas se faire analyser, ne serait-ce que par manque de moyens, de temps ou d\u2019envie. D\u2019ailleurs, comme le pense Jung, l\u2019analyse pr\u00e9sente pour certains sujets, ayant trouv\u00e9 un fragile \u00e9quilibre en une forme de n\u00e9vrose, un danger de basculement dans la psychose.<\/li>\n<li style=\"text-align: justify;\"><strong>Entamer un travail personnel<\/strong> ce qui peut se r\u00e9v\u00e9ler tr\u00e8s fructueux pour ceux dont l\u2019angoisse ne rev\u00eat pas une forme pathologique.<\/li>\n<li style=\"text-align: justify;\"><strong>Faire silence et \u00e9couter.<\/strong> En effet, dans la soci\u00e9t\u00e9 occidentale actuelle, l\u2019homme a le plus souvent perdu contact avec l\u2019int\u00e9rieur de lui-m\u00eame. Il vit uniquement \u00e0 la surface. Tout lui vient de <em>l\u2019ext\u00e9rieur<\/em> et, consciemment, il ne souhaite pas autre chose. Il prend bien soin de se droguer \u00e0 grandes doses de nouvelles, de bruits, d\u2019images, que la plupart du temps il ne choisit m\u00eame pas. Il ne sait plus rester dans le silence, on peut m\u00eame dire que le silence l\u2019effraie car, si le bruit cesse, s\u2019installe alors le risque de voir \u00e9merger des pens\u00e9es non dirig\u00e9es, ou des images troublantes, sans r\u00e9f\u00e9rences au d\u00e9j\u00e0 connu.<\/li>\n<\/ul>\n<h2><strong>Se d\u00e9sintoxiquer de ce qui rend sourd \u00e0 la voix de l&rsquo;inconscient<\/strong><\/h2>\n<p style=\"text-align: justify;\">Une grave crise est&nbsp; provoqu\u00e9e par la trop grande autonomie que l\u2019homme contemporain a prise vis-\u00e0-vis de la <strong>Nature<\/strong>, au sens spinoziste du mot. Il a oubli\u00e9 qu\u2019il en faisait partie et a d\u00e9cid\u00e9 de lui <strong>substituer la science et les techniques<\/strong>. Cette crise est aggrav\u00e9e par une <strong>perte de relation \u00e0 l&rsquo;autre<\/strong>, un chacun pour soi qui nous fait oublier que nous somme tous des gouttes du grand oc\u00e9an de ce qui EST.<\/p>\n<p style=\"text-align: justify;\">La solution, pour celui qui est \u00e0 la recherche du sens de ce qui l&rsquo;agresse, consiste peut-\u00eatre \u00e0 <strong>desserrer la <\/strong><em><strong>camisole m\u00e9diatique<\/strong>. <\/em><\/p>\n<p style=\"text-align: justify;\">Cette camisole, faite des bruits et images ext\u00e9rieures, l\u2019enserre et le rend sourd \u00e0 la voix de l\u2019inconscient.<\/p>\n<p style=\"text-align: justify;\">Celui qui a fait cesser le bruitage pourrait, ensuite, dans le silence retrouv\u00e9, pratiquer ce que les alchimistes du Moyen Age appelaient la <em>meditatio<\/em> et <em>l\u2019imaginatio<\/em> et dont ils faisaient le fondement de leur \u0152uvre.<\/p>\n<p style=\"text-align: justify;\">Adviendraient, alors, d\u2019autres images, <strong>d\u2019autres paroles<\/strong> issues du fonds commun de l\u2019humanit\u00e9. Ces images, ces paroles ont <em>toujours \u00e9t\u00e9 l\u00e0<\/em>, comme le disent les deux s\u00e9ries de r\u00eaves, mais une grande partie de l\u2019humanit\u00e9 ne les voit plus, ne les entend plus, et elles demeurent, oubli\u00e9es, dans les profondeurs de l\u2019inconscient o\u00f9 vont parfois les chercher ceux que les fous et les po\u00e8tes.<\/p>\n<p style=\"text-align: justify;\"><strong>Il existe une possibilit\u00e9 que le nouvel \u00eatre humain<\/strong> <strong>d\u00e9sintoxiqu\u00e9 puisse retrouver&nbsp;<\/strong> <strong>le contact avec les morceaux perdus de sa totalit\u00e9,<\/strong> se sentir mieux en sa propre compagnie. On verrait alors diminuer la propension que nous avons \u00e0 projeter l&rsquo;insatisfaction de nous m\u00eame sur un Autre devenu l\u2019objet de l\u2019horreur inspir\u00e9e par notre ombre. Ce serait un grand pas vers l&rsquo;individuation et l&rsquo;accomplissement d&rsquo;une<strong> \u0152uvre humaine comparable \u00e0 la recherche des anciens alchimistes.<\/strong><\/p>\n<p><em>Ces r\u00e9flexions et propositions ach\u00e8vent provisoirement la partie \u00ab\u00a0\u00c9crits sur Jung\u00a0\u00bb. Restent les ouvertures possibles &#8230;<\/em><\/p>\n<h3><svg class=\"genericon genericond-genericons-neue genericons-neue-document genericond-genericons-neue-1x genericond-rotate-normal\" style=\"fill:#19486B;\" title=\"document\" role=\"img\" aria-labelledby=\"title\"><use xlink:href=\"https:\/\/www.cgjung.net\/espace\/wp-content\/plugins\/genericond\/\/icons\/genericons-neue\/svg-sprite\/genericons-neue.svg#document\" \/><\/svg> <a href=\"https:\/\/www.cgjung.net\/espace\/ariaga-ecrits-jung\/oeuvre-nature-individuation\/ouvrir-inconnaissable\/\">Page pr\u00e9c\u00e9dente<\/a><\/h3>\n<p style=\"text-align: right;\"><span style=\"font-size: 10pt;\"><em><a href=\"https:\/\/www.cgjung.net\/espace\/cg-jung\/avertissement\/\">Publi\u00e9 initialement dans le cadre d&rsquo;une th\u00e8se<\/a> cette page a \u00e9t\u00e9 adapt\u00e9e par Ariaga (Ariane Callot), son auteure.<br \/>\nLes ouvrages cit\u00e9s <a href=\"https:\/\/www.cgjung.net\/espace\/cg-jung\/bibliographie\/\">sont r\u00e9f\u00e9renc\u00e9s \u00e0 la page bibliographie<\/a>.<\/em><\/span><\/p>\n\n","protected":false},"excerpt":{"rendered":"<p>Les grandes illusions Il nous est apparu que la soci\u00e9t\u00e9 humaine que l&rsquo;on dit \u00e9volu\u00e9e a \u00e9difi\u00e9 les avanc\u00e9es de la civilisation, et l\u2019am\u00e9lioration du bien-\u00eatre de l\u2019homme suppos\u00e9e en r\u00e9sulter, sur des illusions : &nbsp; \u2022 Illusion que l\u2019on pouvait marcher sans jambes et sans pieds en se s\u00e9parant de la Nature. &nbsp; \u2022 [&hellip;]<\/p>\n","protected":false},"author":1,"featured_media":0,"parent":7468,"menu_order":166,"comment_status":"closed","ping_status":"closed","template":"","meta":{"footnotes":""},"class_list":["post-8065","page","type-page","status-publish","hentry"],"_links":{"self":[{"href":"https:\/\/www.cgjung.net\/espace\/wp-json\/wp\/v2\/pages\/8065","targetHints":{"allow":["GET"]}}],"collection":[{"href":"https:\/\/www.cgjung.net\/espace\/wp-json\/wp\/v2\/pages"}],"about":[{"href":"https:\/\/www.cgjung.net\/espace\/wp-json\/wp\/v2\/types\/page"}],"author":[{"embeddable":true,"href":"https:\/\/www.cgjung.net\/espace\/wp-json\/wp\/v2\/users\/1"}],"replies":[{"embeddable":true,"href":"https:\/\/www.cgjung.net\/espace\/wp-json\/wp\/v2\/comments?post=8065"}],"version-history":[{"count":59,"href":"https:\/\/www.cgjung.net\/espace\/wp-json\/wp\/v2\/pages\/8065\/revisions"}],"predecessor-version":[{"id":23701,"href":"https:\/\/www.cgjung.net\/espace\/wp-json\/wp\/v2\/pages\/8065\/revisions\/23701"}],"up":[{"embeddable":true,"href":"https:\/\/www.cgjung.net\/espace\/wp-json\/wp\/v2\/pages\/7468"}],"wp:attachment":[{"href":"https:\/\/www.cgjung.net\/espace\/wp-json\/wp\/v2\/media?parent=8065"}],"curies":[{"name":"wp","href":"https:\/\/api.w.org\/{rel}","templated":true}]}}