{"id":29009,"date":"2025-03-21T06:45:34","date_gmt":"2025-03-21T05:45:34","guid":{"rendered":"https:\/\/www.cgjung.net\/espace\/?page_id=29009"},"modified":"2026-04-11T08:02:36","modified_gmt":"2026-04-11T06:02:36","slug":"puissance-ombre","status":"publish","type":"page","link":"https:\/\/www.cgjung.net\/espace\/ressources\/ajpo\/puissance-ombre\/","title":{"rendered":"Puissance de l&rsquo;ombre : entre individuel et collectif"},"content":{"rendered":"<p><strong>Les minutes du colloque du 25 mars 2023 \u00e0 Toulouse (AJPO) retracent les interventions consacr\u00e9es \u00e0 l\u2019ombre et \u00e0 sa puissance, tant sur le plan individuel que collectif. Les intervenants y soulignent combien notre \u00e9poque est marqu\u00e9e par un d\u00e9cha\u00eenement de forces, le plus souvent inconscientes.<\/strong><\/p>\n<p style=\"text-align: center;\"><img loading=\"lazy\" decoding=\"async\" class=\"aligncenter size-full wp-image-29008\" src=\"https:\/\/www.cgjung.net\/espace\/wp-content\/uploads\/2025\/03\/puissance-ombre.jpg\" alt=\"\" width=\"280\" height=\"402\" \/><\/p>\n<p style=\"text-align: center;\">Collectif &#8211; 15,5 cm x 22 cm &#8211; 83 pages<br \/>\n<a href=\"https:\/\/psyjungmp.jimdofree.com\/\" target=\"_blank\" rel=\"noopener\">Site de l&rsquo;Association Jungienne de Psychanalyse d&rsquo;Occitanie<\/a> (AJPO)<\/p>\n<h2>Ouverture du colloque&nbsp;<\/h2>\n<p>Le colloque de cette ann\u00e9e d\u00e9veloppe le th\u00e8me de l&rsquo;ombre et de sa puissance, aux plans individuel et collectif. Nous vivons dans une \u00e9poque qui est le lieu d&rsquo;un d\u00e9cha\u00eenement de forces qui pour la plupart sont inconscientes. On se demande si la psychologie de l&rsquo;inconscient, la psychanalyse a un jour exist\u00e9, ou si elle est connue.<\/p>\n<p>Toute l&rsquo;\u0153uvre de Jung a eu pour objet de nous ouvrir \u00e0 la connaissance de l&rsquo;inconscient, et de nous faire conna\u00eetre sa puissance, tout comme sa richesse. Il a adjoint \u00e0 la notion d&rsquo;inconscient personnel, d\u00e9couvert par Freud, celle d&rsquo;inconscient collectif, qui contient des structures r\u00e9gissant nos comportements \u00ab instinctifs \u00bb.<\/p>\n<p>La soci\u00e9t\u00e9 contemporaine, depuis plusieurs ann\u00e9es, nous offre le spectacle d&rsquo;un chaos tr\u00e8s puissant, qui peut tout balayer sur son passage. Face \u00e0 cela, la conscience et la prise de conscience sont des outils majeurs, d\u00e9couverts par la psychanalyse et d\u00e9velopp\u00e9s, singuli\u00e8rement dans l&rsquo;\u0153uvre de Cari G. Jung. Face au d\u00e9ferlement des forces de l&rsquo;inconscient, dans le collectif, la conscience et la prise de conscience nous aident \u00e0 mieux consid\u00e9rer et comprendre ce qui est en jeu pour permettre l&rsquo;\u00e9mergence d&rsquo;une humanit\u00e9 plus mature, apte \u00e0 faire des choix de vie et non de mort.<\/p>\n<p>\u00ab Chaque homme dans sa nuit marche vers sa lumi\u00e8re \u00bb nous dit Victor Hugo dans <em>Les Contemplations<\/em>, puissions-nous dans ces temps ombrageux trouver les voies propices au d\u00e9veloppement heureux des potentialit\u00e9s qui ne manquent pas de se pr\u00e9senter.<\/p>\n<p>Les cinq intervenants de cette journ\u00e9e, chacun et chacune \u00e0 leur mani\u00e8re nous aideront \u00e0 mieux percevoir et analyser les enjeux contemporains qui se jouent au niveau de l&rsquo;ombre, pour nous permettre d&rsquo;esquisser des pistes f\u00e9condes et cr\u00e9atives, tant sur le plan personnel que collectif.<\/p>\n<p><span style=\"color: #808080;\">Vincent Prouv\u00e9. Pr\u00e9sident de l&rsquo;AJPO<\/span><\/p>\n<h2>\u00ab La survie des ombres : Une r\u00e9flexion sur les formes d&rsquo;obscurit\u00e9&nbsp;\u00bb<\/h2>\n<p>Nous retrouvons le th\u00e8me de l&rsquo;ombre dans l&rsquo;all\u00e9gorie de la caverne de Platon, d\u00e9j\u00e0 associ\u00e9 au th\u00e8me de l&rsquo;inconnu qui r\u00e9siste \u00e0 la connaissance. La philosophie dite des Lumi\u00e8res est une guerre contre l&rsquo;ombre de l&rsquo;ignorance et de l&rsquo;obscurantisme. Cependant, en tant que m\u00e9thode, cette philosophie implique la g\u00e9n\u00e9ration d&rsquo;ombres et m\u00eame leur refoulement.<\/p>\n<p>La grande erreur de l&rsquo;Occident philosophique est d&rsquo;avoir perdu la communication avec l&rsquo;ombre et de ne pas avoir respect\u00e9 sa nature dialectique. En tant que domaine, la psychanalyse est n\u00e9e de la discipline qui a re\u00e7u l&rsquo;h\u00e9ritage des ombres dans l&rsquo;histoire de la philosophie, \u00e0 savoir l&rsquo;esth\u00e9tique. La psychanalyse est le travail d&rsquo;investigation de l&rsquo;ombre, comme si elle p\u00e9n\u00e9trait dans la chambre noire de la subjectivit\u00e9 de chacun et des instances collectives. Analyser le jeu des projections et des signifiants li\u00e9s \u00e0 l&rsquo;ombre, au sombre, aux hantises (l&rsquo;ombre du fant\u00f4me), peut nous aider \u00e0 comprendre l&rsquo;\u00e9ternel retour de ces aspects dans le monde d&rsquo;aujourd&rsquo;hui.<\/p>\n<p><span style=\"color: #808080;\"> Marcia Tiburi. \u00c9crivaine et philosophe br\u00e9silienne.<\/span><\/p>\n<h2>\u00ab Crise climatique: l&rsquo;impossible prise de conscience \u00bb<\/h2>\n<p>Les d\u00e9bats sur la crise climatique sont aussi vains que nombreux et anim\u00e9s car les discours pour \u00ab sauver la plan\u00e8te \u00bb, d&rsquo;o\u00f9 qu&rsquo;ils viennent, sont sans aucun effet en regard de la volont\u00e9 de puissance qui fa\u00e7onne le Zeitgeist. L&rsquo;humanit\u00e9 ne peut en effet s&#8217;emp\u00eacher de souiller la nature car inconsciemment elle la d\u00e9sacralise ; et ce faisant elle sacralise ce par quoi, elle d\u00e9sacralise la nature, en l&rsquo;occurrence la technique, symbole par excellence de la volont\u00e9 de puissance. Ce transfert du sacr\u00e9 reste un impens\u00e9, refoul\u00e9 dans l&rsquo;ombre et il le restera tant que l&rsquo;inconscient ne sera pas reconnu comme une instance psychique \u00e0 part enti\u00e8re, au m\u00eame titre que le moi et avec lequel le moi se doit de dialoguer.<\/p>\n<p>Mais aussi tant que les th\u00e9ories jungiennes ne se seront pas confront\u00e9es \u00e0 la pens\u00e9e technocritique, condition indispensable pour qu&rsquo;elles sortent&#8230; de l&rsquo;ombre et entrent dans le d\u00e9bat public. Le \u00ab sauvetage de la plan\u00e8te \u00bb ne peut s&rsquo;op\u00e9rer que si l&rsquo;humain se confronte d&rsquo;abord \u00e0 ses d\u00e9mons, \u00e0 commencer par sa volont\u00e9 de puissance.<\/p>\n<p><span style=\"color: #808080;\">Par Jo\u00ebl Decarsin. Professeur d&rsquo;arts plastiques.<\/span><\/p>\n<h2>\u00ab Parcours d&rsquo;une artiste entre Ombre et Lumi\u00e8re \u00bb<\/h2>\n<p>A partir de sa chanson La Barca, Na\u00efma Chemoul nous entra\u00eene au fil de sa recherche personnelle et artistique, sur une m\u00e9moire oubli\u00e9e et enfouie, en lien avec l&rsquo;ombre, entre individuel et collectif, vers une lente renaissance et red\u00e9couverte d&rsquo;une langue, de racines, et de bien d&rsquo;autres choses. Elle accompagnera sa pr\u00e9sentation de 2 ou 3 chants a cappella. Ces chants dans des langues diff\u00e9rentes t\u00e9moignent de moments pr\u00e9cis de ses red\u00e9couvertes et de moments clefs de cette \u00e9mergence. Un partage po\u00e9tique.<\/p>\n<p><span style=\"color: #808080;\">Par Na\u00efma Chemoul. Autrice, compositrice et interpr\u00e8te.<\/span><\/p>\n<h2>\u00ab Un cri dans le noir \u00bb<\/h2>\n<p>Le th\u00e8me central de cette \u00e9tude est de d\u00e9velopper une r\u00e9flexion sur la plus grande pr\u00e9occupation de Jung, sa peur de l&rsquo;inconscience de l&rsquo;humanit\u00e9. \u00c0 partir de lettres \u00e9crites \u00e0 ses collaborateurs, l&rsquo;auteur montre comme Jung a \u00e9t\u00e9 \u00ab au c\u0153ur\u00bb d&rsquo;un probl\u00e8me mondial : l&rsquo;inconscience de l&rsquo;humanit\u00e9 est la matrice de l&rsquo;ombre qui n&rsquo;est jamais reconnue. L&rsquo;ombre qui d\u00e9coule de la c\u00e9cit\u00e9 menace la vie sur la plan\u00e8te et conduit l&rsquo;humanit\u00e9 vers un possible effondrement de la civilisation occidentale. A partir de ce fil rouge, l&rsquo;auteur tente de comprendre les effets de ce ph\u00e9nom\u00e8ne dangereux, l&rsquo;arch\u00e9type de l&rsquo;ombre, que l&rsquo;on peut appeler \u00ab le Mal lui-m\u00eame \u00bb ou, comme il le nomme, \u00ab l&rsquo;Arch\u00e9type de l&rsquo;Anti-vie \u00bb.<\/p>\n<p><span style=\"color: #808080;\">Par Roberto Gambini. Psychanalyste jungien.<\/span><\/p>\n<h2>\u00ab Le moi d\u00e9sar\u00e7onn\u00e9 \u00bb<\/h2>\n<p>La situation actuelle du monde et de la civilisation occidentale en particulier, inqui\u00e8te de nombreux individus qui se sentent, de fa\u00e7on diffuse ou flagrante, d\u00e9sorient\u00e9s. Cette situation &#8211; du point de vue \u00e9cologique, \u00e9conomique ou spirituel &#8211; poss\u00e8de n\u00e9anmoins une histoire et s&rsquo;inscrit dans un formidable mouvement que l&rsquo;on peut qualifier en tant qu&rsquo;av\u00e8nement et glorification du Moi. La psychanalyse, dans nombre de ses orientations, est pour une bonne part responsable de cette \u00e9piphanie qui n&rsquo;a pas \u00e0 nous surprendre et s&rsquo;inscrit logiquement dans le devenir du sujet contemporain.<\/p>\n<p>Pour mieux comprendre les enjeux en pr\u00e9sence et l&rsquo;angoisse sous-jacente \u00e0 ce d\u00e9veloppement civilisationnel, il est donc important, pour ne pas dire urgent, d&rsquo;analyser certains fondements du Moi, ses origines, son vouloir et les \u00e9ventuels exc\u00e8s pouvant le qualifier. Car face \u00e0 lui se tient une autre r\u00e9alit\u00e9, bien plus sourde et myst\u00e9rieuse, identifi\u00e9e depuis la nuit des temps sous l&rsquo;\u00e9gide de l&rsquo;\u00e2me. Avec l&rsquo;id\u00e9e du Soi, Jung r\u00e9introduit et replace sur le devant de la sc\u00e8ne cette entit\u00e9 ineffable tout autant que fuyante face \u00e0 laquelle le Moi se sent d\u00e9rout\u00e9 ou d\u00e9fensif.<\/p>\n<p>Le pr\u00e9sent expos\u00e9 tentera d&rsquo;\u00e9clairer certains aspects de cette dialectique, sans cesse active, entre les volont\u00e9s \u00e9gotiques et le point de vue de l&rsquo;\u00e2me &#8211; ou de profondeurs &#8211; ainsi que certaines tensions qui lui sont inh\u00e9rentes.<\/p>\n<p><span style=\"color: #808080;\">Par Pierre Willequet.&nbsp; Psychanalyste jungien.<\/span><\/p>\n<p><em>Les \u00e9l\u00e9ments ci-dessus sont repris du livret \u00e9dit\u00e9 par l&rsquo;AJPO.<\/em><\/p>\n<h2>Minutes des colloques pr\u00e9c\u00e9dents<\/h2>\n<p><a href=\"https:\/\/www.cgjung.net\/publications\/ajpmp-journee-jung-310312.htm\">31 mars 2012<\/a>&nbsp;|&nbsp;<a href=\"https:\/\/www.cgjung.net\/publications\/ajpmp-journee-jung-020416.htm\">2 avril 2016<\/a>&nbsp;|&nbsp;<a href=\"https:\/\/www.cgjung.net\/publications\/ajpo-journee-jung-240318.htm\">24 mars 2018<\/a>&nbsp;|&nbsp;<a href=\"https:\/\/www.cgjung.net\/publications\/ajpo-journee-jung-300319.htm\">30 mars 2019<\/a>&nbsp;| <a href=\"https:\/\/www.cgjung.net\/espace\/ressources\/ajpo\/terre-peril-seve-ame\/\">25 septembre 2021<\/a>&nbsp;| <a href=\"https:\/\/www.cgjung.net\/espace\/ressources\/ajpo\/humanimalite\/\">22 mars 2022<\/a>&nbsp;| <a href=\"https:\/\/www.cgjung.net\/espace\/ressources\/ajpo\/puissance-ombre\/\">25 mars 2023<\/a>&nbsp;| <a href=\"https:\/\/www.cgjung.net\/espace\/ressources\/ajpo\/reve-outil-essentiel\/\">23 mars 2024<\/a><\/p>\n","protected":false},"excerpt":{"rendered":"<p>Les minutes du colloque du 25 mars 2023 \u00e0 Toulouse (AJPO) retracent les interventions consacr\u00e9es \u00e0 l\u2019ombre et \u00e0 sa puissance, tant sur le plan individuel que collectif. Les intervenants y soulignent combien notre \u00e9poque est marqu\u00e9e par un d\u00e9cha\u00eenement de forces, le plus souvent inconscientes. Collectif &#8211; 15,5 cm x 22 cm &#8211; 83 [&hellip;]<\/p>\n","protected":false},"author":1,"featured_media":0,"parent":19051,"menu_order":0,"comment_status":"closed","ping_status":"closed","template":"","meta":{"footnotes":""},"class_list":["post-29009","page","type-page","status-publish","hentry"],"_links":{"self":[{"href":"https:\/\/www.cgjung.net\/espace\/wp-json\/wp\/v2\/pages\/29009","targetHints":{"allow":["GET"]}}],"collection":[{"href":"https:\/\/www.cgjung.net\/espace\/wp-json\/wp\/v2\/pages"}],"about":[{"href":"https:\/\/www.cgjung.net\/espace\/wp-json\/wp\/v2\/types\/page"}],"author":[{"embeddable":true,"href":"https:\/\/www.cgjung.net\/espace\/wp-json\/wp\/v2\/users\/1"}],"replies":[{"embeddable":true,"href":"https:\/\/www.cgjung.net\/espace\/wp-json\/wp\/v2\/comments?post=29009"}],"version-history":[{"count":6,"href":"https:\/\/www.cgjung.net\/espace\/wp-json\/wp\/v2\/pages\/29009\/revisions"}],"predecessor-version":[{"id":34153,"href":"https:\/\/www.cgjung.net\/espace\/wp-json\/wp\/v2\/pages\/29009\/revisions\/34153"}],"up":[{"embeddable":true,"href":"https:\/\/www.cgjung.net\/espace\/wp-json\/wp\/v2\/pages\/19051"}],"wp:attachment":[{"href":"https:\/\/www.cgjung.net\/espace\/wp-json\/wp\/v2\/media?parent=29009"}],"curies":[{"name":"wp","href":"https:\/\/api.w.org\/{rel}","templated":true}]}}