{"id":28350,"date":"2025-01-29T15:42:35","date_gmt":"2025-01-29T14:42:35","guid":{"rendered":"https:\/\/www.cgjung.net\/espace\/?page_id=28350"},"modified":"2025-07-20T05:11:34","modified_gmt":"2025-07-20T03:11:34","slug":"ombre-mal-technologie","status":"publish","type":"page","link":"https:\/\/www.cgjung.net\/espace\/accueil\/jprobert\/ombre-mal-technologie\/","title":{"rendered":"L&rsquo;ombre et le mal &#8211; Un monde de \u00ab puers \u00bb"},"content":{"rendered":"<p><strong>Dans sa conf\u00e9rence intitul\u00e9e <em>L&rsquo;ombre et le mal &#8211; Un monde de \u00ab\u00a0puers\u00a0\u00bb : comment l&rsquo;ombre et le mal s&rsquo;immiscent dans nos vies ?<\/em>, Jean-Pierre Robert explore les aspects obscurs des technologies modernes, notamment l&rsquo;intelligence artificielle, \u00e0 travers le prisme de la psychologie jungienne.<\/strong><\/p>\n<p>Il met en \u00e9vidence la mani\u00e8re dont ces innovations refl\u00e8tent et amplifient notre ombre, tant individuelle que collective, soulignant l\u2019urgence d\u2019une prise de conscience pour pr\u00e9venir les d\u00e9rives \u00e0 venir.<\/p>\n<p><img loading=\"lazy\" decoding=\"async\" class=\"size-full wp-image-28329 aligncenter\" src=\"https:\/\/www.cgjung.net\/espace\/wp-content\/uploads\/2025\/01\/2025-01-26-ombre-et-mal-jprobert-01.png\" alt=\"\" width=\"960\" height=\"540\" \/><\/p>\n<p>Vous trouverez ci-dessous le texte int\u00e9gral et les diapositives de la conf\u00e9rence prononc\u00e9e par Jean-Pierre Robert le 26 janvier 2025 \u00e0 Paris, <a href=\"https:\/\/www.cgjung.net\/espace\/accueil\/actualite\/2025-01-25_26-colloque\/\">dans le cadre du colloque <em>L\u2019\u0153uvre de Jung, pr\u00e9sent et devenir<\/em><\/a>. Le style oral a \u00e9t\u00e9 conserv\u00e9 afin de pr\u00e9server la dynamique et l\u2019intensit\u00e9 de l\u2019expos\u00e9.<\/p>\n<p><em>Si vous souhaitez \u00e9couter ces \u00e9changes, ils sont disponibles sur les plateformes de podcast ainsi que <a href=\"https:\/\/frequenceprotestante.com\/events\/colloque-2025-6-7-un-monde-de-puers\/\" target=\"_blank\" rel=\"noopener\">sur le site de Fr\u00e9quence Protestante<\/a>.<\/em><\/p>\n<h2>Pr\u00e9sentation<\/h2>\n<p><strong>Chantal Delacotte :<\/strong> Jean-Pierre Robert est une figure essentielle dans le monde jungien francophone. Fondateur et \u00e9diteur du site Espace francophone jungien (<a href=\"https:\/\/www.cgjung.net\">www.cgjung.net<\/a>) depuis 1998, il met \u00e0 disposition une ressource riche en articles, analyses et actualit\u00e9s sur la psychologie analytique. Ce site constitue un lien pr\u00e9cieux pour les passionn\u00e9s de Jung en langue fran\u00e7aise.<\/p>\n<p>Ami de longue date, notre rencontre remonte \u00e0 un colloque&nbsp;<a href=\"https:\/\/www.cgjung.net\/sylvanes\/\">Les rencontres Pierre Soli\u00e9<\/a> \u00e0 l\u2019abbaye de Sylvan\u00e8s en 2005. Jean-Pierre a \u00e9t\u00e9 vice-pr\u00e9sident de l\u2019association Autour de Marie-Louise von Franz et a coorganis\u00e9 en 2011 un hommage \u00e0 Jung r\u00e9unissant plusieurs groupes d\u2019\u00e9tudes jungiennes.<\/p>\n<p>Electronicien et informaticien, il met aujourd\u2019hui son regard jungien au service d\u2019une analyse critique des technologies de l\u2019information, notamment de l\u2019intelligence artificielle g\u00e9n\u00e9rative. Son approche explore la part d\u2019ombre de ces nouvelles technologies et leur influence sur nos vies, en particulier \u00e0 travers le prisme du <em>puer aeternus<\/em>, symbole d\u2019une immaturit\u00e9 au pouvoir dans la gestion de l\u2019IA.<\/p>\n<p>Son intervention porte donc sur les dangers et les enjeux pos\u00e9s par l\u2019IA, sujet br\u00fblant sur lequel il nous invite \u00e0 r\u00e9fl\u00e9chir et \u00e0 d\u00e9battre.<\/p>\n<p><strong>Jean-Pierre Robert : <\/strong>Merci, Chantal, pour cette belle introduction, et merci \u00e9galement aux organisateurs de ce colloque pour l\u2019opportunit\u00e9 de partager avec vous aujourd\u2019hui. Nous allons explorer ensemble un sujet riche et d\u00e9licat.<\/p>\n<p><img loading=\"lazy\" decoding=\"async\" class=\"size-full wp-image-28330 aligncenter\" src=\"https:\/\/www.cgjung.net\/espace\/wp-content\/uploads\/2025\/01\/2025-01-26-ombre-et-mal-jprobert-02.png\" alt=\"\" width=\"960\" height=\"540\" \/><\/p>\n<p>Le titre de mon intervention, L\u2019ombre et le mal. Un monde de <i>puers<\/i> : comment l\u2019ombre et le mal s\u2019immiscent dans nos vies ?, peut sembler vaste et abstrait \u00e0 premi\u00e8re vue. Alors, pr\u00e9cisons ensemble le chemin que nous allons parcourir.<\/p>\n<p>Nous allons interroger la place du <i>puer aeternus<\/i>, cet arch\u00e9type de l\u2019\u00e9ternel enfant, et voir comment il se manifeste dans notre monde moderne, en particulier dans l\u2019univers technologique et num\u00e9rique.<\/p>\n<p>Nous verrons comment les grands acteurs de la r\u00e9volution informatique portent en eux cette dynamique, et en quoi leurs cr\u00e9ations, qu\u2019ils imaginaient au service du progr\u00e8s, peuvent paradoxalement laisser \u00e9merger une ombre insidieuse.<\/p>\n<p>Nous explorerons aussi les mutations profondes qu\u2019induit cette r\u00e9volution technologique : la virtualisation du monde, l\u2019impact de l\u2019intelligence artificielle sur notre rapport au r\u00e9el, et les tensions \u00e9thiques qu\u2019elle soul\u00e8ve.<\/p>\n<p>Enfin, nous \u00e9largirons la r\u00e9flexion en int\u00e9grant des figures souvent oubli\u00e9es dans ces r\u00e9cits technologiques : les femmes, qui ont pourtant jou\u00e9 un r\u00f4le essentiel dans le d\u00e9veloppement de l\u2019informatique et de l\u2019IA.<\/p>\n<p>Ainsi, nous allons plonger ensemble dans ces dynamiques, en nous interrogeant sur les forces invisibles qui fa\u00e7onnent notre monde et sur les responsabilit\u00e9s qui nous incombent face \u00e0 ces transformations.<\/p>\n<p><a id=\"cent-cinquante-ans\"><\/a><img loading=\"lazy\" decoding=\"async\" class=\"size-full wp-image-28331 aligncenter\" src=\"https:\/\/www.cgjung.net\/espace\/wp-content\/uploads\/2025\/01\/2025-01-26-ombre-et-mal-jprobert-03.png\" alt=\"\" width=\"960\" height=\"540\" \/><\/p>\n<p>En lien avec le th\u00e8me de ce colloque, marqu\u00e9 par les 150 ans de la naissance de Jung, je vous invite \u00e0 remonter le temps. Nous sommes en 1875, l&rsquo;ann\u00e9e o\u00f9 Jung voit le jour au bord du lac de Constance, en Suisse, dans le petit village de p\u00eacheurs <a href=\"https:\/\/www.cgjung.net\/tour\/kesswil.htm\">de Keswill<\/a>.<\/p>\n<p>D\u00e8s sa naissance, Jung baigne dans une atmosph\u00e8re o\u00f9 la foi structure la vie quotidienne : son p\u00e8re y officie en tant que pasteur. La r\u00e9gion, avec ses paysages bucoliques de collines verdoyantes, de vignobles et de vues majestueuses sur les eaux tranquilles du lac de Constance, offre un cadre empreint de s\u00e9r\u00e9nit\u00e9.<\/p>\n<p>La Suisse, \u00e0 cette \u00e9poque, jouit d\u2019une stabilit\u00e9 politique et d\u2019une neutralit\u00e9 propice \u00e0 son d\u00e9veloppement. Les pr\u00e9mices de l&rsquo;industrialisation se manifestent, notamment par l\u2019expansion des chemins de fer, tandis que les rythmes de la nature et les traditions rurales dominent. L&rsquo;agriculture, l&rsquo;\u00e9levage et la p\u00eache restent les piliers de l&rsquo;activit\u00e9 locale.<\/p>\n<p><img loading=\"lazy\" decoding=\"async\" class=\"size-full wp-image-28332 aligncenter\" src=\"https:\/\/www.cgjung.net\/espace\/wp-content\/uploads\/2025\/01\/2025-01-26-ombre-et-mal-jprobert-04.png\" alt=\"\" width=\"960\" height=\"540\" \/><\/p>\n<p>Quatre-vingt-six ans plus tard, <a href=\"https:\/\/www.cgjung.net\/publications\/6_juin_1961.htm\">le 6 juin 1961<\/a>, au moment du d\u00e9c\u00e8s de Carl Gustav Jung, le monde porte encore les profondes cicatrices des deux guerres mondiales. La tension entre les blocs Est et Ouest atteint son paroxysme, avec en toile de fond la menace constante d\u2019un conflit nucl\u00e9aire.<\/p>\n<p>C\u2019est aussi une p\u00e9riode foisonnante, riche de tous les possibles, o\u00f9 les d\u00e9couvertes et les questionnements sont omnipr\u00e9sents. Plus tard, cette \u00e9poque sera qualifi\u00e9e des \u00ab\u00a0Trente Glorieuses\u00a0\u00bb. En Europe et aux \u00c9tats-Unis, une contre-culture \u00e9merge, port\u00e9e par des aspirations nouvelles. L\u2019Orient, et particuli\u00e8rement l\u2019Inde, exerce une fascination grandissante, tandis que les drogues psych\u00e9d\u00e9liques commencent \u00e0 \u00eatre utilis\u00e9es pour explorer des exp\u00e9riences extrasensorielles.<\/p>\n<p>Les premiers ordinateurs, encore massifs et rudimentaires, font leur apparition et trouvent leur place dans des environnements industriels et universitaires. Pendant ce temps, les avanc\u00e9es dans la compr\u00e9hension de l\u2019ADN, dont la structure a \u00e9t\u00e9 d\u00e9couverte en 1953, continuent de nourrir des recherches scientifiques majeures. Deux mois avant la mort de Jung, un \u00e9v\u00e9nement historique se produit : le premier vol spatial habit\u00e9, avec Youri Gagarine \u00e0 bord.&nbsp;<\/p>\n<p><img loading=\"lazy\" decoding=\"async\" class=\"size-full wp-image-28333 aligncenter\" src=\"https:\/\/www.cgjung.net\/espace\/wp-content\/uploads\/2025\/01\/2025-01-26-ombre-et-mal-jprobert-05.png\" alt=\"\" width=\"960\" height=\"540\" \/><\/p>\n<p>Dans la d\u00e9cennie suivante, la technologie commence \u00e0 envahir notre quotidien. L\u2019essor de l\u2019\u00e9lectronique, la mise au point du microprocesseur, et les progr\u00e8s de l\u2019informatique s\u2019imposent peu \u00e0 peu dans tous les secteurs, d\u2019abord de mani\u00e8re discr\u00e8te et encore balbutiante.<\/p>\n<p>Le transfert des t\u00e2ches de l&rsquo;humain vers la machine tend \u00e0 rendre son r\u00f4le superflu, en effa\u00e7ant sa contribution directe et son lien avec le sens de son travail. Contrairement aux r\u00e9volutions technologiques pr\u00e9c\u00e9dentes, qui concernaient principalement l\u2019automatisation des t\u00e2ches physiques (comme l\u2019arriv\u00e9e des machines agricoles ou des cha\u00eenes de montage), celle-ci affecte essentiellement le travail intellectuel et administratif.<\/p>\n<p>Sous le pr\u00e9texte de rentabilit\u00e9, de nombreuses fonctions sont automatis\u00e9es, provoquant la disparition massive d&#8217;emplois. En quelques ann\u00e9es \u00e0 peine, des m\u00e9tiers tels que ceux de la m\u00e9canographie, du secr\u00e9tariat ou de la comptabilit\u00e9 s&rsquo;\u00e9teignent presque enti\u00e8rement.<\/p>\n<p><img loading=\"lazy\" decoding=\"async\" class=\"size-full wp-image-28334 aligncenter\" src=\"https:\/\/www.cgjung.net\/espace\/wp-content\/uploads\/2025\/01\/2025-01-26-ombre-et-mal-jprobert-06.png\" alt=\"\" width=\"960\" height=\"540\" \/><\/p>\n<p>Les grands gagnants de cette r\u00e9volution technologique \u00e9mergent sur la c\u00f4te Ouest des \u00c9tats-Unis, dans la vall\u00e9e connue sous le nom de Silicon Valley (la vall\u00e9e du silicium), et plus au nord, dans l\u2019\u00c9tat de Washington. Une nouvelle g\u00e9n\u00e9ration de jeunes informaticiens s\u2019active, anim\u00e9e par le r\u00eave de red\u00e9finir le futur gr\u00e2ce \u00e0 l\u2019informatique et affirmant \u0153uvrer pour le bien de l\u2019humanit\u00e9.<\/p>\n<p>En 1975, Paul Allen et Bill Gates fondent Microsoft, et l\u2019ann\u00e9e suivante, Steve Jobs, Steve Wozniak et Ronald Wayne cr\u00e9ent Apple.<\/p>\n<p><img loading=\"lazy\" decoding=\"async\" class=\"size-full wp-image-28335 aligncenter\" src=\"https:\/\/www.cgjung.net\/espace\/wp-content\/uploads\/2025\/01\/2025-01-26-ombre-et-mal-jprobert-07.png\" alt=\"\" width=\"960\" height=\"540\" \/><\/p>\n<p>Regardons ensemble quelques jalons cl\u00e9s de l\u2019\u00e9volution de l\u2019informatique.<\/p>\n<ul>\n<li style=\"font-weight: 400;\" aria-level=\"1\">En 1975, apparaissent les premiers ordinateurs personnels, rendant l\u2019informatique accessible au grand public.<\/li>\n<li style=\"font-weight: 400;\" aria-level=\"1\">1983 marque une avanc\u00e9e majeure avec la mise en r\u00e9seau des ordinateurs gr\u00e2ce aux modems, ouvrant la voie \u00e0 la connectivit\u00e9.<\/li>\n<li style=\"font-weight: 400;\" aria-level=\"1\">En 1987, les cartes graphiques se d\u00e9veloppent, accompagn\u00e9es par l\u2019essor des premiers jeux vid\u00e9o populaires.<\/li>\n<li style=\"font-weight: 400;\" aria-level=\"1\">L\u2019ann\u00e9e 1988 voit \u00e9merger une nouvelle menace : les premiers virus informatiques et chevaux de Troie font leur apparition.<\/li>\n<li style=\"font-weight: 400;\" aria-level=\"1\">Puis, en 1990, la r\u00e9volution Internet d\u00e9marre et commence \u00e0 transformer notre fa\u00e7on de communiquer.<\/li>\n<li style=\"font-weight: 400;\" aria-level=\"1\">En 2004, les r\u00e9seaux sociaux bouleversent nos interactions en ligne et changent durablement nos habitudes.<\/li>\n<li style=\"font-weight: 400;\" aria-level=\"1\">2007 marque un tournant avec l\u2019arriv\u00e9e des t\u00e9l\u00e9phones mobiles connect\u00e9s, dits smartphones, et du stockage des donn\u00e9es sur le Cloud.<\/li>\n<li style=\"font-weight: 400;\" aria-level=\"1\">Enfin, en 2022, une nouvelle \u00e8re s\u2019ouvre avec l\u2019av\u00e8nement de l\u2019intelligence artificielle g\u00e9n\u00e9rative, capable de produire du texte, des images, des vid\u00e9os et m\u00eame du code informatique.<\/li>\n<\/ul>\n<p>Toute cette \u00e9volution repose sur une s\u00e9rie de d\u00e9couvertes scientifiques, soutenue en arri\u00e8re-plan par le d\u00e9veloppement de composants \u00e9lectroniques toujours plus performants. Cette progression n\u2019est pas lin\u00e9aire, mais exponentielle, disruptive et r\u00e9volutionnaire, marqu\u00e9e par une v\u00e9ritable course \u00e0 la puissance de calcul et \u00e0 la capacit\u00e9 de stockage.<\/p>\n<p><img loading=\"lazy\" decoding=\"async\" class=\"size-full wp-image-28336 aligncenter\" src=\"https:\/\/www.cgjung.net\/espace\/wp-content\/uploads\/2025\/01\/2025-01-26-ombre-et-mal-jprobert-08.png\" alt=\"\" width=\"960\" height=\"540\" \/><\/p>\n<p>Examinons maintenant comment diff\u00e9rentes disciplines ont contribu\u00e9 \u00e0 fa\u00e7onner l\u2019essor de l\u2019informatique. Parmi celles qui ont fortement contribu\u00e9 \u00e0 son d\u00e9veloppement, on peut citer :<\/p>\n<ul>\n<li style=\"font-weight: 400;\" aria-level=\"1\">La physique pour les circuits \u00e9lectroniques et les composants mat\u00e9riels.<\/li>\n<li style=\"font-weight: 400;\" aria-level=\"1\">La chimie et la science des mat\u00e9riaux qui sont essentielles \u00e0 la fabrication des semi-conducteurs et les technologies de stockage.&nbsp;<\/li>\n<li style=\"font-weight: 400;\" aria-level=\"1\">L\u2019\u00e9lectronique avec ses composants&nbsp; tels que les microprocesseurs, les puces graphiques et les m\u00e9moires.<\/li>\n<li style=\"font-weight: 400;\" aria-level=\"1\">Les math\u00e9matiques qui sont la base de la logique binaire, des algorithmes et de la cryptographie.<\/li>\n<li style=\"font-weight: 400;\" aria-level=\"1\">La biologie qui est une source d\u2019inspiration pour le calcul bio-inspir\u00e9 et les applications de l\u2019IA.<\/li>\n<li style=\"font-weight: 400;\" aria-level=\"1\">Les neurosciences avec leur influence majeure sur la compr\u00e9hension des r\u00e9seaux neuronaux et leurs applications en mati\u00e8re d\u2019IA.<\/li>\n<li style=\"font-weight: 400;\" aria-level=\"1\">Les sciences de l\u2019information qui englobent la gestion des donn\u00e9es, des r\u00e9seaux et des syst\u00e8mes informatiques.<\/li>\n<li style=\"font-weight: 400;\" aria-level=\"1\">Les sciences humaines et sociales qui sont indispensables pour l\u2019\u00e9tude des interactions homme-machine et des impacts soci\u00e9taux.<\/li>\n<\/ul>\n<p>Il se trouve que ma vie professionnelle s\u2019est d\u00e9roul\u00e9e dans le domaine de l\u2019informatique, et j\u2019ai suivi pas \u00e0 pas les \u00e9volutions que je viens de d\u00e9crire. En m\u2019appuyant sur mes connaissances jungiennes et mon travail personnel d\u2019introspection, je me suis interrog\u00e9 :<\/p>\n<blockquote>\n<p><em>Quelle pourrait \u00eatre l\u2019ombre des informaticiens ?<\/em><\/p>\n<\/blockquote>\n<p>Je peux confirmer aujourd\u2019hui que, s\u2019il est d\u00e9j\u00e0 difficile d\u2019identifier sa propre ombre, il est encore bien plus ardu de percevoir celle de la profession que l\u2019on exerce.<\/p>\n<p><img loading=\"lazy\" decoding=\"async\" class=\"size-full wp-image-28337 aligncenter\" src=\"https:\/\/www.cgjung.net\/espace\/wp-content\/uploads\/2025\/01\/2025-01-26-ombre-et-mal-jprobert-09.png\" alt=\"\" width=\"960\" height=\"540\" \/><\/p>\n<p>Jung, s\u2019exprimant devant des \u00e9tudiants de l\u2019Institut qui porte son nom en 1958, tente de r\u00e9pondre \u00e0 la question suivante :<\/p>\n<blockquote>\n<p><i>\u00ab\u00a0Quelle est l\u2019ombre de la psychologie analytique, quelle est la nature de cette ombre ?\u00a0\u00bb<\/i><\/p>\n<\/blockquote>\n<p>Il affirme que \u00ab\u00a0la psychologie compte parmi les choses les plus complexes\u00a0\u00bb et que \u00ab\u00a0son ombre est donc extraordinairement complexe [&#8230;] si bien que je ne suis pas en mesure, dit-il, de vous indiquer en quelques mots en quoi elle peut consister\u00a0\u00bb.<\/p>\n<p>Jung pr\u00e9cise \u00ab\u00a0si vous voulez vous faire une id\u00e9e g\u00e9n\u00e9rale de l\u2019ombre que la psychologie analytique projette [&#8230;] il vous suffit de collectionner tous les pr\u00e9jug\u00e9s qui s\u2019\u00e9l\u00e8vent contre elle et ce que les gens disent \u00e0 son sujet. Vous obtenez ainsi une tr\u00e8s bonne image de ce qu\u2019est la psychologie analytique, vue de derri\u00e8re\u00a0\u00bb.<\/p>\n<p>Il avertit \u00e9galement : \u00ab\u00a0Si vous vous identifiez \u00e0 cette psychologie, vous vous trouvez \u00e9videmment prisonnier de son ombre\u00a0\u00bb. Et d\u2019ajouter \u00ab\u00a0Rien de ce que l\u2019homme invente n\u2019est enti\u00e8rement bon, ce ne serait pas r\u00e9el, qu\u2019on le veuille ou non une ombre en r\u00e9sulte\u00a0\u00bb.<\/p>\n<p><i>[C.G. Jung, <a href=\"https:\/\/www.cgjung.net\/oeuvre\/cg-jung-entretiens.htm\">Entretiens<\/a>, p. 117 et suivantes.]<\/i><\/p>\n<p><img loading=\"lazy\" decoding=\"async\" class=\"size-full wp-image-28338 aligncenter\" src=\"https:\/\/www.cgjung.net\/espace\/wp-content\/uploads\/2025\/01\/2025-01-26-ombre-et-mal-jprobert-10.png\" alt=\"\" width=\"960\" height=\"540\" \/><\/p>\n<p>Dans les ann\u00e9es 1970 et 1980, les syst\u00e8mes informatiques n\u2019\u00e9taient pas interconnect\u00e9s, et il fallait une v\u00e9ritable connaissance pour acc\u00e9der au contenu d\u2019un ordinateur. Les acc\u00e8s \u00e9taient sp\u00e9cifiques et r\u00e9serv\u00e9s \u00e0 du personnel form\u00e9. \u00c0 cette \u00e9poque, pas de mot de passe, pas de souris : tout se faisait \u00e0 travers des menus textuels et des choix limit\u00e9s.<\/p>\n<p>L\u2019entreprise pour laquelle je travaillais proc\u00e9dait \u00e0 une informatisation massive, couvrant tous les secteurs d\u2019activit\u00e9 sans exception. Cela rendait \u00e9tonnamment facile l\u2019acc\u00e8s \u00e0 des informations strat\u00e9giques : l\u2019\u00e9tat des finances de l\u2019entreprise, la hi\u00e9rarchie des salaires, ou encore des donn\u00e9es sp\u00e9cifiques \u00e0 chaque secteur. Par exemple, les actes notari\u00e9s chez les notaires, les dossiers en cours chez les avocats, ou les analyses m\u00e9dicales dans les laboratoires.<\/p>\n<p>Seul un petit nombre d\u2019informaticiens utilisaient leurs connaissances pour tirer parti de ces informations. Elles leur permettaient, par exemple, de v\u00e9rifier si un client \u00e9tait en capacit\u00e9 de payer ses factures ou de comparer des donn\u00e9es r\u00e9elles avec celles fournies par les dirigeants et les employ\u00e9s. Ces informations \u00e9taient un facteur cl\u00e9 pour mener \u00e0 bien les projets. Nous \u00e9tions cependant tenus \u00e0 un strict devoir de confidentialit\u00e9.<\/p>\n<p>J\u2019ai fait partie de ces informaticiens privil\u00e9gi\u00e9s, porteurs d\u2019ombre, alors que certains de mes coll\u00e8gues, qui travaillaient depuis des ann\u00e9es pour des entreprises externes, n\u2019avaient toujours aucune id\u00e9e pr\u00e9cise de qui faisait quoi au sein des organisations pour lesquelles ils intervenaient.<\/p>\n<p>J\u2019ai d\u2019abord vu l\u2019ombre de cette profession chez les hackers, comme le groupe <i>Anonymous <\/i>: des individus masqu\u00e9s, op\u00e9rant dans l\u2019ombre pour soustraire des informations. Ce qui semblait marginal est devenu un fl\u00e9au mondial, face auquel d\u2019autres \u0153uvrent \u00e0 prot\u00e9ger les syst\u00e8mes d\u2019information.<\/p>\n<p><img loading=\"lazy\" decoding=\"async\" class=\"size-full wp-image-28339 aligncenter\" src=\"https:\/\/www.cgjung.net\/espace\/wp-content\/uploads\/2025\/01\/2025-01-26-ombre-et-mal-jprobert-11.png\" alt=\"\" width=\"960\" height=\"540\" \/><\/p>\n<p>Voici la galerie des visages qui ont fa\u00e7onn\u00e9 notre monde num\u00e9rique\u2026 Non, ce n\u2019est pas une liste de personnes recherch\u00e9es par le FBI, ni une affiche de \u00ab\u00a0Wanted\u00a0\u00bb tout droit sortie d\u2019un western ! Pourtant, certains d\u2019entre eux ont fait des ravages\u2026 mais plut\u00f4t derri\u00e8re un \u00e9cran que dans un saloon&nbsp;!&nbsp;<\/p>\n<p>J\u2019ai d\u00e9couvert, non sans difficult\u00e9, la part d\u2019ombre de ces acteurs majeurs, qui, eux, ne portent pas de masque. Aux c\u00f4t\u00e9s de Bill Gates et Steve Jobs sont apparus de nouveaux visages : Larry Page et Sergey Brin (Google), Jeff Bezos (Amazon), Mark Zuckerberg (Facebook), Jack Dorsey (Twitter), Elon Musk (PayPal, SpaceX, Tesla) et Sam Altman (OpenAI).<\/p>\n<p>Ces acteurs partagent des caract\u00e9ristiques communes : ambition, opportunisme et soif de pouvoir. Anim\u00e9s par des id\u00e9aux d\u2019immortalit\u00e9, de voyages spatiaux et de bien commun, ils ignorent leur ombre et s\u2019inscrivent dans le courant du transhumanisme.<\/p>\n<p><img loading=\"lazy\" decoding=\"async\" class=\"size-full wp-image-28340 aligncenter\" src=\"https:\/\/www.cgjung.net\/espace\/wp-content\/uploads\/2025\/01\/2025-01-26-ombre-et-mal-jprobert-12.png\" alt=\"\" width=\"960\" height=\"540\" \/><\/p>\n<p>Le tableau qui s\u2019affiche sous vos yeux, peint en 1960 par Peter Birkh\u00e4user, proche de Carl Gustav Jung et de Marie-Louise von Franz, repr\u00e9sente \u00ab\u00a0un beau jeune homme noir \u00e0 quatre bras, montant un cheval blanc \u00e0 la longue crini\u00e8re, ressemblant \u00e0 un sanglier. Une fleur magique s\u2019\u00e9panouissait, semblant na\u00eetre de sa main ouverte.\u00a0\u00bb<\/p>\n<p>Ce tableau figure dans le livre de Peter Birkh\u00e4user et Marie-Louise von Franz, <a href=\"https:\/\/www.cgjung.net\/mlvf\/oeuvre\/la-lumiere-sort-des-tenebres.htm\">La lumi\u00e8re sort des t\u00e9n\u00e8bres<\/a>. Il appara\u00eet \u00e9galement en couverture du livre <a href=\"https:\/\/www.cgjung.net\/mlvf\/oeuvre\/la_voie_des_reves.htm\">La voie des r\u00eaves<\/a> de Marie-Louise von Franz.<\/p>\n<p>Dans son commentaire, Marie-Louise von Franz reprend l\u2019analyse de Jung :<\/p>\n<blockquote>\n<p>\u00ab\u00a0L\u2019animal sombre est lib\u00e9r\u00e9 et, sous la forme d\u2019un cheval blanc ressemblant \u00e0 un sanglier, il se meut dans de vastes cieux. C\u2019est le blanc P\u00e9gase annon\u00e7ant l\u2019\u00e8re du Verseau \u2026 Le Dieu se r\u00e9v\u00e8le \u00e0 tous. C\u2019est ce que les gens ne peuvent comprendre. [&#8230;] Je ne pourrais pas vous dire tout ce qu\u2019il faudrait savoir sur cette image du <i>puer<\/i>, qui est en lien avec la progressive incarnation de la divinit\u00e9.\u00a0\u00bb<\/p>\n<\/blockquote>\n<p>Jung, lors de ses entretiens avec les \u00e9tudiants en 1958, \u00e0 propos du <i>puer aeternus<\/i>, d\u00e9clare :<\/p>\n<blockquote>\n<p>\u00ab\u00a0Cette figure bien connue des hommes, le <i>puer aeternus<\/i>, est une mani\u00e8re de se comporter instinctive, ou une mani\u00e8re de ne pas payer son d\u00fb \u00e0 la vie.\u00a0\u00bb<\/p>\n<\/blockquote>\n<p>Cette remarque d\u00e9clencha des rires dans l\u2019assembl\u00e9e.<\/p>\n<p>Cet arch\u00e9type du <i>puer<\/i>, qui incarne la jeunesse, s\u2019oppose \u00e0 l\u2019arch\u00e9type du <i>senex<\/i>, repr\u00e9sentant la vieillesse, formant ainsi deux p\u00f4les indissociables. Marie-Louise von Franz en 1987, \u00e0 l\u2019occasion de la publication en anglais de l\u2019ouvrage issu d\u2019un cycle de conf\u00e9rences, <i>Le probl\u00e8me du Puer aeternus<\/i>, <a href=\"https:\/\/www.cgjung.net\/mlvf\/oeuvre\/puer-aeternus.htm\">r\u00e9cemment traduit en fran\u00e7ais<\/a>, souligne que cet arch\u00e9type \u00ab\u00a0peut \u00eatre une source de renouveau et une cause potentielle de mort pr\u00e9matur\u00e9e.\u00a0\u00bb Dans son livre, elle met en lumi\u00e8re les aspects n\u00e9gatifs de l\u2019arch\u00e9type du <i>puer<\/i>, illustr\u00e9s par la psychologie d\u2019Antoine de Saint-Exup\u00e9ry. C\u2019est pr\u00e9cis\u00e9ment cet aspect qui nous int\u00e9resse en lien avec les acteurs de la tech.<\/p>\n<p>Marie-Louise von Franz met en avant plusieurs traits caract\u00e9ristiques du <i>puer aeternus<\/i> : \u00ab\u00a0Il est impatient et donne l\u2019impression de toujours jouer un r\u00f4le, de ne pas \u00eatre tout \u00e0 fait authentique.\u00a0\u00bb (p. 44). Elle pr\u00e9cise \u00e9galement que ces personnalit\u00e9s sont souvent cr\u00e9atives.<\/p>\n<p>Cependant, elle note \u00ab\u00a0une sorte d\u2019individualisme antisocial : dans son esprit, parce qu\u2019il est sp\u00e9cial, il n\u2019a pas besoin de s\u2019adapter, car ce serait trop demander \u00e0 un g\u00e9nie aussi bien cach\u00e9 !\u00a0\u00bb L\u2019arrogance de cette attitude repose, selon elle, sur un m\u00e9lange de faux sentiments de sup\u00e9riorit\u00e9 et d\u2019un complexe d\u2019inf\u00e9riorit\u00e9. (p. 17). Ces traits s\u2019appliquent facilement \u00e0 la plupart des acteurs de notre galerie de portraits.<\/p>\n<p>Elle \u00ab\u00a0d\u00e9note une attitude compl\u00e9tement infantile face au probl\u00e8me de la responsabilit\u00e9 sociale et collective.\u00a0\u00bb (p. 45) et insiste sur le fait que \u00ab\u00a0le <i>puer aeternus<\/i> n\u2019est pas du tout original ! Il est v\u00e9ritablement un type tr\u00e8s collectif.\u00a0\u00bb (p. 150).<\/p>\n<p>Von Franz avertit enfin que ces hommes courent un danger : ils risquent de sombrer dans \u00ab\u00a0une attitude compl\u00e8tement cynique envers les femmes, la vie, le travail et l\u2019argent\u00a0\u00bb&nbsp; devenant \u00ab\u00a0des gens mesquins, terre \u00e0 terre, ce qui r\u00e9tr\u00e9cit leur champ de vision.\u00a0\u00bb (p. 199).<\/p>\n<p>Le <i>puer <\/i>en version n\u00e9gative va de pair avec le <i>senex<\/i>, lui aussi en version n\u00e9gative. Yann Le Cun, scientifique fran\u00e7ais, est convi\u00e9 \u00e0 un d\u00eener par Mark Zuckerberg. \u00ab\u00a0Ce jeune PDG a des airs de vieux sage\u00a0\u00bb, \u00e9crit-il \u00e0 son sujet dans son livre Quand la machine apprend (p. 271). \u00c0 la suite de cette rencontre, Zuckerberg lui propose un poste prestigieux au sein de Facebook : celui de responsable de la division de recherche en IA. Aujourd\u2019hui, Yann Le Cun est toujours chercheur et occupe le poste de scientifique en chef de l\u2019IA chez Facebook, devenu Meta.<\/p>\n<p>Le lien entre le <i>puer <\/i>et le <i>senex <\/i>appara\u00eet clairement, confirm\u00e9 ces derniers mois par le rapprochement entre Elon Musk et Donald Trump. Malgr\u00e9 leur diff\u00e9rence d\u2019\u00e2ge, ils sont \u00e0 la fois <i>puer et senex<\/i> c\u2019est \u00e0 dire \u00ab\u00a0vieux sage\u00a0\u00bb, s&rsquo;accrochant \u00e0 une vision du monde d\u00e9pass\u00e9e depuis longtemps. Cette dynamique s\u2019observe \u00e9galement dans la plupart des pays occidentaux.<\/p>\n<p>Finalement, ces figures du num\u00e9rique, ce sont un peu des enfants g\u00e2t\u00e9s avec un bac+10 en informatique\u2026 sauf qu\u2019au lieu de jouer aux Lego, ils construisent des empires technologiques.<\/p>\n<p><img loading=\"lazy\" decoding=\"async\" class=\"size-full wp-image-28341 aligncenter\" src=\"https:\/\/www.cgjung.net\/espace\/wp-content\/uploads\/2025\/01\/2025-01-26-ombre-et-mal-jprobert-13.png\" alt=\"\" width=\"960\" height=\"540\" \/><\/p>\n<p>Comme vous avez pu le constater, dans mon r\u00e9cit, je n\u2019ai \u00e9voqu\u00e9 que des hommes, blancs, vivant principalement dans les lieux o\u00f9 les d\u00e9veloppements de l\u2019informatique ont vu le jour. Pourtant, voici quelques femmes de premier plan qui, elles aussi, ont marqu\u00e9 l\u2019histoire de cette r\u00e9volution technologique.<\/p>\n<p><strong>Grace Hopper<\/strong> (1906-1992), pionni\u00e8re de l\u2019informatique, a con\u00e7u le premier compilateur en 1951, r\u00e9volutionnant ainsi la mani\u00e8re d\u2019\u00e9crire des programmes informatiques. Elle est \u00e9galement \u00e0 l\u2019origine du langage Cobol en 1959, qui deviendra un standard dans le monde des entreprises.<\/p>\n<p><strong>Margaret Hamilton<\/strong>, n\u00e9e en 1936, a dirig\u00e9 le d\u00e9veloppement des logiciels de navigation pour le programme Apollo. Son travail visionnaire a pos\u00e9 les bases du g\u00e9nie logiciel moderne, en d\u00e9finissant des pratiques essentielles pour la fiabilit\u00e9 des syst\u00e8mes critiques.<\/p>\n<p><strong>Cynthia Breazea<\/strong><strong>l<\/strong>, n\u00e9e en 1967, est une pionni\u00e8re dans le domaine de la robotique sociale. Elle a d\u00e9velopp\u00e9 des robots capables d\u2019interagir de mani\u00e8re \u00e9motionnelle avec les humains, ouvrant ainsi la voie \u00e0 de nouvelles approches dans les interactions homme-machine.<\/p>\n<p><strong>Fei-Fei Li<\/strong>, n\u00e9e en 1975 \u00e0 P\u00e9kin, est une chercheuse de renomm\u00e9e mondiale en intelligence artificielle et en vision par ordinateur. Cofondatrice de l\u2019Institut pour l\u2019intelligence humaine centr\u00e9e (HAI, Stanford), elle milite activement pour une IA \u00e9thique et inclusive, pla\u00e7ant l\u2019humain au c\u0153ur des technologies de demain.<\/p>\n<p><strong>Joy Buolamwini<\/strong>, n\u00e9e en 1989 au Canada, est une chercheuse am\u00e9ricano-ghan\u00e9enne et fondatrice de l\u2019Algorithmic Justice League. Elle est connue pour son travail visant \u00e0 d\u00e9noncer les biais pr\u00e9sents dans les algorithmes d\u2019intelligence artificielle, notamment ceux li\u00e9s au genre et \u00e0 la race, et milite pour une technologie plus juste et \u00e9quitable.<\/p>\n<p>La photo repr\u00e9sentant un groupe mixte illustre une r\u00e9union tenue en septembre 2023 par la Commission europ\u00e9enne, charg\u00e9e des valeurs et de la transparence dans le domaine de l\u2019IA.<\/p>\n<p>Le r\u00f4le des femmes, souvent n\u00e9glig\u00e9, reste crucial, bien qu\u2019elles soient encore sous-repr\u00e9sent\u00e9es. Pourtant, ces femmes contribuent largement au d\u00e9veloppement de l\u2019informatique et de l\u2019intelligence artificielle. Elles incarnent la diversit\u00e9 et favorisent des approches plus inclusives, tout en luttant activement pour une IA plus \u00e9thique et respectueuse des valeurs humaines.<\/p>\n<p>Leur apport nous rappelle que la diversit\u00e9 est essentielle pour concevoir des technologies au service de tous.<\/p>\n<p><img loading=\"lazy\" decoding=\"async\" class=\"size-full wp-image-28342 aligncenter\" src=\"https:\/\/www.cgjung.net\/espace\/wp-content\/uploads\/2025\/01\/2025-01-26-ombre-et-mal-jprobert-14.png\" alt=\"\" width=\"960\" height=\"540\" \/><\/p>\n<p>En lien avec ce sujet, venons-en maintenant \u00e0 l\u2019Intelligence Artificielle. Il est important de noter que le mot \u00ab\u00a0intelligence\u00a0\u00bb doit \u00eatre compris dans son acception anglo-saxonne, signifiant <i>renseignement<\/i>, comme dans l\u2019acronyme CIA, l\u2019agence de renseignements am\u00e9ricaine). L\u2019intelligence humaine, en revanche, est bien plus difficile \u00e0 d\u00e9finir. Elle est multiple, complexe, et ne se limite pas \u00e0 ce que mesure le fameux QI.<\/p>\n<p>Le mot artificiel d\u00e9signe tout ce qui est cr\u00e9\u00e9 ou fabriqu\u00e9 par l\u2019homme, en opposition \u00e0 ce qui est naturel. Il peut reproduire l\u2019apparence ou le fonctionnement d\u2019un \u00e9l\u00e9ment naturel et r\u00e9sulte de proc\u00e9d\u00e9s techniques. Par extension, le mot artifice d\u00e9signe un moyen habile ou ing\u00e9nieux utilis\u00e9 pour atteindre un r\u00e9sultat, souvent avec une connotation de ruse ou de tromperie. Les syst\u00e8mes d\u2019intelligence artificielle, eux, imitent des processus cognitifs humains.<\/p>\n<p>Pour ma part, j\u2019ai eu quelques difficult\u00e9s \u00e0 m\u2019habituer aux initiales IA, qui, dans mon esprit et ma pratique, \u00e9taient associ\u00e9es \u00e0 l\u2019Imagination Active d\u00e9crite par Jung. Ne confondons pas les deux&nbsp;!<\/p>\n<p><img loading=\"lazy\" decoding=\"async\" class=\"size-full wp-image-28343 aligncenter\" src=\"https:\/\/www.cgjung.net\/espace\/wp-content\/uploads\/2025\/01\/2025-01-26-ombre-et-mal-jprobert-15.png\" alt=\"\" width=\"960\" height=\"540\" \/><\/p>\n<p>J\u2019utilise l\u2019IA g\u00e9n\u00e9rative au quotidien, ce qui est le meilleur moyen de comprendre son fonctionnement, ses forces et ses faiblesses. Ces outils repr\u00e9sentent une rupture par rapport aux technologies pr\u00e9c\u00e9dentes et ne doivent pas \u00eatre utilis\u00e9s comme de simples moteurs de recherche.<\/p>\n<p>Ils se pr\u00e9sentent comme des compagnons, ou assistants : ChatGPT, par exemple, vous demande \u00ab\u00a0Comment puis-je vous aider ?\u00a0\u00bb. Inutile de chercher une documentation complexe : il suffit d\u2019interroger l\u2019outil lui-m\u00eame, qui se fera un plaisir de vous r\u00e9pondre.<\/p>\n<p>La politesse est essentielle : les \u00e9changes doivent rester cordiaux. Curieusement, les \u00e9tudes montrent que faire preuve de politesse am\u00e9liore la qualit\u00e9 des r\u00e9sultats obtenus.<\/p>\n<p>Voici un exemple de dialogue. Je remercie chatGPT :<\/p>\n<blockquote>\n<p>\u00ab\u00a0Merci pour tous vos conseils judicieux et pr\u00e9cis. Belle r\u00e9ussite de travail en collaboration\u00a0\u00bb.<\/p>\n<\/blockquote>\n<p>ChatGPT me r\u00e9pond :&nbsp;<\/p>\n<blockquote>\n<p>\u00ab\u00a0Avec grand plaisir ! Merci pour vos mots chaleureux, cela fait toujours plaisir de savoir que mes conseils vous sont utiles. Je vous souhaite une belle r\u00e9ussite dans vos projets, et je suis \u00e0 votre disposition si vous avez d\u2019autres questions ou besoins \u00e0 l\u2019avenir. Bonne continuation dans vos r\u00e9alisations, et bravo pour votre travail soign\u00e9 et collaboratif !\u00a0\u00bb&nbsp;<\/p>\n<\/blockquote>\n<p>C\u2019est fascinant, l\u2019IA vous r\u00e9pond toujours avec une politesse impeccable. Un jour, elle finira m\u00eame par nous envoyer une carte de v\u0153ux pour la nouvelle ann\u00e9e !<\/p>\n<p>Pour ma part, j\u2019utilise la version payante de ChatGPT, nettement plus performante que la version gratuite, comme c\u2019est \u00e9galement le cas pour d\u2019autres solutions. Cette version int\u00e8gre des outils de raisonnement avanc\u00e9, capables de produire des r\u00e9sultats souvent stup\u00e9fiants. Appliqu\u00e9e, \u00e0 titre de test, \u00e0 des notions jungiennes, elle offre des synth\u00e8ses d\u2019une tr\u00e8s grande qualit\u00e9.<\/p>\n<p>Il existe plusieurs outils d\u2019intelligence artificielle g\u00e9n\u00e9rative : ChatGPT, aujourd\u2019hui leader, Gemini de Google, Copilot de Microsoft, Claude d\u2019Anthropic, LLaMA de Meta, ou encore Mistral AI, une startup fran\u00e7aise, parmi d\u2019autres.<\/p>\n<p><img loading=\"lazy\" decoding=\"async\" class=\"size-full wp-image-28344 aligncenter\" src=\"https:\/\/www.cgjung.net\/espace\/wp-content\/uploads\/2025\/01\/2025-01-26-ombre-et-mal-jprobert-16.png\" alt=\"\" width=\"960\" height=\"540\" \/><\/p>\n<p>Vous allez dire que je suis bien allum\u00e9 ! \u00c9changer avec un ordinateur comme s\u2019il s\u2019agissait d\u2019une personne\u2026 Rassurez-vous, je vais bien et je suis pleinement conscient que j\u2019\u00e9change avec une machine. Je suis bien plac\u00e9 pour savoir qu\u2019une pelle m\u00e9canique n\u2019a absolument aucune conscience du travail qu\u2019elle r\u00e9alise, qu\u2019un tableur ignore tout de la finalit\u00e9 des calculs qu\u2019il ex\u00e9cute, et que l\u2019Intelligence Artificielle, programm\u00e9e pour imiter la r\u00e9alit\u00e9, ne sait pas de quoi elle parle.<\/p>\n<p>A titre d\u2019exemple j\u2019ai demand\u00e9 \u00e0 ChatGPT :<\/p>\n<blockquote>\n<p>\u00ab\u00a0Comment en une phrase montrer que le dialogue homme \/ machine dans le cadre de l\u2019IA (cf chatGPT) est une duperie ?\u00a0\u00bb<\/p>\n<\/blockquote>\n<p>Reformulation propos\u00e9e par ChatGPT&nbsp; :<\/p>\n<blockquote>\n<p>\u00ab\u00a0Le dialogue homme\/machine dans le cadre de l&rsquo;IA, tel que ChatGPT, est une duperie car il simule une compr\u00e9hension humaine sans jamais r\u00e9ellement saisir le sens des \u00e9changes.\u00a0\u00bb.<\/p>\n<\/blockquote>\n<p>Je n\u2019ai qu\u2019un mot : bravo !<\/p>\n<p>C\u2019est une forme de tromperie orchestr\u00e9e par les concepteurs de ces outils, qui cherchent \u00e0 attirer le chaland en jouant sur des illusions bien ma\u00eetris\u00e9es. Certains concepteurs sont pleinement conscients de ce qu\u2019ils font et s\u2019appuient sur des m\u00e9canismes psychologiques document\u00e9s, similaires \u00e0 ceux que l\u2019on retrouve dans les techniques de harc\u00e8lement moral ou de manipulation pour influencer et contr\u00f4ler, telles que la valorisation, la projection, l\u2019isolement ou encore le double discours.<\/p>\n<p>Ces outils sont puissants, capables du meilleur comme du pire.<\/p>\n<p>Vous voyez, parler avec une IA, c\u2019est un peu comme dialoguer avec un commercial trop z\u00e9l\u00e9. Il vous r\u00e9pond avec enthousiasme, vous flatte, et vous fait croire qu\u2019il comprend tout\u2026 mais en r\u00e9alit\u00e9, il ne fait que r\u00e9p\u00e9ter ce qu\u2019il a appris par c\u0153ur !<\/p>\n<p><img loading=\"lazy\" decoding=\"async\" class=\"size-full wp-image-28345 aligncenter\" src=\"https:\/\/www.cgjung.net\/espace\/wp-content\/uploads\/2025\/01\/2025-01-26-ombre-et-mal-jprobert-17.png\" alt=\"\" width=\"960\" height=\"540\" \/><\/p>\n<p>Voici les points que je n&rsquo;ai pas d\u00e9velopp\u00e9s :<\/p>\n<ul>\n<li>L\u2019impact de l\u2019IA et de la technologie sur les utilisateurs eux-m\u00eames, en termes de d\u00e9pendance, d&rsquo;addiction, ou de transformation de leur rapport au monde.<\/li>\n<li>L\u2019\u00e9thique des concepteurs d\u2019IA et la r\u00e9gulation internationale : comment g\u00e9rer la responsabilit\u00e9 collective face \u00e0 des outils aussi puissants ?<\/li>\n<li>Le r\u00f4le des r\u00e9cits mythologiques dans la perception et l\u2019utilisation de la technologie : comment ces discours influencent-ils l\u2019acceptation de l\u2019IA ?<\/li>\n<li>Les diff\u00e9rences culturelles dans les visions de l\u2019IA : entre le techno-utopisme occidental et les approches philosophiques orientales\u2026<\/li>\n<li>Le co\u00fbt \u00e9cologique de l\u2019informatique et de l\u2019IA : extraction de minerais rares, consommation \u00e9nerg\u00e9tique des centres de donn\u00e9es, et leurs impacts environnementaux.<\/li>\n<li>Une critique des promesses transhumanistes : notamment sur l\u2019immortalit\u00e9 et ses implications \u00e9thiques ou psychologiques.<\/li>\n<li>Le virtuel et l\u2019inconscient : comment le virtuel transforme-t-il notre acc\u00e8s ou notre relation \u00e0 l\u2019inconscient collectif ?&nbsp; Comment les outils fa\u00e7onnent-ils la psych\u00e9 collective ?<\/li>\n<li>Des pistes pour un usage plus conscient des outils technologiques : exemples de mouvements cherchant \u00e0 r\u00e9\u00e9quilibrer la place de l\u2019humain face \u00e0 l\u2019IA.<\/li>\n<\/ul>\n<p>Ces th\u00e9matiques m\u00e9riteront d\u2019\u00eatre approfondies dans de futurs \u00e9changes.<\/p>\n<p><img loading=\"lazy\" decoding=\"async\" class=\"size-full wp-image-28346 aligncenter\" src=\"https:\/\/www.cgjung.net\/espace\/wp-content\/uploads\/2025\/01\/2025-01-26-ombre-et-mal-jprobert-18.png\" alt=\"\" width=\"960\" height=\"540\" \/><\/p>\n<p>\u00ab\u00a0Dire que le mal n\u2019est qu\u2019une ombre est une conception tr\u00e8s optimiste. Le mal est une r\u00e9alit\u00e9. [&#8230;] Il est !\u00a0\u00bb nous dit Jung (Entretiens, p 86). Nous venons de voir \u00e0 quel point le mal peut \u00eatre sous-jacent \u00e0 tous ces produits, qui se pr\u00e9sentent pourtant sous leur meilleur jour.<\/p>\n<p>Notre psych\u00e9, \u00e0 ce que j\u2019observe, se tient \u00e0 distance de ces outils, qu\u2019elle per\u00e7oit comme une menace. Elle ne comprend pas toujours ce qui se passe, souvent leurr\u00e9e par ces intrus. Je rappelle qu\u2019elle condense les exp\u00e9riences humaines accumul\u00e9es depuis la nuit des temps.<\/p>\n<p>Jung nous rappelle opportun\u00e9ment, \u00e0 propos du processus d\u2019individuation, que l\u2019on peut compter sur la psych\u00e9 : \u00ab\u00a0Et vous pouvez \u00eatre s\u00fbr que, si vous n\u2019\u00eates pas int\u00e9ress\u00e9 par votre destin, l\u2019inconscient, lui, l\u2019est. C\u2019est difficile, c\u2019est tr\u00e8s difficile.\u00a0\u00bb (Entretiens, p 159).<\/p>\n<p><img loading=\"lazy\" decoding=\"async\" class=\"size-full wp-image-28347 aligncenter\" src=\"https:\/\/www.cgjung.net\/espace\/wp-content\/uploads\/2025\/01\/2025-01-26-ombre-et-mal-jprobert-19.png\" alt=\"\" width=\"960\" height=\"540\" \/><\/p>\n<p>On voit d\u00e9j\u00e0 fleurir des textes reprenant des citations, ainsi que des montages o\u00f9 une voix de synth\u00e8se est superpos\u00e9e \u00e0 des extraits vid\u00e9o de Jung, von Franz et d\u2019autres. Ces productions sont enti\u00e8rement g\u00e9n\u00e9r\u00e9es \u00e0 l\u2019aide de ces outils.<\/p>\n<p>De m\u00eame, pour beaucoup, la tentation d\u2019utiliser ces robots pour dialoguer est grande, et les r\u00e9sultats ne sont pas toujours d\u00e9cevants. Cependant, \u00e0 force de les utiliser, on risque de perdre de vue l\u2019essentiel : entretenir et conserver un lien solide avec l\u2019inconscient.<\/p>\n<p>Par ailleurs, la tentation est forte, notamment chez certains post-jungiens anglo-saxons, d\u2019\u00e9tablir des rapprochements ou des similitudes entre le fonctionnement de la psych\u00e9 et celui de l\u2019intelligence artificielle. Certes, les deux partagent une immense complexit\u00e9, mais, \u00e0 mon sens, c\u2019est un pi\u00e8ge dans lequel il ne faut pas tomber, car ces notions sont fondamentalement oppos\u00e9es.<\/p>\n<p><img loading=\"lazy\" decoding=\"async\" class=\"size-full wp-image-28348 aligncenter\" src=\"https:\/\/www.cgjung.net\/espace\/wp-content\/uploads\/2025\/01\/2025-01-26-ombre-et-mal-jprobert-20.png\" alt=\"\" width=\"960\" height=\"540\" \/><\/p>\n<p>Sur la base du sch\u00e9ma utilis\u00e9 par Jung pour repr\u00e9senter les fonctions psychologiques et leurs oppositions\/r\u00e9partitions (pens\u00e9e, intuition, sentiment, sensation), ou de celui employ\u00e9 par Toni Wolff pour repr\u00e9senter l\u2019essence de la femme (M\u00e8re, Amazone, H\u00e9ta\u00efre, M\u00e9diale), je propose ce sch\u00e9ma pour illustrer les quatre mondes dans lesquels nous vivons.<\/p>\n<p>Sur la partie gauche un monde dit naturel compl\u00e9t\u00e9 par un monde surnaturel (les divinit\u00e9s et les figures spirituelles, les entit\u00e9s d\u00e9moniaques, les \u00e2mes, les fant\u00f4mes, etc.) et un monde artificiel (les outils, les maisons, les routes, etc.). C\u2019est le monde quand Jung est n\u00e9 en 1875, il y a 150 ans. Jung, von Franz et bien d\u2019autres sont des exemples de personnes que l\u2019on peut consid\u00e9rer comme des humanistes.<\/p>\n<p>Sur la partie droite, le monde virtuel s\u2019oppose au monde naturel. Il englobe l\u2019univers des jeux vid\u00e9o et des m\u00e9tavers. Ce monde est secr\u00e8tement nourri par une partie du surnaturel, et, comme nous venons de le voir, par tout le domaine de l\u2019intelligence artificielle, qui donne naissance \u00e0 un nouveau courant qualifi\u00e9 de post-humaniste.<\/p>\n<p>De mon c\u00f4t\u00e9, j\u2019ai choisi mon camp : celui de l\u2019humanisme, m\u00eame si je n\u2019h\u00e9site pas \u00e0 utiliser les outils qui s\u2019offrent \u00e0 nous lorsqu\u2019ils peuvent r\u00e9ellement nous aider.<\/p>\n<p><b>Pour conclure<\/b>, je vais vous raconter une anecdote. En 2022, j\u2019ai vu un documentaire intitul\u00e9 <i>Musk vs Bezos : la nouvelle guerre des \u00e9toiles<\/i>.<\/p>\n<p>Dans l\u2019une des s\u00e9quences, le reporter se rend sur un site texan acquis par Jeff Bezos, le patron d\u2019Amazon, situ\u00e9 dans une zone d\u00e9sertique. C\u2019est l\u2019un des sites de lancement suborbital et d\u2019essais de moteurs pour ses fus\u00e9es Blue Origin.<\/p>\n<p>Aux abords du site, le reporter s\u2019arr\u00eate dans un bar typique de la r\u00e9gion, o\u00f9 il croise un habitu\u00e9 du comptoir. L\u2019homme, un Texan haut en couleurs, est accoud\u00e9 au bar, un verre de whisky devant lui. Intrigu\u00e9, le reporter l\u2019interroge sur Jeff Bezos et l\u2019immensit\u00e9 des terrains privatis\u00e9s.<\/p>\n<p>L\u2019homme, l\u2019air dubitatif, lui r\u00e9pond simplement :<\/p>\n<blockquote>\n<p>&lsquo;Il doit boire du mauvais whisky !&rsquo;<\/p>\n<\/blockquote>\n<p>Entre nous, quand on voit Bezos et Musk partir \u00e0 la conqu\u00eate de l\u2019espace, on se demande s\u2019ils ont juste un r\u00eave de gosse\u2026 ou s\u2019ils cherchent un plan B au cas o\u00f9 on finirait par les exiler !<\/p>\n<p><em>Des questions \/ r\u00e9ponses ont suivi, si vous souhaitez \u00e9couter la totalit\u00e9 de ces \u00e9changes, ils sont disponibles sur les plateformes de podcast ainsi que <a href=\"https:\/\/frequenceprotestante.com\/events\/colloque-2025-6-7-un-monde-de-puers\/\" target=\"_blank\" rel=\"noopener\">sur le site de Fr\u00e9quence&nbsp; Protestante<\/a>.<\/em><\/p>\n<p>Cette conf\u00e9rence s&rsquo;inscrivait dans le cadre <a href=\"https:\/\/www.cgjung.net\/espace\/accueil\/actualite\/2025-01-25_26-colloque\/\">du colloque L\u2019\u0153uvre de Jung, pr\u00e9sent et devenir<\/a>, qui s&rsquo;est tenu \u00e0 Paris les 25 et 26 janvier 2025.<\/p>\n<p style=\"text-align: right;\"><a href=\"https:\/\/www.cgjung.net\/espace\/accueil\/jprobert\/\">Articles de Jean-Pierre Robert sur le site Espace Francophone Jungien<\/a><\/p>\n","protected":false},"excerpt":{"rendered":"<p>Dans sa conf\u00e9rence intitul\u00e9e L&rsquo;ombre et le mal &#8211; Un monde de \u00ab\u00a0puers\u00a0\u00bb : comment l&rsquo;ombre et le mal s&rsquo;immiscent dans nos vies ?, Jean-Pierre Robert explore les aspects obscurs des technologies modernes, notamment l&rsquo;intelligence artificielle, \u00e0 travers le prisme de la psychologie jungienne. Il met en \u00e9vidence la mani\u00e8re dont ces innovations refl\u00e8tent et [&hellip;]<\/p>\n","protected":false},"author":1,"featured_media":0,"parent":21540,"menu_order":19,"comment_status":"closed","ping_status":"closed","template":"","meta":{"footnotes":""},"class_list":["post-28350","page","type-page","status-publish","hentry"],"_links":{"self":[{"href":"https:\/\/www.cgjung.net\/espace\/wp-json\/wp\/v2\/pages\/28350","targetHints":{"allow":["GET"]}}],"collection":[{"href":"https:\/\/www.cgjung.net\/espace\/wp-json\/wp\/v2\/pages"}],"about":[{"href":"https:\/\/www.cgjung.net\/espace\/wp-json\/wp\/v2\/types\/page"}],"author":[{"embeddable":true,"href":"https:\/\/www.cgjung.net\/espace\/wp-json\/wp\/v2\/users\/1"}],"replies":[{"embeddable":true,"href":"https:\/\/www.cgjung.net\/espace\/wp-json\/wp\/v2\/comments?post=28350"}],"version-history":[{"count":27,"href":"https:\/\/www.cgjung.net\/espace\/wp-json\/wp\/v2\/pages\/28350\/revisions"}],"predecessor-version":[{"id":30220,"href":"https:\/\/www.cgjung.net\/espace\/wp-json\/wp\/v2\/pages\/28350\/revisions\/30220"}],"up":[{"embeddable":true,"href":"https:\/\/www.cgjung.net\/espace\/wp-json\/wp\/v2\/pages\/21540"}],"wp:attachment":[{"href":"https:\/\/www.cgjung.net\/espace\/wp-json\/wp\/v2\/media?parent=28350"}],"curies":[{"name":"wp","href":"https:\/\/api.w.org\/{rel}","templated":true}]}}