{"id":21971,"date":"2023-09-13T07:15:39","date_gmt":"2023-09-13T05:15:39","guid":{"rendered":"https:\/\/www.cgjung.net\/espace\/?page_id=21971"},"modified":"2025-09-21T13:19:20","modified_gmt":"2025-09-21T11:19:20","slug":"ombre-collective","status":"publish","type":"page","link":"https:\/\/www.cgjung.net\/espace\/accueil\/peggy-vermeesch\/ombre-collective\/","title":{"rendered":"Ombre collective et bouc \u00e9missaire : l&rsquo;essence du mal (2\/3)"},"content":{"rendered":"<p><strong>L&rsquo;\u00e9pisode \u00ab\u00a0L&rsquo;essence du mal\u00a0\u00bb de Star Trek illustre les concepts jungiens d&rsquo;identification \u00e0 la persona, d&rsquo;ombre collective, d&rsquo;inflation et la notion de bouc \u00e9missaire selon Erich Neumann. Les dialogues font \u00e9cho \u00e0 l&rsquo;imagination active. La n\u00e9cessit\u00e9 d&rsquo;int\u00e9grer l&rsquo;ombre ressort clairement.<\/strong><\/p>\n<p><img loading=\"lazy\" decoding=\"async\" class=\"size-full wp-image-22669 aligncenter\" src=\"https:\/\/www.cgjung.net\/espace\/wp-content\/uploads\/2023\/10\/star-trek-5.jpg\" alt=\"\" width=\"371\" height=\"400\" \/><\/p>\n<p style=\"text-align: right;\"><a href=\"https:\/\/www.cgjung.net\/espace\/jps\/articles\/peggy-vermeesch\/collective-shadow-projection\/\">Version anglaise de cet article<\/a><\/p>\n<p><span style=\"color: #000000;\">Cet article s&rsquo;appuie sur l&rsquo;ouvrage de l&rsquo;analyste jungien Erich Neumann <span style=\"text-decoration: underline;\"><a href=\"http:\/\/www.amazon.fr\/exec\/obidos\/ASIN\/0877735719\/carlgustavjungen\" target=\"_blank\" rel=\"noopener\">Depth psychology and a New Ethic<\/a><\/span> (1949) [<em>Psychologie des Profondeurs et une Nouvelle \u00c9thique,<\/em> <span class=\"VIiyi\" lang=\"fr\"><span class=\"JLqJ4b\"><span class=\"Q4iAWc\">livre&nbsp;non traduit en fran\u00e7ais]<\/span><\/span><\/span>.<\/span><\/p>\n<p><span style=\"color: #000000;\">Dans l&rsquo;article pr\u00e9c\u00e9dent <a href=\"https:\/\/www.cgjung.net\/espace\/accueil\/peggy-vermeesch\/ombre-en-star-trek\/\">Les Borgs de Star Trek: symbole de l&rsquo;inconscient collectif dans son aspect d&rsquo;ombre d\u00e9vorant et annihilant<\/a>, j&rsquo;ai indiqu\u00e9 succinctement quelle \u00e9tait la signification pour Erich Neumann de <em>l&rsquo;Ancienne Ethique<\/em>. Il s&rsquo;agit de maintenir un point de vue \u00e9thique en \u00e9liminant tout ce qui est en conflit avec nos valeurs les plus \u00e9lev\u00e9es. En outre, les concepts suivants ont \u00e9t\u00e9 explor\u00e9s : suppression, r\u00e9pression, persona, ombre et possession.<\/span><\/p>\n<p><strong>L\u2019identification \u00e0 la persona<\/strong><\/p>\n<p>Neumann \u00e9crit :<\/p>\n<blockquote>\n<p>\u00ab\u00a0La situation la plus courante et la plus famili\u00e8re \u00e0 l&rsquo;homme lambda est celle o\u00f9 le moi s&rsquo;identifie aux valeurs \u00e9thiques. Cette identification passe par une identification du moi \u00e0 la persona. Le moi se confond avec la personnalit\u00e9 de fa\u00e7ade (qui n&rsquo;est bien s\u00fbr en r\u00e9alit\u00e9 que la partie de la personnalit\u00e9 adapt\u00e9e au collectif) et oublie qu&rsquo;il poss\u00e8de des aspects qui vont \u00e0 l&rsquo;encontre de la persona.\u00a0\u00bb<\/p>\n<\/blockquote>\n<p><strong>L&rsquo;inflation<\/strong><\/p>\n<blockquote>\n<p>\u00ab\u00a0Dans ce processus, le moi est victime d&rsquo;une inflation tr\u00e8s dangereuse &#8211; c&rsquo;est-\u00e0-dire d&rsquo;un \u00e9tat dans lequel la conscience est \u00ab\u00a0gonfl\u00e9e\u00a0\u00bb sous l&rsquo;influence d&rsquo;un contenu inconscient.\u00a0\u00bb<\/p>\n<\/blockquote>\n<p><span style=\"color: #000000;\">Tant que nous ne voyons pas qui nous sommes vraiment et que nous nous consid\u00e9rons comme identiques au masque id\u00e9alis\u00e9 que nous affichons \u00e0 l&rsquo;ext\u00e9rieur, notre moi s&rsquo;identifie \u00e0 notre persona. Parce que la persona est constitu\u00e9e de valeurs collectives, nous appelons cela une <em>inflation<\/em>. Nous sommes enfl\u00e9s, gonfl\u00e9s et poss\u00e9d\u00e9s lorsque nous nous d\u00e9finissons en tant que contenus transpersonnels ou inconscients de notre psych\u00e9 qui s&rsquo;imposent \u00e0 nous.<\/span><\/p>\n<blockquote>\n<p>\u00ab\u00a0Ce qui rend cet \u00e9tat de possession si dangereux&#8230; c&rsquo;est qu&rsquo;il emp\u00eache le moi et l&rsquo;esprit conscient de parvenir \u00e0 une v\u00e9ritable orientation vers la r\u00e9alit\u00e9.\u00a0\u00bb<\/p>\n<\/blockquote>\n<p>Dans notre conscience, les contenus r\u00e9prim\u00e9es qui sont incompatibles avec nos valeurs n&rsquo;ont pas leur place. Retourn\u00e9s dans l&rsquo;inconscient ils m\u00e8nent une vie autonome d&rsquo;ombre. Coup\u00e9s de certaines parties de nous-m\u00eames, nous ne pouvons plus voir ce qui rel\u00e8ve du r\u00e9el. De ce fait notre vision de la r\u00e9alit\u00e9 est limit\u00e9e.<\/p>\n<p><span style=\"color: #000000;\">Ceci est tout aussi vrai au niveau personnel qu&rsquo;au niveau collectif. \u00c0 notre naissance nous d\u00e9couvrons une famille, une culture et une soci\u00e9t\u00e9 organis\u00e9e. Chacune a ses propres valeurs et son ombre collective, le tout solidement \u00e9tabli.<\/span><\/p>\n<p><span style=\"color: #000000;\"><strong>Il faut produire un effort \u00e9norme et d\u00e9penser beaucoup d&rsquo;\u00e9nergie pour s&rsquo;extraire d&rsquo;un syst\u00e8me solidement \u00e9tabli qui nous a form\u00e9 avant m\u00eame la naissance.<\/strong><\/span><\/p>\n<p><span style=\"color: #000000;\">De notre point de vue, il est ind\u00e9niable que les Borgs de Star Trek repr\u00e9sentent le mal \u00e0 l&rsquo;\u00e9tat pur (<a href=\"https:\/\/www.cgjung.net\/espace\/accueil\/peggy-vermeesch\/ombre-en-star-trek\/\">article pr\u00e9c\u00e9dent<\/a>). Lorsqu&rsquo;il s&rsquo;identifie \u00e0 la persona, notre moi nie compl\u00e8tement qu&rsquo;une partie de nous ressemble \u00e0 une partie des Borgs. Rien de bon ne r\u00e9side dans le Collectif Borg.<\/span><\/p>\n<p>Mais, en tant qu&rsquo;ombre inconsciente et donc largement autonome, les Borgs croient in\u00e9branlablement qu&rsquo;ils travaillent pour le plus grand bien. Pour illustrer ce point, je propose quelques citations de <em>la Reine Borg<\/em>.<\/p>\n<blockquote>\n<p>\u00ab\u00a0En assimilant d&rsquo;autres races \u00e0 notre collectif, nous les rapprochons de la perfection.\u00a0\u00bb<\/p>\n<p><span style=\"color: #000000;\">\u00ab\u00a0Ils ont laiss\u00e9 derri\u00e8re eux leurs vies triviales et \u00e9go\u00efstes, et ils renaissent avec un plus grand but. Nous les avons d\u00e9livr\u00e9s du chaos \u00e0 l&rsquo;ordre.\u00a0\u00bb<\/span><\/p>\n<\/blockquote>\n<p>Et une citation d&rsquo;un ancien drone :<\/p>\n<blockquote>\n<p>\u00ab\u00a0Lorsque nous \u00e9tions li\u00e9s, nous n&rsquo;avions pas de conflit ethnique. Il n&rsquo;y avait pas de crime, pas de faim, pas de probl\u00e8mes de sant\u00e9. Nous vivions comme une famille harmonieuse.\u00a0\u00bb<\/p>\n<\/blockquote>\n<p><strong>L&rsquo;imagination active<\/strong><\/p>\n<p>L&rsquo;imagination active est une m\u00e9thode red\u00e9couverte et d\u00e9velopp\u00e9e par Carl Jung. <span class=\"HwtZe\" lang=\"fr\"><span class=\"jCAhz ChMk0b\"><span class=\"ryNqvb\">Elle consiste \u00e0 donner voix et repr\u00e9sentation aux diff\u00e9rentes parties de notre inconscient, puis \u00e0 dialoguer consciemment avec elles.<\/span><\/span><\/span>&nbsp;Dans le livre rouge de Jung, exemple de l&rsquo;imagination active, sont consign\u00e9s les \u00e9changes, \u00e9crits et visuels, qu&rsquo;il a eu avec son inconscient alors qu&rsquo;il traversait un moment difficile de sa vie.<\/p>\n<p>De tels r\u00e9cits d&rsquo;imagination active montrent que ces parties de nous, repr\u00e9sent\u00e9es par des figures int\u00e9rieures, sont absolument convaincues qu&rsquo;elles nous aident. Comme les Borgs, elles sont d\u00e9termin\u00e9es et moralisatrices et n&rsquo;ont absolument aucune id\u00e9e des dommages qu&rsquo;elles peuvent causer \u00e0 notre vie ext\u00e9rieure. Elles sont autonomes et inconscientes.<\/p>\n<p><strong>Du point de vue des Borgs<\/strong><\/p>\n<p><span style=\"color: #000000;\">On pourrait renverser la situation et consid\u00e9rer les Borgs comme s&rsquo;identifiant \u00e0 leur propre persona v\u00e9hiculant les valeurs les plus \u00e9lev\u00e9es : la perfection, l&rsquo;ordre et l&rsquo;harmonie. Dans le processus de reniement et de r\u00e9pression des \u00e9l\u00e9ments qui sont incompatibles avec cet ordre, leur individualit\u00e9 et leur libert\u00e9 se trouvent rel\u00e9gu\u00e9es dans l&rsquo;ombre.<\/span><\/p>\n<p><span class=\"HwtZe\" lang=\"fr\"><span class=\"jCAhz ChMk0b\"><span class=\"ryNqvb\">Ceci est d\u00e9crit dans les \u00e9pisodes de <em>Star Trek : Voyager<\/em> appel\u00e9s \u00ab\u00a0<em>Unimatrice Z\u00e9ro<\/em>\u00ab\u00a0.<\/span><\/span> <span class=\"jCAhz ChMk0b\"><span class=\"ryNqvb\">La reine Borg d\u00e9couvre une&nbsp;<em>mutation<\/em> dans le collectif Borg qui affecte un drone sur un million.<\/span><\/span> <span class=\"jCAhz ChMk0b\"><span class=\"ryNqvb\">Pendant que ces drones <em>se r\u00e9g\u00e9n\u00e8rent,<\/em> comme s&rsquo;ils dormaient, ils exp\u00e9rimentent leur individualit\u00e9 et peuvent interagir les uns avec les autres dans un environnement virtuel rempli d\u2019arbres.<\/span><\/span> <span class=\"jCAhz ChMk0b\"><span class=\"ryNqvb\">En se r\u00e9veillant \u00e0 la vie ext\u00e9rieure sur leur vaisseau spatial, un cube Borg compl\u00e8tement d\u00e9pourvu de nature, ils ne se souviennent de rien.<\/span><\/span> <\/span><\/p>\n<p><span class=\"HwtZe\" lang=\"fr\"><span class=\"jCAhz ChMk0b\"><span class=\"ryNqvb\">Tout comme notre ombre et autres aspects inconscients apparaissent dans nos r\u00eaves durant notre sommeil pour compenser notre orientation consciente, c&rsquo;est \u00e9galement le cas pour les Borgs.<\/span><\/span> <span class=\"jCAhz ChMk0b\"><span class=\"ryNqvb\">Bien entendu, la Reine Borg entreprend d\u2019\u00e9liminer ce <em>dysfonctionnement<\/em> afin que son Collectif puisse \u00e0 nouveau \u00eatre conforme \u00e0 l\u2019incarnation de la <em>perfection<\/em>.<\/span><\/span><\/span><\/p>\n<p><span style=\"color: #000000;\"><span class=\"HwtZe\" lang=\"fr\"><span class=\"jCAhz ChMk0b\"><span class=\"ryNqvb\">Donc, si nous consid\u00e9rons \u00e0 la fois les Borgs et <em><span class=\"ILfuVd\" lang=\"fr\"><span class=\"hgKElc\">La F\u00e9d\u00e9ration des Plan\u00e8tes Unies<\/span><\/span><\/em> de Star Trek comme des civilisations en guerre, nous pourrions dire que les deux commettent la m\u00eame erreur.<\/span><\/span><\/span> En menant une vie unilat\u00e9rale bas\u00e9e sur l&rsquo;\u00e9limination de tout ce qui est incompatible avec leurs valeurs les plus hautes (<em>l&rsquo;Ancienne Ethique de Neumann<\/em>), ils projettent chacun leur part d&rsquo;ombre sur l&rsquo;autre, qui est alors contraint de la vivre de mani\u00e8re inconsciente et autonome.<\/span><\/p>\n<p><span style=\"color: #000000;\">Nous pouvons penser que ce n&rsquo;est pas une comparaison \u00e9quitable. Les attaques des Borgs ne sont pas provoqu\u00e9es et menacent d&rsquo;an\u00e9antir ce qui nous est le plus pr\u00e9cieux : notre individualit\u00e9. Aucune n\u00e9gociation ou compromis n&rsquo;est possible. Comme ils le disent : <em>\u00ab\u00a0Toute r\u00e9sistance est futile\u00a0\u00bb<\/em>.<\/span><\/p>\n<p>En revanche, la F\u00e9d\u00e9ration se contente de laisser les Borgs tels qu&rsquo;ils sont, tant qu&rsquo;ils n&rsquo;essaient pas d&#8217;empi\u00e9ter sur la libert\u00e9 d&rsquo;une autre esp\u00e8ce. Mais cette derni\u00e8re mise en garde limite en fait le mode de vie accept\u00e9 des Borgs : la reproduction et la croissance par assimilation d&rsquo;autres esp\u00e8ces.<\/p>\n<p>Le Borg n&rsquo;est pas mauvais selon ses propres valeurs, puisque la libert\u00e9, l&rsquo;individualit\u00e9 et ses corollaires de n\u00e9gociation et de compromis ne font tout simplement pas partie de ces valeurs.<\/p>\n<p>D&rsquo;autre part, la F\u00e9d\u00e9ration valorise toute vie et chaque individu, de sorte que ses actions sont en fait contraires \u00e0 la croissance et \u00e0 la prolif\u00e9ration des Borgs. Alors quelle civilisation est la plus morale selon ses propres valeurs ?<\/p>\n<p><strong>La projection d&rsquo;ombre et la d\u00e9signation comme bouc \u00e9missaire<\/strong><\/p>\n<p>Neumann \u00e9crit :<\/p>\n<blockquote>\n<p>\u00ab\u00a0L&rsquo;ombre, qui est en conflit avec les valeurs reconnues, ne peut \u00eatre accept\u00e9e comme une partie n\u00e9gative de sa propre psych\u00e9 et est donc projet\u00e9e &#8211; c&rsquo;est-\u00e0-dire qu&rsquo;elle est transf\u00e9r\u00e9e vers le monde ext\u00e9rieur et v\u00e9cue comme un objet ext\u00e9rieur. Il est combattu, puni et extermin\u00e9 comme <em>l&rsquo;extraterrestre l\u00e0-bas<\/em> au lieu d&rsquo;\u00eatre trait\u00e9 comme <em>son propre probl\u00e8me int\u00e9rieur<\/em>.\u00a0\u00bb<\/p>\n<\/blockquote>\n<p><span style=\"color: #000000;\">Les Borgs pr\u00e9dateurs, qui menacent de mani\u00e8re r\u00e9aliste le mode de vie de toutes les autres esp\u00e8ces, se pr\u00eatent parfaitement \u00e0 la projection d&rsquo;ombre de la F\u00e9d\u00e9ration hautement individualiste. Psychologiquement, cela doit \u00eatre ressenti comme un tel soulagement pour la F\u00e9d\u00e9ration qu&rsquo;elle peut simplement renier les parties incompatibles avec ses valeurs. Ils peuvent adopter des comportements moraux et bons et \u00eatre les h\u00e9ros qui combattant les Borgs qui vivent volontairement ces parties n\u00e9gatives rejet\u00e9es.<\/span><\/p>\n<p><span style=\"color: #000000;\"><strong>Mais il n&rsquo;est pas toujours facile de trouver le parfait porteur de l&rsquo;ombre collective. Parfois, la projection de l&rsquo;ombre est plus arbitraire et un bouc \u00e9missaire doit \u00eatre trouv\u00e9 ou m\u00eame cr\u00e9\u00e9.<\/strong><\/span><\/p>\n<p><span style=\"color: #000000;\">Dans l&rsquo;\u00e9pisode de Star Trek : La Nouvelle G\u00e9n\u00e9ration intitul\u00e9 <em>\u00ab\u00a0L&rsquo;Essence du Mal\u00a0\u00bb<\/em>, une navette s&rsquo;\u00e9crase sur une plan\u00e8te inhabit\u00e9e. Lorsque l&rsquo;\u00e9quipage de l&rsquo;Enterprise se t\u00e9l\u00e9porte, ils rencontrent <em>\u00ab\u00a0une nappe noire\u00a0\u00bb<\/em>. Bien que le mot <em>ombre<\/em> ne soit jamais utilis\u00e9, le clich\u00e9 ci-dessous \u00e9voque clairement cette id\u00e9e.<\/span><\/p>\n<p><img loading=\"lazy\" decoding=\"async\" class=\"size-full wp-image-22064 aligncenter\" src=\"https:\/\/www.cgjung.net\/espace\/wp-content\/uploads\/2023\/08\/star-trek-2.jpg\" alt=\"\" width=\"600\" height=\"410\" \/><\/p>\n<p>Lorsque l&rsquo;ombre insiste pour savoir pourquoi ils veulent se rendre \u00e0 la navette, le commandant Riker r\u00e9pond qu&rsquo;ils doivent s&rsquo;occuper des membres de l&rsquo;\u00e9quipage bless\u00e9s et que <em>\u00ab\u00a0pr\u00e9server la vie, toute forme de vie, est une chose tr\u00e8s importante pour nous. Nous croyons que toute forme de vie dans l&rsquo;univers a le droit d&rsquo;exister.\u00a0\u00bb<\/em> C&rsquo;est l&rsquo;une des plus hautes valeurs de la F\u00e9d\u00e9ration.<\/p>\n<p><span style=\"color: #000000;\">L&rsquo;ombre r\u00e9pond : <em>\u00ab\u00a0Une opinion int\u00e9ressante que je ne partage pas.\u00a0\u00bb<\/em> Lorsque le lieutenant Yar, membre de l&rsquo;\u00e9quipage principal, tente de traverser, l&rsquo;ombre la tue dans un acte brutal et inattendu que personne n&rsquo;a vu venir.<\/span><\/p>\n<p>Pendant ce temps, la psychologue du vaisseau spatial, la conseill\u00e8re Deanna Troi, est bless\u00e9e et coinc\u00e9e dans la navette. Elle est \u00e0 moiti\u00e9 humaine, \u00e0 moiti\u00e9 b\u00e9tazo\u00efde et a la capacit\u00e9 de ressentir les \u00e9motions des autres \u00eatres. A travers son dialogue avec l&rsquo;ombre, nous apprenons son origine.<\/p>\n<blockquote>\n<p>Troi : \u00ab\u00a0Vous me semblez si seul. Abandonn\u00e9. Qui vous a laiss\u00e9 ici ?\u00a0\u00bb<\/p>\n<p><span style=\"color: #000000;\">Ombre : \u00ab\u00a0Des cr\u00e9atures dont la beaut\u00e9 \u00e9blouisse ceux qui la contemplent. Elles n&rsquo;existeraient pas sans moi.\u00a0\u00bb<\/span><\/p>\n<p>Troi&nbsp;: \u00ab\u00a0Vous viviez avec elles?\u00a0\u00bb<\/p>\n<p>Ombre : \u00ab\u00a0Elles ont d\u00e9couvert le moyen d&rsquo;expulser de leur \u00eatre tout le mal visc\u00e9ral qui bouillonnait en elles. Avec le temps il a pris une forme tangible, poisseuse et r\u00e9pugnante.\u00a0\u00bb<\/p>\n<p>Troi&nbsp;: \u00ab\u00a0Vous?\u00a0\u00bb<\/p>\n<p>Ombre : \u00ab\u00a0Oui.\u00a0\u00bb<\/p>\n<p>Troi : \u00ab\u00a0Elles sont venues ici pour se d\u00e9barrasser de vous.\u00a0\u00bb<\/p>\n<p>Ombre&nbsp;: \u00ab\u00a0Exactement.\u00a0\u00bb<\/p>\n<\/blockquote>\n<p><span style=\"color: #000000;\">Fid\u00e8le \u00e0 son attitude empathique, Troi r\u00e9pond: <em>\u00ab\u00a0Comme je vous plains\u00a0\u00bb<\/em>. Mais cela ne fait qu&rsquo;irriter davantage l&rsquo;ombre et la rend encore plus dangereuse. Finalement, l&rsquo;\u00e9quipage trouve un moyen de tromper l&rsquo;ombre en baissant sa garde et en s&rsquo;\u00e9chappant simplement, laissant l&rsquo;ombre derri\u00e8re.<\/span><\/p>\n<p><span style=\"color: #000000;\">Dans ce cas, il n&rsquo;y a pas de r\u00e9demption possible car l&rsquo;ombre n&rsquo;est pas la leur. Elle est compl\u00e8tement d\u00e9tach\u00e9e de celui qui en est le porteur \u00e0 l&rsquo;origine.<\/span><\/p>\n<p><span style=\"color: #000000;\">Les <em>cr\u00e9atures<\/em> fictives, dont<em> la beaut\u00e9 \u00e9blouisse ceux qui la contemplent,<\/em> ont r\u00e9ussi \u00e0 faire ce qu&rsquo;aucune soci\u00e9t\u00e9 ne pourrait jamais faire dans le monde ext\u00e9rieur non fictif. Elles ont pouss\u00e9 ou projet\u00e9 toutes leurs caract\u00e9ristiques qui n&rsquo;\u00e9taient pas en phase avec leurs valeurs sur une seconde peau, puis ont r\u00e9ussi \u00e0 l&rsquo;\u00e9liminer, \u00e0 l&rsquo;abandonner et \u00e0 couper \u00e0 jamais leur lien avec elle.<\/span><\/p>\n<p><strong>En r\u00e9alit\u00e9, nous ne pouvons jamais nous d\u00e9barrasser de notre ombre. <span class=\"HwtZe\" lang=\"fr\"><span class=\"jCAhz ChMk0b\"><span class=\"ryNqvb\">Cela est vrai aussi bien pour les individus et leur ombre personnelle que pour les civilisations et leur ombre collective.<\/span><\/span><\/span><\/strong><\/p>\n<p>Neumann \u00e9crit :<\/p>\n<blockquote>\n<p><span style=\"color: #000000;\">\u00ab\u00a0<span class=\"HwtZe\" lang=\"fr\"><span class=\"jCAhz ChMk0b\"><span class=\"ryNqvb\">Un groupe qui est psychologiquement divis\u00e9, en \u00e9tant consciemment identifi\u00e9 \u00e0 des valeurs \u00e9thiques et en m\u00eame temps inconscient de son ombre, manifestera, en plus de sentiments inconscients de culpabilit\u00e9, un sentiment psychologique d&rsquo;ins\u00e9curit\u00e9 qui est une compensation \u00e0 la suffisance de son<\/span><\/span>&nbsp;<span class=\"jCAhz ChMk0b\"><span class=\"ryNqvb\">attitude conscient.\u00a0\u00bb<\/span><\/span><\/span><\/span><\/p>\n<\/blockquote>\n<p><span style=\"color: #000000;\"><span class=\"HwtZe\" lang=\"fr\"><span class=\"jCAhz ChMk0b\"><span class=\"ryNqvb\">P<\/span><\/span><\/span>lus nous r\u00e9primons les parties incompatibles, plus l&rsquo;ombre se renforce. Il devient alors plus difficile de maintenir la scission, et donc l&rsquo;illusion de repr\u00e9senter un \u00eatre uniquement bon.&nbsp;<\/span><\/p>\n<p><strong>Peu importe \u00e0 quel point nous pers\u00e9cutons, rejetons et m\u00eame tuons notre bouc \u00e9missaire d\u00e9sign\u00e9, nous ne pouvons pas \u00e9liminer l&rsquo;ombre \u00e0 long terme pour le simple fait qu&rsquo;elle fait partie de nous-m\u00eames.<\/strong><\/p>\n<p>Alors que pouvons-nous faire \u00e0 la place ?<\/p>\n<p><strong>La r\u00e9ponse est qu&rsquo;il est n\u00e9cessaire de mettre fin \u00e0 la scission en int\u00e9grant notre ombre.<\/strong><\/p>\n<p><em><a href=\"https:\/\/www.cgjung.net\/espace\/accueil\/peggy-vermeesch\/transformation-ombre-collective\/\">L&rsquo;article suivant, bas\u00e9 sur Star Trek : Picard<\/a> illustre l&rsquo;id\u00e9e de la Nouvelle Ethique comme d\u00e9crite par Erich Neumann.<\/em><\/p>\n<p style=\"text-align: right;\"><em><a href=\"https:\/\/www.cgjung.net\/espace\/jps\/articles\/peggy-vermeesch\/collective-shadow-projection\/\">Article original<\/a> et traduction par Peggy Vermeesch.<\/em><\/p>\n<p style=\"text-align: right;\">Octobre 2023<\/p>\n<p style=\"text-align: center;\"><a class=\"buttonv navigation\" href=\"https:\/\/www.cgjung.net\/espace\/accueil\/peggy-vermeesch\/ombre-en-star-trek\/\">Article 1\/3<\/a>&nbsp; <a class=\"buttonv navigation\" href=\"https:\/\/www.cgjung.net\/espace\/accueil\/peggy-vermeesch\/transformation-ombre-collective\/\">Article 3\/3<\/a><\/p>\n<p><strong>Une version acad\u00e9mique de cette s\u00e9rie d&rsquo;articles a \u00e9galement \u00e9t\u00e9 publi\u00e9 dans la revue anglophone <em>Psychological Perspectives<\/em> en 2025. <\/strong><strong>T\u00e9l\u00e9chargez le manuscrit accept\u00e9 (<a href=\"https:\/\/en.peggyvermeesch.com\/_files\/ugd\/98261f_538514368c4b4b08916058b9437960a9.pdf\" target=\"_blank\" rel=\"noopener\">PDF<\/a>).<\/strong><\/p>\n<p><a href=\"https:\/\/www.cgjung.net\/contact.htm\"><strong>Adresser un message \u00e0 Peggy Vermeesch<\/strong><\/a><\/p>\n<p>&nbsp;<\/p>\n<h2><img loading=\"lazy\" decoding=\"async\" class=\"alignright wp-image-16462\" src=\"https:\/\/www.cgjung.net\/espace\/wp-content\/uploads\/2021\/05\/peggy-vermeesch-2.jpg\" alt=\"\" width=\"100\" height=\"126\" \/><\/h2>\n<h2>Peggy Vermeesch, PhD<\/h2>\n<p>Bas\u00e9e en France, Peggy Vermeesch est psychopraticienne psychodynamique jungienne et enseigne l&rsquo;<em>anglais pour psychologues<\/em> \u00e0 l&rsquo;Universit\u00e9 de Bretagne Occidentale. Titulaire d\u2019un doctorat en g\u00e9ophysique (Imperial College London), elle a \u00e9galement men\u00e9 une carri\u00e8re de chercheuse en g\u00e9ophysique \u00e0 l&rsquo;universit\u00e9 du Texas (\u00c9tats-Unis) et celle de Southampton (Royaume-Uni).<\/p>\n<p>Elle pr\u00e9sente lors de colloques internationaux, a \u00e9t\u00e9 invit\u00e9e au Salon jungien et publie dans des revues jungiennes. Contributrice au sein de l&rsquo;\u00e9quipe Espace Francophone Jungien (EFJ), elle est responsable de la ligne \u00e9ditoriale et de la coordination des contenus du site <a href=\"https:\/\/www.cgjung.net\/espace\/jps\/\" target=\"_blank\" rel=\"noopener\">Jungian Psychology Space (JPS)<\/a>, tout en d\u00e9veloppant les liens entre les mondes jungiens anglophone et francophone.<\/p>\n<p><a href=\"https:\/\/www.peggyvermeesch.com\/\" target=\"_blank\" rel=\"noopener\">En savoir plus sur Peggy Vermeesch<\/a><\/p>\n<h3>Articles<\/h3>\n<ul>\n<li><a href=\"https:\/\/www.cgjung.net\/espace\/accueil\/peggy-vermeesch\/parfaite-compagne\/\">Tenir la tension du transfert \u00e9rotique : incarner le Capitaine Picard dans \u00ab\u00a0La Parfaite Compagne\u00a0\u00bb de Star Trek<\/a>&nbsp;(\u00e9galement disponible en <a href=\"https:\/\/www.cgjung.net\/espace\/ressources\/medias\/#erotic-1\" rel=\"noopener\">vid\u00e9o<\/a> : version originale anglaise, sous-titr\u00e9 en fran\u00e7ais)<\/li>\n<li>L&rsquo;ombre et le mal dans Star Trek&nbsp;(\u00e9galement disponible en <a href=\"https:\/\/www.cgjung.net\/espace\/jps\/books-resources\/multimedia\/#startrek-1\" target=\"_blank\" rel=\"noopener\">vid\u00e9o<\/a> : version originale anglaise, sous-titr\u00e9 en fran\u00e7ais)&nbsp;:\n<ul>\n<li><a href=\"https:\/\/www.cgjung.net\/espace\/accueil\/peggy-vermeesch\/ombre-en-star-trek\/\">L\u2019inconscient collectif dans son aspect d\u2019ombre d\u00e9vorante et annihilante<\/a><\/li>\n<li><a href=\"https:\/\/www.cgjung.net\/espace\/accueil\/peggy-vermeesch\/ombre-collective\/\">Ombre collective et bouc \u00e9missaire : l\u2019essence du mal<\/a><\/li>\n<li><a href=\"https:\/\/www.cgjung.net\/espace\/accueil\/peggy-vermeesch\/transformation-ombre-collective\/\">Transformation de l\u2019ombre collective<\/a><\/li>\n<\/ul>\n<\/li>\n<li>Le narcissisme illustr\u00e9 dans les contes tels que L\u2019Enfant de Marie, Blanche-Neige, et d&rsquo;autres :\n<ul>\n<li><a href=\"https:\/\/www.cgjung.net\/espace\/accueil\/peggy-vermeesch\/traumatismes-intergenerationnels\/\">La gu\u00e9rison des traumatismes pr\u00e9coces et des abus narcissiques<\/a><\/li>\n<li><a href=\"https:\/\/www.cgjung.net\/espace\/accueil\/peggy-vermeesch\/ombre-malefique\/\">Peut-on \u00eatre envahi par l\u2019ombre mal\u00e9fique d\u2019un autre ?<\/a><\/li>\n<li><a href=\"https:\/\/www.cgjung.net\/espace\/accueil\/peggy-vermeesch\/traumatisme-guerison\/\">Traumatisme interg\u00e9n\u00e9rationnel et gu\u00e9rison<\/a><\/li>\n<\/ul>\n<\/li>\n<li><a href=\"https:\/\/www.cgjung.net\/espace\/accueil\/peggy-vermeesch\/formes-structurelles-psyche-feminine-toni-wolff\/\">Toni Wolff et ses formes structurelles de la psych\u00e9 f\u00e9minine<\/a><\/li>\n<li><a href=\"https:\/\/www.cgjung.net\/espace\/accueil\/peggy-vermeesch\/forces-archetypiques\/\">La n\u00e9cessit\u00e9 de reconna\u00eetre les forces arch\u00e9typiques<\/a><\/li>\n<\/ul>\n<h3>Entretiens<\/h3>\n<ul>\n<li><a href=\"https:\/\/www.cgjung.net\/espace\/accueil\/peggy-vermeesch\/entretien-martin-schmidt\/\">Explorer le paradoxe dans le processus analytique<\/a>, entretien avec Martin Schmidt (\u00e9galement disponible en <a href=\"https:\/\/www.cgjung.net\/espace\/ressources\/medias\/#martin-1\" rel=\"noopener\">vid\u00e9o<\/a>&nbsp;: version originale anglaise, sous-titr\u00e9 en fran\u00e7ais)<\/li>\n<li><a href=\"https:\/\/www.cgjung.net\/espace\/accueil\/peggy-vermeesch\/saisons-amour\/\">T\u00e9n\u00e8bres et lumi\u00e8re dans Les Saisons de l\u2019amour<\/a>, entretien avec Susan Tiberghien et Catherine Chevron-Tiberghien<\/li>\n<li><a href=\"https:\/\/www.cgjung.net\/espace\/accueil\/peggy-vermeesch\/entretien-susan-schwartz\/\">Amour non partag\u00e9, blessure paternelle et fragilit\u00e9 du Soi<\/a>, entretien avec Susan Schwartz (\u00e9galement disponible en <a href=\"https:\/\/www.cgjung.net\/espace\/ressources\/medias\/#susan-1\" rel=\"noopener\">vid\u00e9o<\/a>&nbsp;: version originale anglaise, sous-titr\u00e9 en fran\u00e7ais)<\/li>\n<li><a href=\"https:\/\/www.cgjung.net\/espace\/accueil\/peggy-vermeesch\/entretien-mark-saban\/\">Individuation de la psychologie analytique<\/a>, entretien avec Mark Saban<\/li>\n<\/ul>\n\n","protected":false},"excerpt":{"rendered":"<p>L&rsquo;\u00e9pisode \u00ab\u00a0L&rsquo;essence du mal\u00a0\u00bb de Star Trek illustre les concepts jungiens d&rsquo;identification \u00e0 la persona, d&rsquo;ombre collective, d&rsquo;inflation et la notion de bouc \u00e9missaire selon Erich Neumann. Les dialogues font \u00e9cho \u00e0 l&rsquo;imagination active. La n\u00e9cessit\u00e9 d&rsquo;int\u00e9grer l&rsquo;ombre ressort clairement. Version anglaise de cet article Cet article s&rsquo;appuie sur l&rsquo;ouvrage de l&rsquo;analyste jungien Erich Neumann [&hellip;]<\/p>\n","protected":false},"author":9,"featured_media":0,"parent":16720,"menu_order":17,"comment_status":"closed","ping_status":"closed","template":"","meta":{"footnotes":""},"class_list":["post-21971","page","type-page","status-publish","hentry"],"_links":{"self":[{"href":"https:\/\/www.cgjung.net\/espace\/wp-json\/wp\/v2\/pages\/21971","targetHints":{"allow":["GET"]}}],"collection":[{"href":"https:\/\/www.cgjung.net\/espace\/wp-json\/wp\/v2\/pages"}],"about":[{"href":"https:\/\/www.cgjung.net\/espace\/wp-json\/wp\/v2\/types\/page"}],"author":[{"embeddable":true,"href":"https:\/\/www.cgjung.net\/espace\/wp-json\/wp\/v2\/users\/9"}],"replies":[{"embeddable":true,"href":"https:\/\/www.cgjung.net\/espace\/wp-json\/wp\/v2\/comments?post=21971"}],"version-history":[{"count":61,"href":"https:\/\/www.cgjung.net\/espace\/wp-json\/wp\/v2\/pages\/21971\/revisions"}],"predecessor-version":[{"id":31230,"href":"https:\/\/www.cgjung.net\/espace\/wp-json\/wp\/v2\/pages\/21971\/revisions\/31230"}],"up":[{"embeddable":true,"href":"https:\/\/www.cgjung.net\/espace\/wp-json\/wp\/v2\/pages\/16720"}],"wp:attachment":[{"href":"https:\/\/www.cgjung.net\/espace\/wp-json\/wp\/v2\/media?parent=21971"}],"curies":[{"name":"wp","href":"https:\/\/api.w.org\/{rel}","templated":true}]}}