{"id":17109,"date":"2021-07-06T11:43:52","date_gmt":"2021-07-06T09:43:52","guid":{"rendered":"https:\/\/www.cgjung.net\/espace\/?page_id=17109"},"modified":"2025-04-19T12:41:13","modified_gmt":"2025-04-19T10:41:13","slug":"cahiers-jungiens-de-psychanalyse-no-153-juin-2021","status":"publish","type":"page","link":"https:\/\/www.cgjung.net\/espace\/ressources\/cahiers-jungiens-de-psychanalyse-no-153-juin-2021\/","title":{"rendered":"Cahiers Jungiens de Psychanalyse no 153 \u2013 Juin 2021"},"content":{"rendered":"<p><strong><em>Intimit\u00e9s,<\/em> est le titre du num\u00e9ro des&nbsp; Cahiers Jungiens de Psychanalyse (253\/juin 2021).<em>&nbsp;<\/em>Dans ce num\u00e9ro, intimit\u00e9 et int\u00e9riorit\u00e9 se d\u00e9clinent au pluriel. Notions r\u00e9centes et complexes qui se d\u00e9veloppent avec l\u2019individualisation des hommes et des femmes, ancr\u00e9es dans les dynamiques historiques, sociales et individuelles.<\/strong><\/p>\n<p>Ce num\u00e9ro m\u00eale \u00e9laborations th\u00e9oriques et po\u00e9tiques comme une danse sem\u00e9e de respirations qui tenterait de s\u2019approcher d\u2019un centre myst\u00e9rieux o\u00f9 se d\u00e9ploient introversions heureuses et intimit\u00e9s saccag\u00e9es.<\/p>\n<p><img loading=\"lazy\" decoding=\"async\" class=\"size-full wp-image-17111 aligncenter\" src=\"https:\/\/www.cgjung.net\/espace\/wp-content\/uploads\/2021\/07\/cahiers-jungiens-de-psychanalyse-no-153-juin-2021.jpg\" alt=\"\" width=\"280\" height=\"407\" \/><\/p>\n<p style=\"text-align: center;\"><a href=\"https:\/\/cahiers-jungiens.cairn.info\/\" target=\"_blank\" rel=\"noopener noreferrer\">Achat ou abonnement sur le site des Cahiers Jungiens de Psychanalyse<\/a><\/p>\n<p style=\"text-align: center;\">24,6 cm x 17 cm x 1,6 cm &#8211; 166 pages<\/p>\n<p>C\u2019est l\u2019art du psychanalyste d\u2019\u00e9couter la tension des oppos\u00e9s dans ces lieux intimes et secrets, sans les d\u00e9florer tout en pr\u00e9servant l\u2019espace int\u00e9rieur. C\u2019est l\u2019art des artistes de les mettre en mots, en musiques et en lumi\u00e8re. L\u2019intime, proche de l\u2019enti\u00e8ret\u00e9 dynamique du soi, lui, se cherche et s\u2019explore sans s\u2019y confondre.<\/p>\n<h2>Contenu du num\u00e9ro&nbsp;<em>Intimit\u00e9s<\/em>&nbsp;<\/h2>\n<p><strong>\u00c9ditorial<\/strong><br \/>\n<em>V\u00e9ronique Beldent, Sophie Braun, \u00c8ve Pilyser<\/em><\/p>\n<p><strong>L\u2019intimit\u00e9 et les cambrioleurs<\/strong><br \/>\n<em>Maria de Oliveira<\/em><\/p>\n<blockquote>\n<p>De l&rsquo;antiquit\u00e9 \u00e0 nos jours, la notion d&rsquo;intimit\u00e9 n&rsquo;a cess\u00e9 d&rsquo;\u00e9voluer vers plus d&rsquo;int\u00e9riorit\u00e9. La question de savoir ce qui fonde l&rsquo;espace intime, tant au niveau de ses diff\u00e9rents concepts que de ses inscriptions multiples dans nos \u00ab maisons \u00bb \u00e0 la fois ext\u00e9rieures et int\u00e9rieures, s&rsquo;inscrit dans un questionnement plus g\u00e9n\u00e9ral du rapport entre soi et les autres et entre soi et soi.<\/p>\n<p>Que se passe-t-il si l&rsquo;espace intime de l&rsquo;individu est inexistant ou d\u00e9vast\u00e9, voire cambriol\u00e9 ?<\/p>\n<\/blockquote>\n<p style=\"padding-left: 40px;\">Quelles&nbsp; sont les voies particuli\u00e8res d&rsquo;explorations possibles pour cr\u00e9er du lien ?<\/p>\n<blockquote>\n<p>Ces questions r\u00e9sonnent d&rsquo;autant plus fortement dans une soci\u00e9t\u00e9 devenue num\u00e9rique, de plus en plus distanci\u00e9e, o\u00f9 les corps s&rsquo;absentent derri\u00e8re des \u00e9crans. La notion d&rsquo;intimit\u00e9 et de partage entre le dedans et le dehors devient de plus en plus floue. La fonction et la pratique clinique du th\u00e9rapeute se trouvent ainsi interrog\u00e9es et \u00e0 r\u00e9affirmer.<\/p>\n<\/blockquote>\n<p><strong>Intimus<\/strong> &#8211; Quelques fragments<br \/>\n<em>Christiane Veschambre<\/em><\/p>\n<p><strong>Introversions<\/strong> &#8211; Th\u00e8me et Variations<br \/>\n<em>V\u00e9ronique Beldent<\/em><\/p>\n<blockquote>\n<p>Les exp\u00e9riences d&rsquo;introversion sont plurielles. Parfois r\u00e9gressives, parfois compensation de l&rsquo;unilat\u00e9ralit\u00e9 de l&rsquo;extraversion et indiff\u00e9renci\u00e9es, quelquefois heureuses, elles ne sont aucunement synonymes de repli sur soi ou d&rsquo;enfermement.<\/p>\n<p>Elles conduisent \u00e0 la mise en place d&rsquo;un rythme dans l&rsquo;opposition introversion-extra-version qui seule permet l&rsquo;\u00e9mergence d&rsquo;une fonction cr\u00e9atrice, fantaisie cr\u00e9atrice, fonction transcendante.<\/p>\n<p>L&rsquo;imagination po\u00e9tique ou cr\u00e9atrice, par ses possibilit\u00e9s de mise en r\u00e9sonance en est une forme singuli\u00e8re.<\/p>\n<\/blockquote>\n<p><strong>Une Chambre \u00e0 soi<\/strong><br \/>\n<em>Christiane Fonseca<\/em><\/p>\n<blockquote>\n<p>\u00ab La chambre \u00e0 soi \u00bb de Virginia Woolf est un essai qui d\u00e9montre pourquoi les femmes, \u00e0 quelques exceptions pr\u00e8s, ont \u00e9t\u00e9 longtemps exclues de la cr\u00e9ation litt\u00e9raire : le manque d&rsquo;argent, le manque d&rsquo;une chambre \u00e0 soi, le manque de reconnaissance dans une soci\u00e9t\u00e9 patriarcale ont constitu\u00e9 de terribles obstacles.<\/p>\n<p>Virginia Woolf sugg\u00e8re aux femmes de gagner de l&rsquo;argent et d&rsquo;avoir une chambre \u00e0 soi pour pouvoir devenir androgynes psychiquement, autrement dit, unir \u00e0 l&rsquo;int\u00e9rieur d&rsquo;elles-m\u00eames le f\u00e9minin et le masculin. L&rsquo;acc\u00e8s \u00e0 la libert\u00e9 intellectuelle et la lib\u00e9ration de la plainte leur permettra d&rsquo;abandonner l&rsquo;expression personnelle, d&rsquo;acc\u00e9der \u00e0 l&rsquo;\u00e9criture po\u00e9tique et d&rsquo;avoir leur place dans l&rsquo;histoire de la litt\u00e9rature.<\/p>\n<\/blockquote>\n<p><strong>L\u2019intime dans la relation transf\u00e9rentielle : quels mots pour le dire ?<\/strong><br \/>\n<em>Laurence Druet<\/em><\/p>\n<blockquote>\n<p>Je d\u00e9veloppe dans ce texte l&rsquo;id\u00e9e que toute personne cr\u00e9e de mani\u00e8re tr\u00e8s personnelle et unique un r\u00e9cit subjectiv\u00e9, une fiction intime de son v\u00e9cu.<\/p>\n<p>Le travail en analyse consisterait donc en une rencontre avec un r\u00e9cit non pas lin\u00e9aire, ni chronologique de l&rsquo;histoire du sujet mais avec une intrigue, et ses soubassements souterrains.<\/p>\n<p>Aussi, je souligne l&rsquo;importance du silence en s\u00e9ance, du temps n\u00e9cessaire pour que les mots justes se posent ; du nid transf\u00e9rentiel indispensable, en r\u00e9sonance avec le nid originel, pour permettre au (\u00e0 la) patient(e) une rencontre intime avec lui (elle)-m\u00eame, vers une \u00e9ventuelle transformation.<\/p>\n<\/blockquote>\n<p><strong>Bir Ba\u015fkadir ou la naissance d\u2019un espace intime<\/strong><br \/>\n<em>Reine-Marie Halbout<\/em><\/p>\n<blockquote>\n<p>La s\u00e9rie turque Bir Ba\u00e7kadir nous propose de d\u00e9couvrir une ronde de personnages tous reli\u00e9s \u00e0 une jeune femme musulmane pratiquante, Meryem, qui s&rsquo;engage dans une th\u00e9rapie.<\/p>\n<p>D\u00e8s le d\u00e9but de sa rencontre avec P\u00e9ri, sa th\u00e9rapeute, s&rsquo;engage un mouvement de transformation profond pour elle, avec l&rsquo;\u00e9mergence d&rsquo;un espace intime, et pour celles et ceux qui l&rsquo;entourent.<\/p>\n<\/blockquote>\n<p><strong>En Th\u00e9rapie, enqu\u00eate existentielle<\/strong><br \/>\n<em>Laurence Lacour<\/em><\/p>\n<blockquote>\n<p>La s\u00e9rie \u00ab\u00a0En Th\u00e9rapie\u00a0\u00bb met en sc\u00e8ne une repr\u00e9sentation r\u00e9ussie de l&rsquo;intimit\u00e9 co-cr\u00e9\u00e9e entre patient et analyste.<\/p>\n<\/blockquote>\n<p><strong>En Th\u00e9rapie : une fiction, \u00e9videmment, mais tellement vraie<\/strong><br \/>\n<em>Fran\u00e7ois Martin-Vallas<\/em><\/p>\n<blockquote>\n<p>Une lecture de la position du psychanalyste dans la s\u00e9rie t\u00e9l\u00e9vis\u00e9e \u00ab\u00a0En Th\u00e9rapie\u00a0\u00bb<\/p>\n<\/blockquote>\n<p><strong>P\u00e9ril en la demeure <\/strong>&#8211; Le sujet phobique en confinement&#8230;<br \/>\n<em>Fran\u00e7oise Bruley<\/em><\/p>\n<blockquote>\n<p>\u00c0 partir de l&rsquo;approche de la psychanalyste Ir\u00e8ne Diamantis de la phobie, l&rsquo;auteure explore ce qu&rsquo;il en est du sujet phobique en confinement. La phobie serait, quel que soit l&rsquo;objet phobog\u00e8ne, du c\u00f4t\u00e9 de l&rsquo;effondrement du sujet.<\/p>\n<p>Alors que le sujet se construit en se s\u00e9parant de sa m\u00e8re, la phobie le ram\u00e8ne \u00e0 un \u00e9tat fusionnel, incestuel, hors du temps, envahi de suppositions o\u00f9 tout devient possible et qui lui interdit de penser. L&rsquo;expression \u00ab p\u00e9ril en la demeure \u00bb t\u00e9moigne du danger qui guette le sujet phobique s&rsquo;il ne se met pas en mouvement vers son autonomie.<\/p>\n<p>S&rsquo;inspirant de l&rsquo;arch\u00e9type Cronos et de son enfermement dans le Tartare, l&rsquo;auteure revisite le confinement actuel et l&rsquo;impact qu&rsquo;il peut avoir sur certains sujets phobiques.<\/p>\n<\/blockquote>\n<p><strong>Ce qui semblait mi\u00e8vre \u2013 mis au rancard. <\/strong><strong>Sans int\u00e9r\u00eat ?<\/strong><br \/>\n<em>Dominique Guilbault<\/em><\/p>\n<blockquote>\n<p>D\u00e9ambulation en cette p\u00e9riode de confinement, en l&rsquo;absence cruelle de la pr\u00e9sence charnelle des patients, \u00e0 la lecture de L&rsquo;Amour peintre. L&rsquo;imagerie \u00e9rotique en France au XVIIIe si\u00e8cle, de Guillaume Faroult.<\/p>\n<\/blockquote>\n<p><strong>Le syst\u00e8me carc\u00e9ral fran\u00e7ais, all\u00e9gorie de nos enfermements<\/strong><br \/>\n<em>Sylvain Lhuissier<\/em><\/p>\n<blockquote>\n<p>La prison en tant qu&rsquo;institution est mal connue. Pourtant, elle constitue \u00e0 l&rsquo;\u00e9chelle sociale un \u00e9tonnant miroir de nos psychismes individuels.<\/p>\n<p>En tant que projection de nombre de nos repr\u00e9sentations sur l&rsquo;enfermement, elle parle de notre rapport \u00e0 la violence et au mal, \u00e0 la fois dans la soci\u00e9t\u00e9 et dans chaque psych\u00e9. Pour s&rsquo;en rendre compte, il faut faire \u00e9merger les repr\u00e9sentations et fantasmes, les actualiser \u00e0 la lumi\u00e8re de la r\u00e9alit\u00e9 du syst\u00e8me carc\u00e9ral.<\/p>\n<p>La d\u00e9tention est une exp\u00e9rience qui marque les d\u00e9tenus dans leur chair et dans leur psychisme. Au-del\u00e0 d&rsquo;une simple peine de d\u00e9tention, elle viole leur intimit\u00e9, elle attaque leur autonomie et leur singularit\u00e9. Pour quel profit pratiquons-nous cette violence institutionnelle ?<\/p>\n<p>Cet article questionne deux niveaux : comment les peurs et le rapport \u00e0 la violence et \u00e0 l&rsquo;enfermement figent des fonctionnements collectifs et comment ces objets collectifs formatent nos structurations psychiques individuelles et notamment l&rsquo;enfermement de nos zones d&rsquo;ombre. Comment nous en lib\u00e9rer ?<\/p>\n<\/blockquote>\n<p><strong>Des r\u00e9fugi\u00e9s int\u00e9rieurs<\/strong><br \/>\n<em>Sophie Braun<\/em><\/p>\n<blockquote>\n<p>Sous des d\u00e9nominations diff\u00e9rentes, comme phobie sociale, phobie scolaire, burn-out ou fatigue chronique, un ph\u00e9nom\u00e8ne s&rsquo;amplifie : le repli sur soi. Entre social et intime, cette perte du sens de la relation r\u00e9v\u00e8le de profondes fragilit\u00e9s dans la construction psychique des plus sensibles.<\/p>\n<p>Leur moi, domin\u00e9 par le narcissisme et la toute-puissance ne permet pas l&rsquo;expression du soi.&nbsp;L&rsquo;acc\u00e8s au symbolique et \u00e0 la cr\u00e9ativit\u00e9 ne peut se d\u00e9ployer et l&rsquo;isolement devient le seul recours contre les angoisses massives.<\/p>\n<\/blockquote>\n<p><strong>\u00c0 l\u2019ombre d\u2019\u00c9ros<\/strong> \u2013 \u00c9motion et sexuation psychique<br \/>\n<em>Giovanna Galdo<\/em><\/p>\n<blockquote>\n<p>Comment entendre les mots \u00ab masculin \u00bb et \u00ab f\u00e9minin \u00bb et les qualit\u00e9s qu&rsquo;on leur attribue ? Comment entendre leur radicale mise en discussion, \u00e0 l&rsquo;\u0153uvre depuis quelques d\u00e9cennies ? Traditionnellement on associe \u00e0 ces deux mots les concepts jungiens d&rsquo;anima et d&rsquo;animus.<\/p>\n<p>Toutefois deux autres concepts issus \u00e9galement de la th\u00e9orie jungienne, \u00e0 savoir l&rsquo;\u00e9ros et le logos, et plus pr\u00e9cis\u00e9ment le tr\u00e8s ancien et profond clivage qui a \u00e9t\u00e9 act\u00e9 entre eux, peuvent \u00eatre fort utiles dans la tentative de comprendre et d&rsquo;expliquer les importantes modifications que conna\u00eet aujourd&rsquo;hui l&rsquo;articulation du \u00ab masculin \u00bb et du \u00ab f\u00e9minin \u00bb tant au niveau individuel que collectif.<\/p>\n<\/blockquote>\n<p><strong>Bloc-notes<\/strong><br \/>\n<em>Olivier Cametz<\/em><\/p>\n<p><strong>Revue des revues<\/strong><br \/>\n<em>\u00c8ve Pilyser<\/em><\/p>\n<p style=\"text-align: right;\"><em>Juillet 2021<\/em><\/p>\n<h2>A lire \u00e9galement<\/h2>\n<ul>\n<li><a href=\"https:\/\/www.cgjung.net\/espace\/accueil\/cahiers-jungiens-de-psychanalyse\/\">Entretien autour des Cahiers Jungiens de Psychanalyse avec Reine-Marie Halbout,<\/a>&nbsp;\u00e0 l&rsquo;occasion de la sortie du no 152, f\u00e9vrier 2021<\/li>\n<\/ul>\n<p>Pr\u00e9sentation des num\u00e9ros suivants des Cahiers Jungiens de Psychanalyse sur le site EFJ :<\/p>\n<ul>\n<li><a href=\"https:\/\/www.cgjung.net\/espace\/ressources\/cahiers-jungiens-de-psychanalyse-no-162\/\">D\u00e9sirer, consentir, vouloir,<\/a> no 162 &#8211; 2025<\/li>\n<li><a href=\"https:\/\/www.cgjung.net\/espace\/ressources\/cahier-jungien-de-psychanalyse-no-161\/\">Jung au pr\u00e9sent<\/a>, no 161 &#8211; 2025<\/li>\n<li><a href=\"https:\/\/www.cgjung.net\/espace\/ressources\/cahiers-jungiens-de-psychanalyse-no-160-2024\/\">Jung en France,<\/a> no 160 &#8211; 2024<\/li>\n<li><a href=\"https:\/\/www.cgjung.net\/espace\/ressources\/cahiers-jungiens-de-psychanalyse-no-159-2024\/\">Jung dans le monde<\/a>, no 159 &#8211; 2024<\/li>\n<li><a href=\"https:\/\/www.cgjung.net\/espace\/ressources\/cahiers-jungiens-de-psychanalyse-no-158-2023\/\">Br\u00fbler<\/a>, no 158 &#8211; 2023<\/li>\n<li><a href=\"https:\/\/www.cgjung.net\/espace\/ressources\/cahiers-jungiens-de-psychanalyse-no-157-juin-2023\/\">Esprits de la nature<\/a>, no 157 &#8211; 2023<\/li>\n<li><a href=\"https:\/\/www.cgjung.net\/espace\/ressources\/cahiers-jungiens-de-psychanalyse-no-156-decembre-2022\/\">Contagion\/Contamination<\/a>, no 156 &#8211; 2022<\/li>\n<li><a href=\"https:\/\/www.cgjung.net\/espace\/ressources\/cahiers-jungiens-de-psychanalyse-no-155-juin-2022\/\">Des fins<\/a>, no 155 &#8211; 2022<\/li>\n<li><a href=\"https:\/\/www.cgjung.net\/espace\/ressources\/cahiers-jungiens-de-psychanalyse-no-154-decembre-2021\/\">Au commencement<\/a>, no 154 &#8211; 2021<\/li>\n<li><a href=\"https:\/\/www.cgjung.net\/espace\/ressources\/cahiers-jungiens-de-psychanalyse-no-153-juin-2021\/\">Intimit\u00e9s<\/a>, no 153 -2021<\/li>\n<li><a href=\"https:\/\/www.cgjung.net\/espace\/accueil\/cahiers-jungiens-de-psychanalyse\/\">Nature(s), vivre la terre<\/a>, no 152 &#8211; 2020<\/li>\n<li><a href=\"https:\/\/www.cgjung.net\/espace\/ressources\/cahiers-jungiens-de-psychanalyse-no-151-juin-2020\/\">Souviens-toi de ton futur<\/a>, no 151 &#8211; 2020<\/li>\n<li><a href=\"https:\/\/www.cgjung.net\/espace\/ressources\/cahiers-jungiens-de-psychanalyse\/\">Images, repr\u00e9sentations et mondes virtuels<\/a>, no 150 &#8211; 2019<\/li>\n<\/ul>\n<p>Ouvrages :<\/p>\n<ul>\n<li><a href=\"https:\/\/www.cgjung.net\/publications\/nise_da_silveira_images_inconscient.htm\">Images de l&rsquo;inconscient de Nise Da Silveira<\/a><\/li>\n<li><a href=\"https:\/\/www.cgjung.net\/espace\/ressources\/dimension-aimer\/\">La dimension d\u2019aimer d&rsquo;\u00c9lie G. Humbert<\/a><\/li>\n<\/ul>\n\n","protected":false},"excerpt":{"rendered":"<p>Intimit\u00e9s, est le titre du num\u00e9ro des&nbsp; Cahiers Jungiens de Psychanalyse (253\/juin 2021).&nbsp;Dans ce num\u00e9ro, intimit\u00e9 et int\u00e9riorit\u00e9 se d\u00e9clinent au pluriel. Notions r\u00e9centes et complexes qui se d\u00e9veloppent avec l\u2019individualisation des hommes et des femmes, ancr\u00e9es dans les dynamiques historiques, sociales et individuelles. Ce num\u00e9ro m\u00eale \u00e9laborations th\u00e9oriques et po\u00e9tiques comme une danse sem\u00e9e [&hellip;]<\/p>\n","protected":false},"author":1,"featured_media":0,"parent":9713,"menu_order":13,"comment_status":"closed","ping_status":"closed","template":"","meta":{"footnotes":""},"class_list":["post-17109","page","type-page","status-publish","hentry"],"_links":{"self":[{"href":"https:\/\/www.cgjung.net\/espace\/wp-json\/wp\/v2\/pages\/17109","targetHints":{"allow":["GET"]}}],"collection":[{"href":"https:\/\/www.cgjung.net\/espace\/wp-json\/wp\/v2\/pages"}],"about":[{"href":"https:\/\/www.cgjung.net\/espace\/wp-json\/wp\/v2\/types\/page"}],"author":[{"embeddable":true,"href":"https:\/\/www.cgjung.net\/espace\/wp-json\/wp\/v2\/users\/1"}],"replies":[{"embeddable":true,"href":"https:\/\/www.cgjung.net\/espace\/wp-json\/wp\/v2\/comments?post=17109"}],"version-history":[{"count":17,"href":"https:\/\/www.cgjung.net\/espace\/wp-json\/wp\/v2\/pages\/17109\/revisions"}],"predecessor-version":[{"id":29357,"href":"https:\/\/www.cgjung.net\/espace\/wp-json\/wp\/v2\/pages\/17109\/revisions\/29357"}],"up":[{"embeddable":true,"href":"https:\/\/www.cgjung.net\/espace\/wp-json\/wp\/v2\/pages\/9713"}],"wp:attachment":[{"href":"https:\/\/www.cgjung.net\/espace\/wp-json\/wp\/v2\/media?parent=17109"}],"curies":[{"name":"wp","href":"https:\/\/api.w.org\/{rel}","templated":true}]}}