{"id":14720,"date":"2020-11-15T18:27:15","date_gmt":"2020-11-15T17:27:15","guid":{"rendered":"https:\/\/www.cgjung.net\/espace\/?page_id=14720"},"modified":"2021-02-07T09:00:40","modified_gmt":"2021-02-07T08:00:40","slug":"conflit-interieur-au-coeur-de-l-individu","status":"publish","type":"page","link":"https:\/\/www.cgjung.net\/espace\/accueil\/pascal-chauvie\/conflit-interieur-au-coeur-de-l-individu\/","title":{"rendered":"Le conflit int\u00e9rieur au c\u0153ur de l&rsquo;individu"},"content":{"rendered":"<p><strong>Le conflit est int\u00e9rieur \u00e0 l&rsquo;homme moderne. La Grande Guerre en est l&rsquo;image collective ext\u00e9rieure. Seule une r\u00e9flexion sur soi permettrait de r\u00e9duire les risques de tels ph\u00e9nom\u00e8nes sur le plan physique.<br \/>\n<\/strong><\/p>\n<p style=\"text-align: right;\">Pascal Chauvie<\/p>\n<p><img loading=\"lazy\" decoding=\"async\" class=\"size-full wp-image-14886 aligncenter\" src=\"https:\/\/www.cgjung.net\/espace\/wp-content\/uploads\/2020\/11\/black-books-7-600-409.jpg\" alt=\"\" width=\"600\" height=\"409\" \/><\/p>\n<p style=\"text-align: center;\">C.G. Jung &#8211; <a href=\"https:\/\/www.cgjung.net\/espace\/ressources\/cahiers-noirs\/\">Cahier noir (Black Book)<\/a> &#8211; 2 janvier 1916<\/p>\n<h2>Du conflit int\u00e9rieur au d\u00e9veloppement spirituel de l&rsquo;individu<\/h2>\n<p>Une r\u00e9flexion sur le conflit ext\u00e9rieur va \u00eatre int\u00e9gr\u00e9 au d\u00e9veloppement du projet de Jung.&nbsp;<\/p>\n<p>Comme le rappelle d&rsquo;ailleurs Sonu Shamdasani d&rsquo;un point de vue temporel :<\/p>\n<blockquote><p>\u00ab\u00a0\u00c0 partir de la Premi\u00e8re Guerre Mondiale, Jung commen\u00e7a \u00e0 s\u2019en distancer [th\u00e9orie freudienne de la psychoth\u00e9rapie] et \u00e0 reformuler la pratique de la psychoth\u00e9rapie dans la perspective de l\u2019accroissement du d\u00e9veloppement spirituel de l\u2019individu.\u00a0\u00bb<a href=\"#_ftn35\" name=\"_ftnref35\">[1]<\/a><\/p><\/blockquote>\n<p>Ce remodelage s&rsquo;impr\u00e8gne de la notion de conflit. Pour Jung, d\u00e8s lors, humain et r\u00e9alit\u00e9 se teintent d&rsquo;une esth\u00e9tique et d&rsquo;une dynamique conflictuelle.<\/p>\n<p>La nouveaut\u00e9 : le conflit est int\u00e9rieur \u00e0 l&rsquo;homme moderne. La guerre mondiale en est l&rsquo;image collective ext\u00e9rieure.<\/p>\n<p>Les pr\u00e9faces r\u00e9v\u00e8lent le style et les m\u00e9tamorphoses de la pens\u00e9e jungienne. Seule une r\u00e9flexion sur soi \u2013 c\u2019est le message v\u00e9hicul\u00e9 par le conflit dans la perspective jungienne \u2013 permettrait de r\u00e9duire les risques de tels ph\u00e9nom\u00e8nes sur le plan physique.<\/p>\n<h2>Une pr\u00e9face libre de Jung<\/h2>\n<p>Je m&rsquo;appuie sur la premi\u00e8re pr\u00e9face dat\u00e9e de 1916 de son livre <em>Psychologie de l&rsquo;inconscient. <\/em>C&rsquo;est une forme de t\u00e9moignage de l\u2019impact de la guerre. R\u00e9gie par des codes diff\u00e9rents de l\u2019\u0153uvre psychologique, la pr\u00e9face permet \u00e0 Jung de donner le ton de l&rsquo;essai et de la r\u00e9flexion philosophique:<\/p>\n<blockquote><p>\u00ab\u00a0[A propos de la Grande Guerre] tout cela doit forcer l&rsquo;attention du penseur et la fixer inexorablement sur le probl\u00e8me de l&rsquo;inconscient, de cet inconscient chaotique qui dort d&rsquo;un sommeil agit\u00e9 sous la surface ordonn\u00e9e du monde conscient. [&#8230;]\n<p><em>Or la psychologie des individus correspond \u00e0 la psychologie des nations.<\/em> [&#8230;]\n<p>Si jamais il fut un temps o\u00f9 la r\u00e9flexion authentique sur soi-m\u00eame et o\u00f9 la ma\u00eetrise de soi qui en r\u00e9sulte constituent une absolue n\u00e9cessit\u00e9 et leur recherche une d\u00e9marche majeure, c&rsquo;est bien notre \u00e9poque catastrophique.\u00a0\u00bb <a href=\"#_ftn38\" name=\"_ftnref38\">[2]<\/a><br \/>\n<a href=\"https:\/\/www.cgjung.net\/oeuvre\/psychologie_inconscient_poche.htm#preface\">Psychologie de l&rsquo;inconscient, lire la citation compl\u00e8te.<\/a><\/p><\/blockquote>\n<p>Dans cette pr\u00e9face libre, C.G. Jung d\u00e9veloppe une esth\u00e9tique particuli\u00e8re pour l\u2019occasion. Tant les termes choisis que l&rsquo;agencement des id\u00e9es conf\u00e8rent \u00e0 cette pr\u00e9face la qualit\u00e9 d&rsquo;une r\u00e9flexion sur l&rsquo;actualit\u00e9 de son temps. Par son style, elle joue le r\u00f4le de pont entre l\u2019\u0153uvre personnelle et l\u2019\u0153uvre officielle, entre le Livre Rouge et les essais de psychologie analytique.<\/p>\n<h2>L&rsquo;urgence d\u2019une introspection pour l&rsquo;homme moderne<\/h2>\n<p>Comme dans <em>Le Livre Rouge<\/em>, hyperboles et antith\u00e8ses donnent \u00e0 l\u2019ensemble des caract\u00e9ristiques proprement dantesques, cependant la pr\u00e9face s\u2019organise selon une logique<em>:<br \/>\n<\/em><\/p>\n<ul>\n<li>tout d\u2019abord, la mise en relief et les amplifications accentuent le fonctionnement chaotique et autonome du conflit mondial ;<\/li>\n<li>dans un second temps apparaissent les explications de ce d\u00e9chainement : la catastrophe provient de la coupure que l\u2019homme moderne maintient vis-\u00e0-vis de l\u2019homme primitif qu\u2019il porte en lui ;<\/li>\n<li>finalement, la puissance destructrice et l\u2019ampleur du conflit \u00ab ext\u00e9rieur \u00bb l\u00e9gitiment pour l&rsquo;homme moderne l&rsquo;urgence de l&rsquo;introspection.<\/li>\n<\/ul>\n<p>Seule une r\u00e9flexion sur soi permettrait de r\u00e9duire les risques de tels ph\u00e9nom\u00e8nes sur le plan physique. Tel est le message v\u00e9hicul\u00e9 par le conflit ext\u00e9rieur dans la perspective jungienne.<\/p>\n<h2>L&rsquo;homme moderne, jouet des arch\u00e9types<\/h2>\n<p>L&rsquo;homme moderne, coup\u00e9 de sa vie inconsciente, se place \u00e0 la merci de manifestations chaotiques. En somme, dans l\u2019esth\u00e9tique jungienne, la Grande Guerre ressemble \u00e0 l\u2019expression arch\u00e9typale de la dissociation de l\u2019esprit de l\u2019homme moderne<a href=\"#_ftn40\" name=\"_ftnref40\">[3]<\/a>.<\/p>\n<p>Le mot \u00ab chaos \u00bb d\u00e9signe \u00e0 la fois le fonctionnement de la guerre et celui de l\u2019inconscient collectif. En trouvant dans la guerre l&rsquo;image d&rsquo;une dynamique int\u00e9rieure, Jung pouvait y lire le fonctionnement de l&rsquo;inconscient collectif qu&rsquo;il cherchait.<\/p>\n<p>La Pr\u00e9face de 1916 joue ainsi \u00e0 mon avis le r\u00f4le de pont:<\/p>\n<ul>\n<li>entre les processus en jeu dans l\u2019\u00e9laboration du <em>Livre Rouge<\/em> et les processus en jeu dans la reformulation scientifique de la vision de la psych\u00e9 jungienne ;<\/li>\n<li>entre l\u2019\u00e9v\u00e8nement historique et le sens qu&rsquo;il prend sur un plan individuel ;<\/li>\n<li>entre la r\u00e9alit\u00e9 ext\u00e9rieure et la r\u00e9alit\u00e9 int\u00e9rieure.<\/li>\n<\/ul>\n<h2>Le chaos des mondes<\/h2>\n<p>La polys\u00e9mie du chaos reviendra d\u2019ailleurs dans une conf\u00e9rence de 1928, intitul\u00e9e <em>La Structure de l\u2019\u00e2me<\/em>, o\u00f9 C.G. Jung aura d\u00e9sormais \u00e9tabli sa th\u00e9orie de la Psych\u00e9:<\/p>\n<blockquote><p>\u00ab\u00a0L\u2019imagination est une r\u00e9alit\u00e9 et tout un monde en soi, tout aussi chaotiquement vari\u00e9 que le monde ext\u00e9rieur [\u2026].\u00a0\u00bb<a href=\"#_ftn42\" name=\"_ftnref42\">[4]<\/a><\/p><\/blockquote>\n<p>Dans cette conf\u00e9rence, il tente de donner coh\u00e9rence \u00e0 sa syst\u00e9mique. Ce faisant, il est possible de retrouver des termes similaires aux diff\u00e9rents \u00e9l\u00e9ments \u00e9voqu\u00e9s dans la Pr\u00e9face :<\/p>\n<blockquote><p>\u00ab\u00a0Si l\u2019on veut comprendre pourquoi le monde int\u00e9rieur nous para\u00eet si obscur, fantastique et incompr\u00e9hensible, il faudra supposer un moment que toutes les races, repr\u00e9sentant la culture occidentale, se trouvent avoir un caract\u00e8re si exclusivement ext\u00e9rioris\u00e9 qu\u2019elles en auraient perdu la possibilit\u00e9 d\u2019un contact intime avec le monde int\u00e9rieur.\u00a0\u00bb<a href=\"#_ftn43\" name=\"_ftnref43\">[5]<\/a><\/p><\/blockquote>\n<p>A nouveau, l&rsquo;int\u00e9riorit\u00e9 est d\u00e9crite comme un monde d\u00e9pourvu d&rsquo;organisation, impossible \u00e0 comprendre.<\/p>\n<p>Entre les lignes se dessine le nouveau mod\u00e8le d\u2019introspection voulu et d\u00e9velopp\u00e9 par Jung.<\/p>\n<h2>La Grande Guerre agit comme un catalyseur<\/h2>\n<p>La guerre a eu pour Jung un effet lib\u00e9rateur. Entre 1914 et 1916, le psychiatre observe :<\/p>\n<ul>\n<li>l\u2019origine int\u00e9rieure des \u00ab&nbsp;\u00e9l\u00e9ments psychiques formant le contenu de l\u2019\u00e2me&nbsp;\u00bb&nbsp;;<\/li>\n<li>l\u2019aspect autonome et t\u00e9l\u00e9ologique de l\u2019inconscient collectif ;<\/li>\n<li>le d\u00e9clenchement ext\u00e9rieur d\u2019\u00e9v\u00e8nements int\u00e9rieurs ;<\/li>\n<li>le conflit int\u00e9rieur entre des forces antagonistes dans la structure de l&rsquo;\u00e2me.<\/li>\n<\/ul>\n<p>Si la rupture avec Sigmund Freud est fondamentale dans les phases de questionnement&nbsp; de la <em>nouvelle<\/em> th\u00e9orie jungienne, la Grande Guerre est une pi\u00e8ce essentielle dans la concr\u00e9tisation de cette th\u00e9orie <a href=\"#_ftn34\" name=\"_ftnref34\">[6]<\/a>.<\/p>\n<h2>Vers une nouvelle conception de la r\u00e9alit\u00e9<\/h2>\n<p>Pont entre l\u2019individuel et le collectif, entre intuitions th\u00e9oriques et exp\u00e9rience pratique, le d\u00e9clenchement du conflit mondial occupe une place centrale dans les m\u00e9tamorphoses de la pens\u00e9e jungienne.<\/p>\n<p>Ce processus individuel rapproche n\u00e9anmoins Jung de la collectivit\u00e9 sur un plan culturel, comme le synth\u00e9tise Christine Maillard :<\/p>\n<blockquote><p>\u00ab\u00a0Le <em>Livre Rouge<\/em>, tel qu\u2019il se pr\u00e9sente au lecteur, est le r\u00e9sultat d\u2019une crise individuelle et personnelle de son auteur, dont la rupture avec Freud est sans doute l\u2019une des principales causes. Mais ce moment personnel s\u2019inscrit aussi dans une crise collective qui affecte l\u2019Europe comme entit\u00e9 politique et comme porteuse de civilisation.<\/p>\n<p>C\u2019est d\u2019ailleurs l\u2019un des postulats du <em>Livre Rouge<\/em> lui-m\u00eame, et il s\u2019exprimera dans le discours de l\u2019\u0153uvre sur la Premi\u00e8re Guerre mondiale : cette crise individuelle, crise du sujet, affecte aussi, \u00e0 un autre niveau de compr\u00e9hension et d\u2019interpr\u00e9tation, le collectif, voire la civilisation europ\u00e9enne tout enti\u00e8re.\u00a0\u00bb<a href=\"#_ftn33\" name=\"_ftnref33\">[7]<\/a><\/p><\/blockquote>\n<p>Loin d&rsquo;\u00eatre isol\u00e9, le renouvellement du langage jungien rapproche le psychiatre Suisse de l&rsquo;esprit de son temps. De ces transformations na\u00eetra une nouvelle conception de la r\u00e9alit\u00e9.<\/p>\n<p style=\"text-align: center;\"><a class=\"buttonv navigation\" href=\"https:\/\/www.cgjung.net\/espace\/accueil\/pascal-chauvie\/limpact-grande-guerre-sur-carl-gustav-jung\/\">Article pr\u00e9c\u00e9dent<\/a> <a class=\"buttonv navigation\" href=\"https:\/\/www.cgjung.net\/espace\/accueil\/pascal-chauvie\/jung-renverse-principe-realite\/\">Article suivant<\/a><\/p>\n<p><strong>Notes<\/strong><\/p>\n<p><a href=\"#_ftnref35\" name=\"_ftn35\">[1]<\/a>&nbsp; Shamdasani Sonu, \u00ab&nbsp;&nbsp;Des n\u00e9vroses \u00e0 une nouvelle cure des \u00e2mes&nbsp;&nbsp;: Carl Gustav Jung et la refonte du patient th\u00e9rapeutique&nbsp;&nbsp;\u00bb, <em>Cahiers jungiens de psychanalyse<\/em>, 2017\/2 (N\u00b0 146), p. 10.<\/p>\n<p><a href=\"#_ftnref36\" name=\"_ftn36\"><\/a><a href=\"#_ftnref38\" name=\"_ftn38\">2]<\/a> \u00c9poque catastrophique : le choix de ces mots d&rsquo;origine grecque m\u00e9rite consid\u00e9ration. Cela donne au conflit mondial une dimension tragique et philosophique dans le sens de renversement, de bouleversement. Rappelons que le mot \u00ab\u00a0\u00e9poque\u00a0\u00bb, en philosophie et en psychanalyse, signifie la suspension du jugement. <a href=\"#_ftn38\" name=\"_ftnref38\"><\/a><\/p>\n<p><a href=\"#_ftnref39\" name=\"_ftn39\"><\/a><a href=\"#_ftnref40\" name=\"_ftn40\">[3]<\/a> Une \u00e9tude approfondie des textes de 1916 reste \u00e0 faire dans cette perspective historique, et dans une perspective comparative avec des textes plus tardifs. Je pense ici \u00e0 <em>La Structure de l\u2019inconscient<\/em> (1916) et \u00e0 <em>La Structure de l\u2019\u00e2me<\/em> (1928).<\/p>\n<p><a href=\"#_ftnref41\" name=\"_ftn41\"><\/a><a href=\"#_ftnref42\" name=\"_ftn42\">[4]<\/a> <em>Jung Carl Gustav, <a href=\"https:\/\/www.cgjung.net\/espace\/ressources\/structure-ame\/\">La Structure de l\u2019\u00e2me<\/a>. L\u2019Esprit du Temps, 2013, <\/em>p. 68.<\/p>\n<p><a href=\"#_ftnref43\" name=\"_ftn43\">[5]<\/a><em> Jung Carl Gustav, <a href=\"https:\/\/www.cgjung.net\/espace\/ressources\/structure-ame\/\">La Structure de l\u2019\u00e2me<\/a>. L\u2019Esprit du Temps, 2013,<\/em> p. 53. Le mot \u00ab race \u00bb \u00e9tait commun\u00e9ment utilis\u00e9 en 1928 et ne l\u2019est plus aujourd\u2019hui.<span style=\"color: #ff0000;\"><br \/>\n<\/span><\/p>\n<p><a href=\"#_ftnref34\" name=\"_ftn34\">[6]<\/a> Il serait passionnant de retracer historiquement, dans les archives jungiennes, l\u2019\u00e9laboration fine du <em>Livre Rouge<\/em> au fil des mois qui pr\u00e9c\u00e8dent la Grande Guerre jusqu\u2019en 1916.<\/p>\n<p><a href=\"#_ftnref33\" name=\"_ftn33\">[7]<\/a> Maillard Christine. \u00ab <a href=\"https:\/\/www.cgjung.net\/livrerouge\/\">Le <em>Livre Rouge<\/em><\/a> (1914-1930) de Carl Gustav Jung&nbsp;: individuation et discours sur l\u2019\u00e9thique&nbsp;\u00bb, <em>Cahiers jungiens de psychanalyse<\/em>, vol. 147, no. 1, 2018, pp. 15-32, p.16.<a href=\"#_ftnref44\" name=\"_ftn44\"><\/a><\/p>\n<p><a href=\"https:\/\/www.cgjung.net\/contact.htm\"><strong>Adresser un message \u00e0 Pascal Chauvie<\/strong><\/a><\/p>\n<p>&nbsp;<\/p>\n<h2>Pascal Chauvie<\/h2>\n<p><img loading=\"lazy\" decoding=\"async\" class=\"alignright size-full wp-image-14381\" src=\"https:\/\/www.cgjung.net\/espace\/wp-content\/uploads\/2020\/09\/pascal-chauvie.jpg\" alt=\"\" width=\"150\" height=\"179\" \/><\/p>\n<p>De son premier nom Juan Carlos Per\u00e9z, <strong>Pascal Chauvie<\/strong> est n\u00e9 \u00e0 Cali en Colombie en 1981. Il est adopt\u00e9 en Suisse et s\u2019int\u00e9resse \u00e0 l\u2019\u0153uvre de Carl Gustav Jung en lisant <a href=\"https:\/\/www.cgjung.net\/oeuvre\/decouverte_ame.htm\">L\u2019homme \u00e0 la d\u00e9couverte de son \u00e2me<\/a> en 2007.<\/p>\n<p>Riche de son exp\u00e9rience d\u2019historien, d\u2019enseignant, de conf\u00e9rencier, de policier, il s\u2019int\u00e9resse \u00e0 l\u2019histoire de la pens\u00e9e, \u00e0 l\u2019analyse des processus culturels, et surtout \u00e0 la dynamique du r\u00eave.<\/p>\n<p>Certifi\u00e9 en 2020 par l\u2019Institut Carl Gustav Jung de Z\u00fcrich, il publie d\u00e9sormais des textes originaux favorisant une approche holistique et inspirante de l\u2019\u0153uvre jungienne.<\/p>\n\n","protected":false},"excerpt":{"rendered":"<p>Le conflit est int\u00e9rieur \u00e0 l&rsquo;homme moderne. La Grande Guerre en est l&rsquo;image collective ext\u00e9rieure. Seule une r\u00e9flexion sur soi permettrait de r\u00e9duire les risques de tels ph\u00e9nom\u00e8nes sur le plan physique. Pascal Chauvie C.G. Jung &#8211; Cahier noir (Black Book) &#8211; 2 janvier 1916 Du conflit int\u00e9rieur au d\u00e9veloppement spirituel de l&rsquo;individu Une r\u00e9flexion [&hellip;]<\/p>\n","protected":false},"author":7,"featured_media":0,"parent":14261,"menu_order":0,"comment_status":"closed","ping_status":"closed","template":"","meta":{"footnotes":""},"class_list":["post-14720","page","type-page","status-publish","hentry"],"_links":{"self":[{"href":"https:\/\/www.cgjung.net\/espace\/wp-json\/wp\/v2\/pages\/14720","targetHints":{"allow":["GET"]}}],"collection":[{"href":"https:\/\/www.cgjung.net\/espace\/wp-json\/wp\/v2\/pages"}],"about":[{"href":"https:\/\/www.cgjung.net\/espace\/wp-json\/wp\/v2\/types\/page"}],"author":[{"embeddable":true,"href":"https:\/\/www.cgjung.net\/espace\/wp-json\/wp\/v2\/users\/7"}],"replies":[{"embeddable":true,"href":"https:\/\/www.cgjung.net\/espace\/wp-json\/wp\/v2\/comments?post=14720"}],"version-history":[{"count":53,"href":"https:\/\/www.cgjung.net\/espace\/wp-json\/wp\/v2\/pages\/14720\/revisions"}],"predecessor-version":[{"id":15548,"href":"https:\/\/www.cgjung.net\/espace\/wp-json\/wp\/v2\/pages\/14720\/revisions\/15548"}],"up":[{"embeddable":true,"href":"https:\/\/www.cgjung.net\/espace\/wp-json\/wp\/v2\/pages\/14261"}],"wp:attachment":[{"href":"https:\/\/www.cgjung.net\/espace\/wp-json\/wp\/v2\/media?parent=14720"}],"curies":[{"name":"wp","href":"https:\/\/api.w.org\/{rel}","templated":true}]}}