{"id":14481,"date":"2020-10-04T14:57:14","date_gmt":"2020-10-04T12:57:14","guid":{"rendered":"https:\/\/www.cgjung.net\/espace\/?page_id=14481"},"modified":"2021-02-07T08:59:12","modified_gmt":"2021-02-07T07:59:12","slug":"limpact-grande-guerre-sur-carl-gustav-jung","status":"publish","type":"page","link":"https:\/\/www.cgjung.net\/espace\/accueil\/pascal-chauvie\/limpact-grande-guerre-sur-carl-gustav-jung\/","title":{"rendered":"L&rsquo;impact de la Grande Guerre sur Carl Gustav Jung"},"content":{"rendered":"<p><strong>C.G. Jung a exp\u00e9riment\u00e9 avec force l\u2019existence d\u2019une r\u00e9alit\u00e9 sur un plan psychique avant que celle-ci ne se r\u00e9alise sur un plan physique. Le d\u00e9clenchement de la Grande Guerre a jou\u00e9 un r\u00f4le fondamental dans sa th\u00e9orie de l\u2019inconscient collectif ainsi que dans sa conception syst\u00e9mique de l\u2019\u00e2me.<\/strong><\/p>\n<p style=\"text-align: right;\">Pascal Chauvie<\/p>\n<p><img loading=\"lazy\" decoding=\"async\" class=\"size-full wp-image-14502 aligncenter\" src=\"https:\/\/www.cgjung.net\/espace\/wp-content\/uploads\/2020\/09\/livre-rouge-vi.jpg\" alt=\"\" width=\"600\" height=\"417\" \/><\/p>\n<p style=\"text-align: center;\">Livre rouge C.G. Jung &#8211; Cap. vi, extrait<\/p>\n<h2>Des contemporains de Jung sentent un conflit int\u00e9rieur avant l&rsquo;arriv\u00e9e de la Grande Guerre<\/h2>\n<p>Historiquement, la crise de C.G. Jung d&rsquo;avant le conflit ressemble \u00e0 d\u2019autres crises exprim\u00e9es par ses contemporains.<\/p>\n<p>Ses visions angoiss\u00e9es pr\u00e9sentent, par exemple, des analogies avec les exp\u00e9rimentations artistiques de Ludwig Meidner, de Max Beckmann ou d&rsquo;Otto Dix, sur un plan artistique.<\/p>\n<p>A ce titre, le renouveau historiographique sur les origines de la Grande guerre montre la fr\u00e9quence de ces ph\u00e9nom\u00e8nes, comme le rappelle Margaret McMillan :<\/p>\n<blockquote><p>\u00ab\u00a0Il est \u00e9tonnant de voir combien de paniques parcouraient la soci\u00e9t\u00e9 europ\u00e9enne dans la p\u00e9riode qui pr\u00e9c\u00e9da 1914.\u00a0\u00bb<a href=\"#_ftn19\" name=\"_ftnref19\">[1]<\/a><\/p><\/blockquote>\n<p>Dans le m\u00eame ordre d\u2019id\u00e9es, Philipp Blom rappelle que les ann\u00e9es qui pr\u00e9c\u00e8dent le conflit portaient la peur d&rsquo;un choc entre les cultures :<\/p>\n<blockquote><p>\u00ab\u00a0<span lang=\"fr\">L&rsquo;acc\u00e9l\u00e9ration et l&rsquo;excitation, la peur et les vertiges sont des th\u00e8mes qui apparaissent sous des formes multiples entre 1900 et 1914.\u00a0\u00bb<a href=\"#_ftn20\" name=\"_ftnref20\">[2]<\/a><\/span><\/p><\/blockquote>\n<p>La soci\u00e9t\u00e9 europ\u00e9enne d\u2019avant-guerre est ainsi d\u00e9j\u00e0 travers\u00e9e par une forme de catastrophisme.<\/p>\n<p>Cet esprit du temps fera na\u00eetre des crises \u00e9pist\u00e9mologiques.<\/p>\n<h2>Les r\u00e9f\u00e9rences au conflit mondial sont rares dans l\u2019\u0153uvre de C.G. Jung<\/h2>\n<p>En ce sens, C.G. Jung n\u2019a pas attendu la Grande Guerre pour questionner son syst\u00e8me de repr\u00e9sentation. Ceci expliquerait encore pourquoi l&rsquo;impact de la Grande Guerre ait \u00e9t\u00e9 minimis\u00e9.<\/p>\n<p>\u00c0 cet argument historique s\u2019ajoute enfin un argument qualitatif. En effet, les r\u00e9f\u00e9rences explicites au conflit mondial dans l\u2019\u0153uvre de C.G. Jung sont rares.<\/p>\n<p>Pr\u00e9sentes m\u00e9taphoriquement ou implicitement dans le Livre Rouge, elles sont discr\u00e8tes dans les <em>\u0152uvres compl\u00e8tes<\/em> ou dans l\u2019autobiographie \u00ab officielle&nbsp; <a href=\"https:\/\/www.cgjung.net\/oeuvre\/ma_vie_folio.htm\">Ma vie<\/a> \u00bb<a href=\"#_ftn21\" name=\"_ftnref21\">[3]<\/a>.<\/p>\n<p>Cela renforce l\u2019image d\u2019un penseur \u00e9laborant sa syst\u00e9mique en marge de l\u2019histoire.<\/p>\n<p>Pourtant, cette image m\u00e9rite une reconsid\u00e9ration<a href=\"#_ftn22\" name=\"_ftnref22\">[4]<\/a>. Jung adh\u00e8re \u00e0 l&rsquo;esprit du temps.<\/p>\n<p>Il est possible de le percevoir dans sa crise. Sans nier l&rsquo;originalit\u00e9 des m\u00e9tamorphoses de sa pens\u00e9e avant-guerre, le processus que traverse Jung est ainsi caract\u00e9ristique de son \u00e9poque.<\/p>\n<p>Ceci me laisse penser que la Grande Guerre, qui a eu une influence capitale sur la soci\u00e9t\u00e9 occidentale, a aussi percut\u00e9 de plein fouet la pens\u00e9e jungienne.<\/p>\n<h2>Une n\u00e9cessaire reconsid\u00e9ration : ce que r\u00e9v\u00e8le le Livre rouge<\/h2>\n<p>C&rsquo;est d&rsquo;abord \u00e0 travers l&rsquo;\u00e9laboration du Livre Rouge qu&rsquo;il est possible de mesurer l&rsquo;influence du conflit sur la psychologie de Jung.<\/p>\n<p>En suivant la chronologie&nbsp;<a href=\"https:\/\/www.cgjung.net\/livrerouge\/\">de l\u2019\u00e9laboration du <em>Livre Rouge<\/em><\/a>, telle qu\u2019\u00e9tablie par Sonu Shamdasani dans l\u2019\u00e9dition fran\u00e7aise, on peut distinguer trois temps :<\/p>\n<ul>\n<li>les visions \u00ab&nbsp;pr\u00e9monitoires&nbsp;\u00bb de C.G. Jung durant sa crise&nbsp;;<\/li>\n<li>la r\u00e9v\u00e9lation et la lib\u00e9ration lors de la d\u00e9claration de guerre&nbsp;;<\/li>\n<li>la reformulation de sa th\u00e9orie et l\u2019\u00e9laboration du <em>Livre rouge<\/em>.<\/li>\n<\/ul>\n<p>Dans cette optique, et selon ses mots, les visions qui prennent place d\u2019octobre 1913 \u00e0 juillet 1914 font craindre \u00e0 Jung une grave crise psychologique :<\/p>\n<blockquote><p>\u00ab\u00a0J\u2019avais l\u2019impression d\u2019\u00eatre en proie \u00e0 une psychose surcompens\u00e9e, et n\u2019ai pu enfin m\u2019en lib\u00e9rer que le 1er ao\u00fbt 1914.\u00a0\u00bb<a href=\"#_ftn26\" name=\"_ftnref26\">[5]<\/a><\/p><\/blockquote>\n<p>En employant le mot psychose, il reliait ainsi son exp\u00e9rience \u00e0 l&rsquo;exp\u00e9rience individuelle de ses patients. La date de la d\u00e9claration de guerre vient le lib\u00e9rer de cette peur.<\/p>\n<h2>Un paradoxe : la guerre \u00e9clate, Jung est soulag\u00e9<\/h2>\n<p>On retrouve cette rh\u00e9torique lib\u00e9ratrice et r\u00e9v\u00e9latrice dans les propos de Mircea Eliade, citant Jung :<\/p>\n<blockquote><p>\u00ab\u00a0Le Congr\u00e8s avait lieu en juillet 1914 : exactement la p\u00e9riode o\u00f9 dans mes trois r\u00eaves, je me voyais dans les mers du Sud. Le 31 juillet, apr\u00e8s ma conf\u00e9rence, j&rsquo;ai appris par les journaux que la guerre venait d&rsquo;\u00e9clater. Enfin, je comprenais!<\/p>\n<p>Et lorsque le bateau me d\u00e9posa en Hollande, le jour suivant, personne n&rsquo;\u00e9tait plus heureux que moi : maintenant j&rsquo;\u00e9tais s\u00fbr qu&rsquo;aucune schizophr\u00e9nie ne me mena\u00e7ait. J&rsquo;avais compris que mes r\u00eaves et mes visions m&rsquo;arrivaient du tr\u00e9fonds de l&rsquo;inconscient collectif.<\/p>\n<p>Il ne me restait qu&rsquo;\u00e0 travailler \u00e0 approfondir et \u00e0 valider cette d\u00e9couverte. <a href=\"#_ftn28\" name=\"_ftnref28\">[6]<\/a><span style=\"color: #ff0000;\"><br \/>\n<\/span><\/p><\/blockquote>\n<p>Dans cette pr\u00e9sentation, le d\u00e9clenchement de la Guerre est proph\u00e9tique. Comme un oracle, l&rsquo;\u00e9v\u00e8nement donne sens \u00e0 la crise individuelle.<\/p>\n<p>Dans le r\u00e9cit jungien, l\u2019\u00e9v\u00e8nement historique explique l\u2019intensit\u00e9 de sa crise d\u2019avant-guerre. Ses douze visions r\u00e9v\u00e8lent leurs caract\u00e9ristiques arch\u00e9typales<a href=\"#_ftn30\" name=\"_ftnref30\">[7]<\/a>.<\/p>\n<h2>Jung : \u00ab\u00a0mes yeux s&rsquo;ouvrirent\u00a0\u00bb<\/h2>\n<p>Plus loin, le Livre rouge traduit dans une prosopop\u00e9e originale, la puissance r\u00e9v\u00e9latrice du d\u00e9clenchement de la guerre:<\/p>\n<blockquote><p>\u00ab\u00a0Cette tristesse n\u2019e\u00fbt pas de fin avant le 24 juin 1914. Dans la nuit, mon \u00e2me me dit : \u00ab Le plus grand vient rejoindre le plus petit. \u00bb Apr\u00e8s quoi rien d\u2019autre ne fut dit. Sur quoi la guerre \u00e9clata.<\/p>\n<p>Alors mes yeux s\u2019ouvrirent sur bien des choses que j\u2019avais v\u00e9cues auparavant, et cela me donna le courage de dire tout ce que j\u2019ai not\u00e9 dans les parties ant\u00e9rieures de ce livre.\u00a0\u00bb<a href=\"#_ftn29\" name=\"_ftnref29\">[8]<\/a><\/p><\/blockquote>\n<p>Jung adopte dans son style l&rsquo;esth\u00e9tique de la r\u00e9v\u00e9lation. Des \u00e9l\u00e9ments autonomes s&rsquo;adressent \u00e0 lui.<\/p>\n<p>La symbolique du r\u00e9veil, \u00e0 prendre au sens m\u00e9taphysique, apparait dans l\u2019image consacr\u00e9e des <em>yeux qui s\u2019ouvrent<\/em>.<\/p>\n<p>La vertu du <em>courage<\/em> pour mener \u00e0 bien son projet, renforce le caract\u00e8re h\u00e9ro\u00efque de son entreprise.<\/p>\n<p>Enfin, la puissance r\u00e9v\u00e9latrice du d\u00e9clenchement du conflit allie <em>le plus grand et le plus petit. <\/em>Cela figure la rencontre entre le collectif et l&rsquo;individuel.<\/p>\n<h2>Une rencontre avec l&rsquo;inconscient collectif<\/h2>\n<p>Dans cette logique, la d\u00e9claration de guerre fait comprendre \u00e0 C.G. Jung qu\u2019il avait pressenti celle-ci. Les visions dont il avait \u00e9t\u00e9 victime \u00e9manaient pour lui d\u2019un langage prospectif, issu d&rsquo;une entit\u00e9 collective et autonome.<\/p>\n<p>La d\u00e9claration de Guerre l\u2019a donc soulag\u00e9, car ses visions n\u2019\u00e9taient pas le signe d\u2019une psychose individuelle: elle t\u00e9moignaient d\u2019une rencontre avec l\u2019inconscient collectif.<\/p>\n<p>Cela est essentiel \u00e0 comprendre : c\u2019est \u00e0 travers l&rsquo;\u00e9v\u00e8nement collectif d&rsquo;ao\u00fbt 1914 que C.G. Jung peut donner sens \u00e0 ce qu\u2019il avait v\u00e9cu individuellement.<\/p>\n<p>Le d\u00e9clenchement de la guerre venait l\u00e9gitimer les auto-exp\u00e9rimentations que Jung avait exp\u00e9riment\u00e9es, tout en donnant l\u2019impulsion n\u00e9cessaire pour mat\u00e9rialiser celles-ci dans le <em>Livre Rouge<\/em>.<\/p>\n<h2>La d\u00e9claration de guerre, un pont entre exp\u00e9rience individuelle et collective<\/h2>\n<p>Ainsi, loin de se r\u00e9duire \u00e0 un arri\u00e8re-plan historique, le conflit mondial a jou\u00e9 un r\u00f4le matriciel dans la conception jungienne de l\u2019\u00e2me<a href=\"#_ftn23\" name=\"_ftnref23\">[9]<\/a>, en particulier pour le concept d&rsquo;inconscient collectif.<\/p>\n<p>Le d\u00e9clenchement de la Guerre donnait coh\u00e9rence \u00e0 l\u2019id\u00e9e d\u2019un inconscient collectif auquel les individus seraient reli\u00e9s, et dont le langage aurait les caract\u00e9ristiques d\u2019un discours arch\u00e9typal et prospectif<a href=\"#_ftn31\" name=\"_ftnref31\">[10]<\/a>.<\/p>\n<p>La guerre devient le m\u00e9diateur entre l\u2019exp\u00e9rience <em>individuelle<\/em> et l\u2019exp\u00e9rience <em>collective. <\/em><\/p>\n<p>On retrouve ce t\u00e9moignage m\u00e9taphorique dans le <em>Livre Rouge<\/em> :<\/p>\n<blockquote><p>\u00ab\u00a0Comme me l\u2019avait annonc\u00e9 la premi\u00e8re vision, l\u2019assassinat sortit des profondeurs et vint vers moi, comme, dans le destin des peuples de ce temps, un anonyme s\u2019avan\u00e7a et leva l\u2019arme du crime contre le prince.<\/p>\n<p>Je me sentis transform\u00e9 en b\u00eate f\u00e9roce. [\u2026] Parce que je portais le crime en moi, j\u2019en eu le pressentiment.<\/p>\n<p>Parce que je portais la guerre en moi, j\u2019en eu le pressentiment.\u00a0\u00bb<a href=\"#_ftn32\" name=\"_ftnref32\">[11]<\/a><\/p><\/blockquote>\n<p>Le style emphatique de Jung insiste sur le caract\u00e8re pr\u00e9monitoire de ses visions. Les structures anaphoriques insistent sur la relation de causalit\u00e9 \u00e0 travers le \u00ab\u00a0Parce que\u00a0\u00bb.<\/p>\n<p>On sent que Jung donne progressivement coh\u00e9rence \u00e0 un nouveau syst\u00e8me de pens\u00e9e dans lequel collectif et individuel dialoguent.<\/p>\n<p>Dans cette syst\u00e9mique, <strong>C.G. Jung venait d\u2019exp\u00e9rimenter avec force l\u2019existence d\u2019une r\u00e9alit\u00e9 sur un plan psychique avant que celle-ci ne se r\u00e9alise sur un plan physique.<\/strong><\/p>\n<p>On saisit le caract\u00e8re r\u00e9volutionnaire de cette id\u00e9e fondamentale et on comprend le courage n\u00e9cessaire pour la d\u00e9velopper. En effet, la pr\u00e9existence du psychique sur le physique renversait le syst\u00e8me de causalit\u00e9 de la science positiviste.<\/p>\n<p>Et c&rsquo;est selon moi la Grande Guerre qui fournit \u00e0 Jung l&rsquo;impulsion de concr\u00e9tiser ce qui deviendra la psychologie des profondeurs.<\/p>\n<p style=\"text-align: center;\"><a class=\"buttonv navigation\" href=\"https:\/\/www.cgjung.net\/espace\/accueil\/pascal-chauvie\/jung-grande-guerre\/\">Article pr\u00e9c\u00e9dent<\/a> <a class=\"buttonv navigation\" href=\"https:\/\/www.cgjung.net\/espace\/accueil\/pascal-chauvie\/conflit-interieur-au-coeur-de-l-individu\/\">Article suivant<\/a><\/p>\n<p><strong>Notes<\/strong><\/p>\n<p><a href=\"#_ftnref19\" name=\"_ftn19\">[1]<\/a> MacMillan Margaret, <em>Vers la Grande Guerre. Comment l\u2019Europe a renonc\u00e9 \u00e0 la Paix<\/em>. Paris, autrement, 2014, p. 319.<\/p>\n<p><a href=\"#_ftnref20\" name=\"_ftn20\">[2]<\/a> Blom Philipp, <em>Der taumelnde Kontinent; Europa 1900-1914<\/em>. DTV, 2014, p. 13. \u00ab\u00a0Beschleunigung und Erregung, Angst und Schwingelgef\u00fchle waren Themen, die in den Jahren zwischen 1900 und 1914 in vielf\u00e4higer Form immer wiederkehrten und deren Ursachen auf der Hand liegen[\u2026]\u00a0\u00bb<\/p>\n<p><a href=\"#_ftnref21\" name=\"_ftn21\">[3]<\/a> \u0152uvres qui, rappelons-le, ont longtemps fait office de sources principales quant \u00e0 l\u2019aspect biographique de Carl Gustav Jung.<\/p>\n<p><a href=\"#_ftnref22\" name=\"_ftn22\">[4]<\/a> Surtout au vu \u00e9galement du renouveau historiographique sur les ann\u00e9es qui pr\u00e9c\u00e8dent la Grande guerre et sur le d\u00e9clenchement du conflit.<\/p>\n<p><a href=\"#_ftnref28\" name=\"_ftn28\">[6]<\/a> Eliade Mircea, <a href=\"https:\/\/www.cgjung.net\/oeuvre\/cgjung_parle.htm\">C.G. Jung parle, rencontres et interviews<\/a>, p. 184\/185.<\/p>\n<p><a href=\"#_ftnref30\" name=\"_ftn30\">[7]<\/a> Cette notion fondamentale avait \u00e9t\u00e9 \u00e9tablie par Jung avant-guerre<a href=\"#_ftn30\" name=\"_ftnref30\"><\/a>. D\u00e9fini comme \u00ab un trait g\u00e9n\u00e9ralement humain, d&rsquo;une disposition fonctionnelle \u00e0 produire des repr\u00e9sentations semblables ou analogues \u00bb dans &nbsp;Jung Carl Gustav, <a href=\"https:\/\/www.cgjung.net\/oeuvre\/metamorphoses_poche.htm\">M\u00e9tamorphoses de l&rsquo;\u00e2me et ses symboles<\/a> (1911-1912), Paris, LGF, coll. \u00ab livre de Poche \u00bb, 1996, pp. 190-192.<a href=\"#_ftnref23\" name=\"_ftn23\">[5]<\/a> Jung Carl Gustav, <a href=\"https:\/\/www.cgjung.net\/espace\/ressources\/structure-ame\/\">La Structure de l\u2019\u00e2me<\/a> (1928). L\u2019Esprit du Temps, 2013.<\/p>\n<p><a href=\"#_ftnref27\" name=\"_ftn27\"><\/a><a href=\"#_ftnref29\" name=\"_ftn29\">8]<\/a> Jung Carl Gustav, <em>Epreuves<\/em> {2}, dans Carl Gustav Jung&nbsp;: <em><a href=\"https:\/\/www.cgjung.net\/livrerouge\/\">Livre rouge<\/a>, <\/em>grand format p. 336, format texte p. 523.<\/p>\n<p><a href=\"#_ftnref24\" name=\"_ftn24\">[<\/a><a href=\"#_ftnref25\" name=\"_ftn25\"><\/a><a href=\"#_ftnref26\" name=\"_ftn26\">9]<\/a> Jung cit\u00e9 par Shonu Shamdasani dans Carl Gustav Jung, <a href=\"https:\/\/www.cgjung.net\/livrerouge\/\">Livre rouge<\/a>, grand format p.201, format texte p. 53.<\/p>\n<p><a href=\"#_ftnref31\" name=\"_ftn31\">[10]<\/a> Sans rentrer dans les d\u00e9tails, il est surprenant de constater les similitudes entre l\u2019esth\u00e9tique des visions de Jung avant-guerre (voir I\u2019introduction au <em>Livre Rouge <\/em>de Sonu Shamdasani, o\u00f9 ce dernier liste les 12 visions), qui expriment une id\u00e9e de submergement total et \u00e9l\u00e9mentaire, et celles des images de Ludwig Meidner. Voir les s\u00e9ries expressionnistes de Meidner Ludwig, <em>La ville apocalyptique<\/em>&nbsp;et <em>La ville en feu<\/em> (1913).<\/p>\n<p><a href=\"#_ftnref32\" name=\"_ftn32\">[11]<\/a> Jung Carl Gustav,&nbsp;<a href=\"https:\/\/www.cgjung.net\/livrerouge\/\">Livre rouge<\/a>, grand format p. 241, format texte p. 185. L&rsquo;image en t\u00eate de cet article comprend cet extrait sous la plume de Jung.<\/p>\n<p><a href=\"https:\/\/www.cgjung.net\/contact.htm\"><strong>Adresser un message \u00e0 Pascal Chauvie<\/strong><\/a><\/p>\n<p>&nbsp;<\/p>\n<h2>Pascal Chauvie<\/h2>\n<p><img loading=\"lazy\" decoding=\"async\" class=\"alignright size-full wp-image-14381\" src=\"https:\/\/www.cgjung.net\/espace\/wp-content\/uploads\/2020\/09\/pascal-chauvie.jpg\" alt=\"\" width=\"150\" height=\"179\" \/><\/p>\n<p>De son premier nom Juan Carlos Per\u00e9z, <strong>Pascal Chauvie<\/strong> est n\u00e9 \u00e0 Cali en Colombie en 1981. Il est adopt\u00e9 en Suisse et s\u2019int\u00e9resse \u00e0 l\u2019\u0153uvre de Carl Gustav Jung en lisant <a href=\"https:\/\/www.cgjung.net\/oeuvre\/decouverte_ame.htm\">L\u2019homme \u00e0 la d\u00e9couverte de son \u00e2me<\/a> en 2007.<\/p>\n<p>Riche de son exp\u00e9rience d\u2019historien, d\u2019enseignant, de conf\u00e9rencier, de policier, il s\u2019int\u00e9resse \u00e0 l\u2019histoire de la pens\u00e9e, \u00e0 l\u2019analyse des processus culturels, et surtout \u00e0 la dynamique du r\u00eave.<\/p>\n<p>Certifi\u00e9 en 2020 par l\u2019Institut Carl Gustav Jung de Z\u00fcrich, il publie d\u00e9sormais des textes originaux favorisant une approche holistique et inspirante de l\u2019\u0153uvre jungienne.<\/p>\n\n","protected":false},"excerpt":{"rendered":"<p>C.G. Jung a exp\u00e9riment\u00e9 avec force l\u2019existence d\u2019une r\u00e9alit\u00e9 sur un plan psychique avant que celle-ci ne se r\u00e9alise sur un plan physique. Le d\u00e9clenchement de la Grande Guerre a jou\u00e9 un r\u00f4le fondamental dans sa th\u00e9orie de l\u2019inconscient collectif ainsi que dans sa conception syst\u00e9mique de l\u2019\u00e2me. Pascal Chauvie Livre rouge C.G. Jung &#8211; [&hellip;]<\/p>\n","protected":false},"author":7,"featured_media":0,"parent":14261,"menu_order":0,"comment_status":"closed","ping_status":"closed","template":"","meta":{"footnotes":""},"class_list":["post-14481","page","type-page","status-publish","hentry"],"_links":{"self":[{"href":"https:\/\/www.cgjung.net\/espace\/wp-json\/wp\/v2\/pages\/14481","targetHints":{"allow":["GET"]}}],"collection":[{"href":"https:\/\/www.cgjung.net\/espace\/wp-json\/wp\/v2\/pages"}],"about":[{"href":"https:\/\/www.cgjung.net\/espace\/wp-json\/wp\/v2\/types\/page"}],"author":[{"embeddable":true,"href":"https:\/\/www.cgjung.net\/espace\/wp-json\/wp\/v2\/users\/7"}],"replies":[{"embeddable":true,"href":"https:\/\/www.cgjung.net\/espace\/wp-json\/wp\/v2\/comments?post=14481"}],"version-history":[{"count":56,"href":"https:\/\/www.cgjung.net\/espace\/wp-json\/wp\/v2\/pages\/14481\/revisions"}],"predecessor-version":[{"id":15546,"href":"https:\/\/www.cgjung.net\/espace\/wp-json\/wp\/v2\/pages\/14481\/revisions\/15546"}],"up":[{"embeddable":true,"href":"https:\/\/www.cgjung.net\/espace\/wp-json\/wp\/v2\/pages\/14261"}],"wp:attachment":[{"href":"https:\/\/www.cgjung.net\/espace\/wp-json\/wp\/v2\/media?parent=14481"}],"curies":[{"name":"wp","href":"https:\/\/api.w.org\/{rel}","templated":true}]}}