{"id":14291,"date":"2020-09-16T11:55:21","date_gmt":"2020-09-16T09:55:21","guid":{"rendered":"https:\/\/www.cgjung.net\/espace\/?page_id=14291"},"modified":"2021-02-07T08:57:49","modified_gmt":"2021-02-07T07:57:49","slug":"jung-grande-guerre","status":"publish","type":"page","link":"https:\/\/www.cgjung.net\/espace\/accueil\/pascal-chauvie\/jung-grande-guerre\/","title":{"rendered":"Carl Gustav Jung et la Grande Guerre"},"content":{"rendered":"<p><strong>Durant la Premi\u00e8re Guerre mondiale (1914-1918), Carl Gustav Jung se confronte \u00e0 son inconscient, exp\u00e9rience qu&rsquo;il a consign\u00e9e dans le Livre rouge. D<\/strong><strong>urant cette p\u00e9riode, l<\/strong><strong>&lsquo;impact de la Grande Guerre sur son \u0153uvre a \u00e9t\u00e9 tr\u00e8s largement sous estim\u00e9.<\/strong><\/p>\n<p style=\"text-align: right;\"><em>Pascal Chauvie<\/em><\/p>\n<p><img loading=\"lazy\" decoding=\"async\" class=\"size-full wp-image-14378 aligncenter\" src=\"https:\/\/www.cgjung.net\/espace\/wp-content\/uploads\/2020\/09\/grande-guerre.jpg\" alt=\"Carl Gustav Jung, Ch\u00e2teau d'Oex, Grande Guerre\" width=\"600\" height=\"416\" \/><\/p>\n<p style=\"text-align: center;\">Carl Gustav Jung (\u00e0 gauche), Ch\u00e2teau-d&rsquo;Oex, Suisse <a href=\"http:\/\/www.musee-chateau-doex.ch\/\" target=\"_blank\" rel=\"noopener noreferrer\">\u00a9 Mus\u00e9e du Pays-d&rsquo;Enhaut<\/a><\/p>\n<h2>L&rsquo;impact de la guerre sur un plan psychologique<\/h2>\n<p>Sur une photographie de Carl Gustav Jung durant la Premi\u00e8re Guerre mondiale, on peut le voir attabl\u00e9 en uniforme avec d&rsquo;autres officiers, souriant. Cette image prise sur les hauteurs du Pays-d&rsquo;Enhaut helv\u00e8te \u00e9voque une atmosph\u00e8re paisible, repos\u00e9e.<\/p>\n<p>Loin de la brutalit\u00e9 des batailles industrielles qui traversent le front occidental.<\/p>\n<p>Pourtant, si Carl Gustav Jung, rest\u00e9 en pays neutre, n&rsquo;a pas particip\u00e9 aux combats,&nbsp; il n&rsquo;en demeure pas moins travers\u00e9 par un puissant processus d&rsquo;introspection. Sa syst\u00e9mique psychologique s&rsquo;en trouvera transform\u00e9e.<\/p>\n<p>Mon objectif est de montrer que la Grande Guerre a fortement model\u00e9 le processus int\u00e9rieur dont Jung est l&rsquo;objet. Et que ce qui le traverse est partag\u00e9 par nombre de ses contemporains.<\/p>\n<p><a id=\"junger\"><\/a>Ainsi, en 1920, Ernst J\u00fcnger, contemporain de Jung, publie <em>Orages d\u2019acier<\/em>, livre qui d\u00e9crit au jour le jour son exp\u00e9rience physique des combats sur les champs de bataille de la Grande Guerre.<\/p>\n<p>En 1922, il reconsid\u00e8re son exp\u00e9rience d&rsquo;un point de vue int\u00e9rioris\u00e9. C\u2019est l\u2019occasion pour lui de r\u00e9flexions profondes sur l\u2019impact du combat sur un plan psychologique :<\/p>\n<blockquote><p>\u00ab\u00a0L\u2019horreur entre elle-aussi dans le cercle des \u00e9motions d\u00e8s longtemps enfouies au plus profond de nous-m\u00eames, pour ressurgir avec une force \u00e9l\u00e9mentaire lors de formidables secousses. Il est rare que l\u2019homme moderne entende bruire ses ailes noires autour de son front \u00e9lev\u00e9.<\/p>\n<p>Pour l\u2019homme primitif, elle \u00e9tait la constante et invisible compagne de ses courses par les immensit\u00e9s des steppes vides.\u00a0\u00bb<br \/>\nErnst J\u00fcnger, <em>La guerre comme exp\u00e9rience int\u00e9rieure, page<\/em> 42<\/p><\/blockquote>\n<p>Selon ses visions, la guerre ram\u00e8ne l\u2019homme moderne \u00e0 ses origines. Le combattant est imparablement reli\u00e9 aux puissances archa\u00efques. J\u00fcnger \u00e9voque alors le r\u00e9veil int\u00e9rieur de l\u2019homme civilis\u00e9:<\/p>\n<blockquote><p>\u00ab\u00a0Au combat, qui d\u00e9pouille l\u2019homme de toutes conventions comme des loques rapi\u00e9c\u00e9es d\u2019un mendiant, la b\u00eate se fait jour, monstre myst\u00e9rieux resurgi des tr\u00e9fonds de l\u2019\u00e2me.\u00a0\u00bb<br \/>\nOp cit, page 38<\/p><\/blockquote>\n<p>Pass\u00e9 par le prisme du combat, l\u2019homme moderne est ainsi ramen\u00e9 \u00e0 sa propre nudit\u00e9.<\/p>\n<p>J\u00fcnger insiste sur la violente prise de conscience de la brutalit\u00e9 int\u00e9rieure provoqu\u00e9e par la guerre. Surtout, il reconsid\u00e8re l&rsquo;importance du psychologique sur le physique, et sa reformulation en t\u00e9moigne.<\/p>\n<h2>L&rsquo;homme moderne r\u00e9v\u00e9l\u00e9 par la guerre \u00e0 la brutalit\u00e9 de sa nature<\/h2>\n<p>Ce processus de <em>reformulation<\/em> se retrouve chez nombre de contemporains de J\u00fcnger. Dans de nombreuses \u0153uvres artistiques et litt\u00e9raires de diff\u00e9rents pays europ\u00e9ens<a href=\"#_ftn4\" name=\"_ftnref4\">[1]<\/a> apparaissent les lignes de force d&rsquo;une prise de conscience g\u00e9n\u00e9ralis\u00e9e, en particulier :<\/p>\n<ul>\n<li>l\u2019accentuation de l\u2019importance de la r\u00e9alit\u00e9 int\u00e9rieure vis-\u00e0-vis de la r\u00e9alit\u00e9 ext\u00e9rieure \u2013 v\u00e9ritable changement de paradigme ;<\/li>\n<li>les antith\u00e8ses marquant la fracture entre l\u2019homme moderne et l\u2019homme primitif ;<\/li>\n<li>les hyperboles relatives au chaos et \u00e0 la puissance propre du monde ext\u00e9rieur refl\u00e9t\u00e9 dans le bouleversement int\u00e9rieur.<\/li>\n<\/ul>\n<p>Ces similitudes, partag\u00e9es avec d\u2019autres \u0153uvres de l\u2019\u00e9poque, laissent penser que la Grande Guerre a amorc\u00e9 un vaste processus de reformulation dans les syst\u00e8mes intellectuels des ann\u00e9es 1900-1930.<\/p>\n<p>Dans cette perspective, la guerre se r\u00e9v\u00e8le comme une matrice \u00e0 travers laquelle la culture se reforme.<\/p>\n<p>On consid\u00e8re traditionnellement comme un outsider. Je postule qu&rsquo;il appartient \u00e0 son \u00e9poque, sans lui renier l&rsquo;originalit\u00e9 et la profondeur avec lesquelles ils donnent forme \u00e0 son \u0153uvre unique.<\/p>\n<h2>Le t\u00e9moignage de Jung \u00e0 partir du Livre Rouge<\/h2>\n<p>L\u2019\u0153uvre de Carl Gustav Jung passe par un processus similaire durant cette p\u00e9riode fondatrice, de 1913 \u00e0 1928. Le <a href=\"https:\/\/www.cgjung.net\/livrerouge\/\">Livre Rouge<\/a> en t\u00e9moigne de fa\u00e7on embl\u00e9matique.<\/p>\n<p>Fruit d\u2019un impressionnant travail d\u2019introspection et de cr\u00e9ation, ce document, tant dans son contenu que dans son \u00e9laboration, prend naissance dans les ann\u00e9es qui pr\u00e9c\u00e8dent la Grande Guerre&nbsp;:<\/p>\n<blockquote><p>\u00ab\u00a0\u00c0 partir de 1913, Jung s\u2019engagea dans un processus d\u2019auto-exp\u00e9rimentation qu\u2019il nomma sa <em>confrontation<\/em> avec l\u2019inconscient\u00a0\u00bb<a href=\"#_ftn6\" name=\"_ftnref6\"><sup>[2]<\/sup><\/a>.<\/p><\/blockquote>\n<p>Comme le montre Sonu Shamdasani, les cons\u00e9quences de cette <em>confrontation<\/em> m\u00e8neront aux perspectives nouvelles que C.G. Jung donnera \u00e0 sa syst\u00e9mique psychologique<a href=\"#_ftn7\" name=\"_ftnref7\">[3]<\/a> et \u00e0 sa vision de l\u2019humain, \u00e0 savoir:<\/p>\n<ul>\n<li>La finalit\u00e9 de la psychoth\u00e9rapie deviendra pour Jung un travail d\u2019<em>individuation ;<br \/>\n<\/em><\/li>\n<li>La dynamique de <em>confrontation<\/em> prendra au sein de son syst\u00e8me une importance capitale.<\/li>\n<\/ul>\n<h2>L&rsquo;importance de la Grande Guerre dans l\u2019\u0153uvre jungienne<\/h2>\n<p>Dans ce vaste processus de refonte syst\u00e9mique, l\u2019importance historique de la Grande Guerre dans l\u2019\u0153uvre jungienne m\u00e9rite qu\u2019on s\u2019y attarde<a href=\"#_ftn8\" name=\"_ftnref8\">[4]<\/a>.<\/p>\n<p>Mon approche est d\u2019autant plus motiv\u00e9e que la publication du <em>Livre Rouge<\/em> a rendu possible de l\u2019aborder sur un plan holistique.<\/p>\n<p>En effet, cette publication permet \u00e0 pr\u00e9sent de faire dialoguer les pans \u00ab\u00a0officiels\u00a0\u00bb et les pans \u00ab\u00a0secrets\u00a0\u00bb de l&rsquo;\u0153uvre de Jung.<\/p>\n<p>Sous cet angle de vue panoramique, une \u0153uvre vari\u00e9e se r\u00e9v\u00e8le, ouverte au-del\u00e0 du champ psychologique. L&rsquo;ensemble offre de vastes perspectives anthropologiques, historiques, litt\u00e9raires, stylistiques et mystiques.<a href=\"#_ftn-6\" name=\"_ftnref-6\">[6]<\/a><\/p>\n<p>Mon hypoth\u00e8se cherche \u00e0 revisiter l\u2019impact de l\u2019histoire dans l\u2019\u0153uvre jungienne<a href=\"#_ftn9\" name=\"_ftnref9\">[5]<\/a>. Selon moi, plus qu&rsquo;un arri\u00e8re-plan historique, la Premi\u00e8re Guerre mondiale a jou\u00e9 un r\u00f4le doublement important:<\/p>\n<ul>\n<li>Elle donne sens \u00e0 la crise personnelle et scientifique de C.G. Jung ;<\/li>\n<li>Elle joue le r\u00f4le de catalyseur pour des notions d\u00e9terminantes de sa syst\u00e9mique.<\/li>\n<\/ul>\n<p>Cet impact \u00e9vident semble \u00eatre relativement discret, voire minime, dans l&rsquo;interpr\u00e9tation traditionnelle de l\u2019\u0153uvre de Jung.<\/p>\n<h2>Minimisation de l&rsquo;impact de la Grande Guerre dans l\u2019\u0153uvre de Jung<\/h2>\n<p>Les raisons&nbsp; de cette minimisation sont \u00e0 chercher sous diff\u00e9rents angles.<\/p>\n<p>Tout d&rsquo;abord, l\u2019\u00e9pisode embl\u00e9matique de la rupture avec Sigmund Freud a partiellement \u00e9clips\u00e9 l\u2019importance de l&rsquo;histoire dans la construction du nouvel \u00e9difice jungien qui allait se construire d\u00e8s 1913.<\/p>\n<p>S\u2019il est n\u00e9cessaire de reconna\u00eetre l&rsquo;importance de cette rupture sur le plan personnel et \u00e9pist\u00e9mologique, il faut se garder d\u2019y voir l\u2019unique source et impulsion dans la refonte th\u00e9orique et pratique de l\u2019\u0153uvre jungienne.<\/p>\n<h2>Relativiser les cons\u00e9quences de la rupture Freud \/ Jung<\/h2>\n<p>Dans la perspective traditionnelle, la rupture est pr\u00e9sent\u00e9e comme radicale. Elle prend une teinte embl\u00e9matique et oppose deux conceptions du monde<a href=\"#_ftn14\" name=\"_ftnref14\"><\/a>. L&rsquo;intensit\u00e9 de la crise que Jung traversera en 1913 est ainsi associ\u00e9e \u00e0 l&rsquo;intensit\u00e9 de la rupture qu&rsquo;il aura avec Freud dans les ann\u00e9es pr\u00e9c\u00e9dents le conflit mondial.<\/p>\n<p>Pourtant, lorsque l\u2019on s\u2019occupe de la gen\u00e8se et des enjeux r\u00e9els de ce conflit<a href=\"#_ftn13\" name=\"_ftnref13\">[7]<\/a>, on constate que:<\/p>\n<ul>\n<li>la rupture s&rsquo;av\u00e8re nuanc\u00e9e et complexe sur un plan psychologique ;<\/li>\n<li>la rupture est \u00e9tendue sur un plan temporel ;<a href=\"#_ftn13\" name=\"_ftnref13\"><\/a><\/li>\n<li>Freud et Jung ont contribu\u00e9, chacun \u00e0 leur mani\u00e8re, \u00e0 construire une vision manich\u00e9enne et dramatique de leurs dissensions.<\/li>\n<\/ul>\n<p>En particulier, il est judicieux de distinguer la rupture \u00ab\u00a0historique et \u00e9pist\u00e9mologique\u00a0\u00bb de la rupture \u00ab\u00a0narrativis\u00e9e\u00a0\u00bb dans le r\u00e9cit que C.G. Jung en fera. Cette dramatisation a d&rsquo;ailleurs \u00e9t\u00e9 remarquablement relev\u00e9e et analys\u00e9e par Christine Maillard :<\/p>\n<blockquote><p>\u00ab\u00a0S\u2019\u00e9crivant, le sujet construit une image de soi, et cet acte donateur de sens pour le sujet lui-m\u00eame, auquel il permet de reconstituer la coh\u00e9rence de son existence, est \u00e9galement dirig\u00e9 vers un public potentiel.\u00a0\u00bb<a href=\"#_ftn16\" name=\"_ftnref16\">[9]<\/a><\/p><\/blockquote>\n<p>Dans une perspective d&rsquo;histoire de la pens\u00e9e, il convient de revaloriser le facteur historique dans le processus de reformulation du syst\u00e8me jungien.<\/p>\n<h2>Jung tient ses lecteurs \u00e0 l&rsquo;\u00e9cart de l&rsquo;\u00e9poque historique<\/h2>\n<p>A ce titre, la mise en r\u00e9cit de son exp\u00e9rience peut expliquer que les lecteurs de Jung soient rest\u00e9s \u00e0 distance de l\u2019\u00e9poque historique.<\/p>\n<p>Dans le r\u00e9cit jungien, le but de la vie vise l\u2019individuation, \u00e0 savoir une \u00e9mancipation du contexte collectif pour trouver un Soi individu\u00e9.<\/p>\n<p>A la lecture du <em>mythe personnel<\/em> que l\u2019on retrouve <a href=\"https:\/\/www.cgjung.net\/oeuvre\/ma_vie.htm\">dans Ma vie<\/a>, il est tentant d\u2019oublier de s\u2019int\u00e9resser aux processus historiques en jeu durant l\u2019\u00e9poque concern\u00e9e. Pour reprendre C.G. Jung, cit\u00e9 par Ani\u00e9la Jaff\u00e9 :<\/p>\n<blockquote><p><a href=\"#_ftn18\" name=\"_ftnref18\"><\/a>\u00ab\u00a0Or le destin veut &#8211; comme il l&rsquo;a toujours voulu &#8211; que dans ma vie tout ce qui est ext\u00e9rieur soit accidentel et que seul ce qui est int\u00e9rieur ait une valeur substantielle et d\u00e9terminante.\u00a0\u00bb<br \/>\nLettre de Jung cit\u00e9e par Ani\u00e9la Jaff\u00e9, <a href=\"https:\/\/www.cgjung.net\/oeuvre\/ma_vie.htm\">Ma vie<\/a>, page 16<\/p><\/blockquote>\n<p>Dans cette perspective d\u2019individuation, tout autant que dans l\u2019esth\u00e9tique du r\u00e9cit jungien, l\u2019accentuation du monde int\u00e9rieur au d\u00e9pend des \u00e9v\u00e8nements ext\u00e9rieurs est un pilier fondamental.<\/p>\n<p>On comprend que les \u00e9l\u00e9ments ext\u00e9rieurs \u00ab\u00a0historiques\u00a0\u00bb aient \u00e9t\u00e9 minimis\u00e9s par rapports aux ph\u00e9nom\u00e8nes int\u00e9rieurs.<\/p>\n<p>Dans le cas du contexte de la Grande Guerre, tout fonctionne comme si Jung jouait sur le plan de l\u2019intime un conflit int\u00e9rieur fondateur <em>en parall\u00e8le<\/em> du conflit ext\u00e9rieur.<\/p>\n<p>Sous cet angle de lecture:<\/p>\n<ul>\n<li>la Premi\u00e8re Guerre mondiale est un ancrage dramatique<\/li>\n<li>il est possible de s\u00e9parer le conflit que C.G. Jung traverse sur un plan individuel de la crise collective \u00ab\u00a0ext\u00e9rieure\u00a0\u00bb dans laquelle l&rsquo;Europe se d\u00e9chire.<\/li>\n<\/ul>\n<p>Cette lecture m\u00e9rite d&rsquo;\u00eatre revisit\u00e9e. Selon moi, la Grande Guerre est un catalyseur dynamique et essentiel pour l\u2019\u0153uvre jungienne. Cette hypoth\u00e8se sera la base de ces articles, et la m\u00e9thode sera d&rsquo;analyser les imbrications entre l&rsquo;\u00e9volution de l&rsquo;histoire culturelle et les m\u00e9tamorphoses de la pens\u00e9e psychologique de Carl Gustav Jung.<\/p>\n<p style=\"text-align: center;\"><a class=\"buttonv navigation\" href=\"https:\/\/www.cgjung.net\/espace\/accueil\/pascal-chauvie\/limpact-grande-guerre-sur-carl-gustav-jung\/\">Article suivant<\/a><\/p>\n<p><strong>Notes<\/strong><\/p>\n<p><a href=\"#_ftnref4\" name=\"_ftn4\">[1]<\/a> Par exemple chez Blaise Cendrars et Otto Dix&nbsp;: \u00ab&nbsp;La guerre a radicalement chang\u00e9 la fonction et les possibilit\u00e9s du langage [\u2026]&nbsp;: d\u2019une r\u00e9alit\u00e9 ext\u00e9rieure, collective, on passe \u00e0 une r\u00e9alit\u00e9 int\u00e9rieure et individuelle.&nbsp;\u00bb Voir Pascal Chauvie, \u00ab De la guerre \u00e0 <em>La Guerre<\/em> : R\u00e9flexions sur l\u2019\u00e9volution du langage chez Otto Dix et Blaise Cendrars \u00bb in <em>Les images en Guerre ; 1914-1945&nbsp;; De la Suisse \u00e0 l&rsquo;Europe<\/em> (Dir. Fran\u00e7ois Vallotton et Philippe Kaenel), 2006, pp. 71-89, p. 89.<\/p>\n<p><a href=\"#_ftnref6\" name=\"_ftn6\">[2]<\/a> Shamdasani Sonu, \u00ab&nbsp;Des n\u00e9vroses \u00e0 une nouvelle cure des \u00e2mes&nbsp;: Carl Gustav Jung et la refonte du patient th\u00e9rapeutique&nbsp;\u00bb, <em>Cahiers jungiens de psychanalyse<\/em>, 2017\/2 (N\u00b0 146), p. 10.<\/p>\n<p><a href=\"#_ftnref7\" name=\"_ftn7\">[3]<\/a> Que l\u2019on retrouve dans un texte charni\u00e8re de 1928. Jung Carl Gustav, <a href=\"https:\/\/www.cgjung.net\/espace\/ressources\/structure-ame\/\"><em>La Structure de l\u2019\u00e2me<\/em><\/a>. L\u2019Esprit du Temps, 2013.<\/p>\n<p><a href=\"#_ftnref8\" name=\"_ftn8\">[4]<\/a> On trouve cependant dans plusieurs travaux une approche faisant la part belle \u00e0 l\u2019ancrage historique. Voir Florent Serina, \u00ab J\u2019ai eu connaissance par le journal ; Synchronicit\u00e9 et actualit\u00e9s\u00bb in <em>Les Cahiers Jungiens de Psychanalyse<\/em>, 2013\/1, n\u00b0137, p. 15-25. Et voir Douville Olivier, \u00ab Des psychanalystes sous la premi\u00e8re guerre mondiale : de la n\u00e9vrose traumatique \u00e0 la folie traumatique \u00bb in <em>Groupes d\u2019\u00e9tudes de psychologie<\/em>, 2014\/3, n\u00b0531, p. 237-251.<\/p>\n<p><a href=\"#_ftnref9\" name=\"_ftn9\">[5]<\/a> Ceci est d\u2019autant plus motiv\u00e9 qu\u2019au renouveau historiographique sur l\u2019\u0153uvre de Jung s\u2019ajoute un renouveau historiographique sur la p\u00e9riode 1900-1914 et sur l\u2019impact du conflit mondial sur la civilisation europ\u00e9enne. Les ouvrages historiques cit\u00e9s plus avant en t\u00e9moignent.<\/p>\n<p><a href=\"#_ftnref-6\" name=\"_ftn-6\">[6]<\/a>&nbsp;A ce renouveau historiographique dans l\u2019\u0153uvre de C.G. Jung correspond aussi, par ailleurs, un renouveau historiographique dans l\u2019approche de la p\u00e9riode pr\u00e9c\u00e9dant la Grande Guerre en histoire. Ainsi m\u00eal\u00e9e, ces deux approches peuvent faire na\u00eetre des id\u00e9es rafra\u00eechissantes et dynamisantes.<\/p>\n<p><a href=\"#_ftnref13\" name=\"_ftn13\">[7]<\/a> Pour une approche actuelle et document\u00e9e, voir Serina Florent, \u00ab&nbsp;La question du r\u00eave comme point de rupture entre l&rsquo;\u00c9cole de Zurich et Sigmund Freud&nbsp;\u00bb, <em>Cahiers jungiens de psychanalyse<\/em>, 2013\/2 (N\u00b0 138), p. 21-40. Voir \u00e9galement Martin-Vallas Fran\u00e7ois, \u00ab&nbsp;Quelques remarques \u00e0 propos de la th\u00e9orie des arch\u00e9types et de son \u00e9pist\u00e9mologie&nbsp;\u00bb, <a href=\"https:\/\/www.cgjung.net\/publications\/revue-psychologie-analytique\/index.htm\"><em>Revue de Psychologie Analytique<\/em>, 2013\/1 (n\u00b0 1)<\/a>, p. 99-134. \u00c9galement tr\u00e8s \u00e9clairant, dans cette m\u00eame revue, Martin-Vallas Fran\u00e7ois, \u00ab Une pr\u00e9face \u00e0 \u00ab <a href=\"https:\/\/www.cgjung.net\/espace\/ressources\/structure-ame\/\">La structure de l&rsquo;\u00e2me<\/a> \u00bb de C.G. Jung \u00bb, p. 163-176.<\/p>\n<p><a href=\"#_ftnref15\" name=\"_ftn15\">[8]<\/a> Une telle diff\u00e9rence me fait penser aux oppositions entre Voltaire et Rousseau, dans le contexte du Si\u00e8cle des Lumi\u00e8res, aboutissant \u00e0 deux visions du monde radicalement oppos\u00e9e, en tous les cas dans le r\u00e9cit \u00ab\u00a0traditionnel\u00a0\u00bb de leur opposition. Une lecture attentive des processus de leur rupture et de leurs divergences r\u00e9elles montre \u00e9galement des nuances sur les plans \u00e9pist\u00e9mologiques et temporels.<\/p>\n<p><a href=\"#_ftnref16\" name=\"_ftn16\"><\/a><a href=\"#_ftnref16\" name=\"_ftn16\">[9]<\/a> Maillard Christine, \u00ab\u00a0Le livre de Madame Jaff\u00e9 \u00a0\u00bb Ma vie de C.G. Jung : rem\u00e9moration, l\u00e9gitimation, monumentalisation \u00bb, <em>Cahiers jungiens de psychanalyse<\/em>, 2002\/2 (n\u00b0 104), p. 79-97, p.80.<\/p>\n<p><a href=\"https:\/\/www.cgjung.net\/contact.htm\"><strong>Adresser un message \u00e0 Pascal Chauvie<\/strong><\/a><\/p>\n<p>&nbsp;<\/p>\n<h2>Pascal Chauvie<\/h2>\n<p><img loading=\"lazy\" decoding=\"async\" class=\"alignright size-full wp-image-14381\" src=\"https:\/\/www.cgjung.net\/espace\/wp-content\/uploads\/2020\/09\/pascal-chauvie.jpg\" alt=\"\" width=\"150\" height=\"179\" \/><\/p>\n<p>De son premier nom Juan Carlos Per\u00e9z, <strong>Pascal Chauvie<\/strong> est n\u00e9 \u00e0 Cali en Colombie en 1981. Il est adopt\u00e9 en Suisse et s\u2019int\u00e9resse \u00e0 l\u2019\u0153uvre de Carl Gustav Jung en lisant <a href=\"https:\/\/www.cgjung.net\/oeuvre\/decouverte_ame.htm\">L\u2019homme \u00e0 la d\u00e9couverte de son \u00e2me<\/a> en 2007.<\/p>\n<p>Riche de son exp\u00e9rience d\u2019historien, d\u2019enseignant, de conf\u00e9rencier, de policier, il s\u2019int\u00e9resse \u00e0 l\u2019histoire de la pens\u00e9e, \u00e0 l\u2019analyse des processus culturels, et surtout \u00e0 la dynamique du r\u00eave.<\/p>\n<p>Certifi\u00e9 en 2020 par l\u2019Institut Carl Gustav Jung de Z\u00fcrich, il publie d\u00e9sormais des textes originaux favorisant une approche holistique et inspirante de l\u2019\u0153uvre jungienne.<\/p>\n\n","protected":false},"excerpt":{"rendered":"<p>Durant la Premi\u00e8re Guerre mondiale (1914-1918), Carl Gustav Jung se confronte \u00e0 son inconscient, exp\u00e9rience qu&rsquo;il a consign\u00e9e dans le Livre rouge. Durant cette p\u00e9riode, l&lsquo;impact de la Grande Guerre sur son \u0153uvre a \u00e9t\u00e9 tr\u00e8s largement sous estim\u00e9. Pascal Chauvie Carl Gustav Jung (\u00e0 gauche), Ch\u00e2teau-d&rsquo;Oex, Suisse \u00a9 Mus\u00e9e du Pays-d&rsquo;Enhaut L&rsquo;impact de la [&hellip;]<\/p>\n","protected":false},"author":7,"featured_media":0,"parent":14261,"menu_order":0,"comment_status":"closed","ping_status":"closed","template":"","meta":{"footnotes":""},"class_list":["post-14291","page","type-page","status-publish","hentry"],"_links":{"self":[{"href":"https:\/\/www.cgjung.net\/espace\/wp-json\/wp\/v2\/pages\/14291","targetHints":{"allow":["GET"]}}],"collection":[{"href":"https:\/\/www.cgjung.net\/espace\/wp-json\/wp\/v2\/pages"}],"about":[{"href":"https:\/\/www.cgjung.net\/espace\/wp-json\/wp\/v2\/types\/page"}],"author":[{"embeddable":true,"href":"https:\/\/www.cgjung.net\/espace\/wp-json\/wp\/v2\/users\/7"}],"replies":[{"embeddable":true,"href":"https:\/\/www.cgjung.net\/espace\/wp-json\/wp\/v2\/comments?post=14291"}],"version-history":[{"count":59,"href":"https:\/\/www.cgjung.net\/espace\/wp-json\/wp\/v2\/pages\/14291\/revisions"}],"predecessor-version":[{"id":15545,"href":"https:\/\/www.cgjung.net\/espace\/wp-json\/wp\/v2\/pages\/14291\/revisions\/15545"}],"up":[{"embeddable":true,"href":"https:\/\/www.cgjung.net\/espace\/wp-json\/wp\/v2\/pages\/14261"}],"wp:attachment":[{"href":"https:\/\/www.cgjung.net\/espace\/wp-json\/wp\/v2\/media?parent=14291"}],"curies":[{"name":"wp","href":"https:\/\/api.w.org\/{rel}","templated":true}]}}